{"id":6937,"date":"2022-10-27T17:16:19","date_gmt":"2022-10-27T15:16:19","guid":{"rendered":"https:\/\/mudia.be\/?page_id=6937"},"modified":"2026-03-31T16:09:09","modified_gmt":"2026-03-31T14:09:09","slug":"mudia-musee-d-art-contemporain-ludique-en-belgique-exposition-attractions-interactives","status":"publish","type":"page","link":"https:\/\/mudia.be\/en\/mudia-musee-d-art-contemporain-ludique-en-belgique-exposition-attractions-interactives\/","title":{"rendered":"EVENTS"},"content":{"rendered":"<div data-elementor-type=\"wp-page\" data-elementor-id=\"6937\" class=\"elementor elementor-6937\" data-elementor-post-type=\"page\">\n\t\t\t\t\t\t<section class=\"elementor-section elementor-top-section elementor-element elementor-element-7ebc895 elementor-section-boxed elementor-section-height-default elementor-section-height-default\" data-id=\"7ebc895\" data-element_type=\"section\">\n\t\t\t\t\t\t<div class=\"elementor-container elementor-column-gap-default\">\n\t\t\t\t\t<div class=\"elementor-column elementor-col-100 elementor-top-column elementor-element elementor-element-106cb2e\" data-id=\"106cb2e\" data-element_type=\"column\">\n\t\t\t<div class=\"elementor-widget-wrap elementor-element-populated\">\n\t\t\t\t\t\t<div class=\"elementor-element elementor-element-c11f5bd elementor-widget elementor-widget-spacer\" data-id=\"c11f5bd\" data-element_type=\"widget\" data-widget_type=\"spacer.default\">\n\t\t\t\t<div class=\"elementor-widget-container\">\n\t\t\t<style>\/*! elementor - v3.21.0 - 26-05-2024 *\/\n.elementor-column .elementor-spacer-inner{height:var(--spacer-size)}.e-con{--container-widget-width:100%}.e-con-inner>.elementor-widget-spacer,.e-con>.elementor-widget-spacer{width:var(--container-widget-width,var(--spacer-size));--align-self:var(--container-widget-align-self,initial);--flex-shrink:0}.e-con-inner>.elementor-widget-spacer>.elementor-widget-container,.e-con>.elementor-widget-spacer>.elementor-widget-container{height:100%;width:100%}.e-con-inner>.elementor-widget-spacer>.elementor-widget-container>.elementor-spacer,.e-con>.elementor-widget-spacer>.elementor-widget-container>.elementor-spacer{height:100%}.e-con-inner>.elementor-widget-spacer>.elementor-widget-container>.elementor-spacer>.elementor-spacer-inner,.e-con>.elementor-widget-spacer>.elementor-widget-container>.elementor-spacer>.elementor-spacer-inner{height:var(--container-widget-height,var(--spacer-size))}.e-con-inner>.elementor-widget-spacer.elementor-widget-empty,.e-con>.elementor-widget-spacer.elementor-widget-empty{position:relative;min-height:22px;min-width:22px}.e-con-inner>.elementor-widget-spacer.elementor-widget-empty .elementor-widget-empty-icon,.e-con>.elementor-widget-spacer.elementor-widget-empty .elementor-widget-empty-icon{position:absolute;top:0;bottom:0;left:0;right:0;margin:auto;padding:0;width:22px;height:22px}<\/style>\t\t<div class=\"elementor-spacer\">\n\t\t\t<div class=\"elementor-spacer-inner\"><\/div>\n\t\t<\/div>\n\t\t\t\t<\/div>\n\t\t\t\t<\/div>\n\t\t\t\t<div class=\"elementor-element elementor-element-4c156d4 elementor-widget elementor-widget-heading\" data-id=\"4c156d4\" data-element_type=\"widget\" data-widget_type=\"heading.default\">\n\t\t\t\t<div class=\"elementor-widget-container\">\n\t\t\t<style>\/*! elementor - v3.21.0 - 26-05-2024 *\/\n.elementor-heading-title{padding:0;margin:0;line-height:1}.elementor-widget-heading .elementor-heading-title[class*=elementor-size-]>a{color:inherit;font-size:inherit;line-height:inherit}.elementor-widget-heading .elementor-heading-title.elementor-size-small{font-size:15px}.elementor-widget-heading .elementor-heading-title.elementor-size-medium{font-size:19px}.elementor-widget-heading .elementor-heading-title.elementor-size-large{font-size:29px}.elementor-widget-heading .elementor-heading-title.elementor-size-xl{font-size:39px}.elementor-widget-heading .elementor-heading-title.elementor-size-xxl{font-size:59px}<\/style><h1 class=\"elementor-heading-title elementor-size-default\">EVENTS<\/h1>\t\t<\/div>\n\t\t\t\t<\/div>\n\t\t\t\t<div class=\"elementor-element elementor-element-12faa72 elementor-widget elementor-widget-spacer\" data-id=\"12faa72\" data-element_type=\"widget\" data-widget_type=\"spacer.default\">\n\t\t\t\t<div class=\"elementor-widget-container\">\n\t\t\t\t\t<div class=\"elementor-spacer\">\n\t\t\t<div class=\"elementor-spacer-inner\"><\/div>\n\t\t<\/div>\n\t\t\t\t<\/div>\n\t\t\t\t<\/div>\n\t\t\t\t\t<\/div>\n\t\t<\/div>\n\t\t\t\t\t<\/div>\n\t\t<\/section>\n\t\t\t\t<section class=\"elementor-section elementor-top-section elementor-element elementor-element-92534b8 elementor-section-boxed elementor-section-height-default elementor-section-height-default\" data-id=\"92534b8\" data-element_type=\"section\">\n\t\t\t\t\t\t<div class=\"elementor-container elementor-column-gap-default\">\n\t\t\t\t\t<div class=\"elementor-column elementor-col-100 elementor-top-column elementor-element elementor-element-b01d3a5\" data-id=\"b01d3a5\" data-element_type=\"column\">\n\t\t\t<div class=\"elementor-widget-wrap elementor-element-populated\">\n\t\t\t\t\t\t<div class=\"elementor-element elementor-element-d90ec92 elementor-widget elementor-widget-heading\" data-id=\"d90ec92\" data-element_type=\"widget\" data-widget_type=\"heading.default\">\n\t\t\t\t<div class=\"elementor-widget-container\">\n\t\t\t<h2 class=\"elementor-heading-title elementor-size-default\">\u00c0 venir...<\/h2>\t\t<\/div>\n\t\t\t\t<\/div>\n\t\t\t\t\t<\/div>\n\t\t<\/div>\n\t\t\t\t\t<\/div>\n\t\t<\/section>\n\t\t\t\t<section class=\"elementor-section elementor-top-section elementor-element elementor-element-d275217 elementor-section-boxed elementor-section-height-default elementor-section-height-default\" data-id=\"d275217\" data-element_type=\"section\">\n\t\t\t\t\t\t<div class=\"elementor-container elementor-column-gap-default\">\n\t\t\t\t\t<div class=\"elementor-column elementor-col-50 elementor-top-column elementor-element elementor-element-7f75482\" data-id=\"7f75482\" data-element_type=\"column\">\n\t\t\t<div class=\"elementor-widget-wrap elementor-element-populated\">\n\t\t\t\t\t\t<div class=\"elementor-element elementor-element-cbca02d elementor-widget elementor-widget-image\" data-id=\"cbca02d\" data-element_type=\"widget\" data-widget_type=\"image.default\">\n\t\t\t\t<div class=\"elementor-widget-container\">\n\t\t\t<style>\/*! elementor - v3.21.0 - 26-05-2024 *\/\n.elementor-widget-image{text-align:center}.elementor-widget-image a{display:inline-block}.elementor-widget-image a img[src$=\".svg\"]{width:48px}.elementor-widget-image img{vertical-align:middle;display:inline-block}<\/style>\t\t\t\t\t\t\t\t\t\t<img fetchpriority=\"high\" decoding=\"async\" width=\"1024\" height=\"1024\" src=\"https:\/\/mudia.be\/wp-content\/uploads\/2026\/03\/MUDIA-AD-11-3-1024x1024.png\" class=\"attachment-large size-large wp-image-9008\" alt=\"Un week-end pour les enseignants est organis\u00e9 au Mudia.\" srcset=\"https:\/\/mudia.be\/wp-content\/uploads\/2026\/03\/MUDIA-AD-11-3-1024x1024.png 1024w, https:\/\/mudia.be\/wp-content\/uploads\/2026\/03\/MUDIA-AD-11-3-300x300.png 300w, https:\/\/mudia.be\/wp-content\/uploads\/2026\/03\/MUDIA-AD-11-3-150x150.png 150w, https:\/\/mudia.be\/wp-content\/uploads\/2026\/03\/MUDIA-AD-11-3-768x768.png 768w, https:\/\/mudia.be\/wp-content\/uploads\/2026\/03\/MUDIA-AD-11-3-12x12.png 12w, https:\/\/mudia.be\/wp-content\/uploads\/2026\/03\/MUDIA-AD-11-3-100x100.png 100w, https:\/\/mudia.be\/wp-content\/uploads\/2026\/03\/MUDIA-AD-11-3-350x350.png 350w, https:\/\/mudia.be\/wp-content\/uploads\/2026\/03\/MUDIA-AD-11-3-650x650.png 650w, https:\/\/mudia.be\/wp-content\/uploads\/2026\/03\/MUDIA-AD-11-3-500x500.png 500w, https:\/\/mudia.be\/wp-content\/uploads\/2026\/03\/MUDIA-AD-11-3-415x415.png 415w, https:\/\/mudia.be\/wp-content\/uploads\/2026\/03\/MUDIA-AD-11-3-250x250.png 250w, https:\/\/mudia.be\/wp-content\/uploads\/2026\/03\/MUDIA-AD-11-3.png 1080w\" sizes=\"(max-width: 1024px) 100vw, 1024px\" \/>\t\t\t\t\t\t\t\t\t\t\t\t\t<\/div>\n\t\t\t\t<\/div>\n\t\t\t\t<div class=\"elementor-element elementor-element-ecab7cb elementor-widget__width-initial elementor-widget elementor-widget-text-editor\" data-id=\"ecab7cb\" data-element_type=\"widget\" data-widget_type=\"text-editor.default\">\n\t\t\t\t<div class=\"elementor-widget-container\">\n\t\t\t<style>\/*! elementor - v3.21.0 - 26-05-2024 *\/\n.elementor-widget-text-editor.elementor-drop-cap-view-stacked .elementor-drop-cap{background-color:#69727d;color:#fff}.elementor-widget-text-editor.elementor-drop-cap-view-framed .elementor-drop-cap{color:#69727d;border:3px solid;background-color:transparent}.elementor-widget-text-editor:not(.elementor-drop-cap-view-default) .elementor-drop-cap{margin-top:8px}.elementor-widget-text-editor:not(.elementor-drop-cap-view-default) .elementor-drop-cap-letter{width:1em;height:1em}.elementor-widget-text-editor .elementor-drop-cap{float:left;text-align:center;line-height:1;font-size:50px}.elementor-widget-text-editor .elementor-drop-cap-letter{display:inline-block}<\/style>\t\t\t\t<h3 style=\"font-size: 16px;\"><span style=\"background-color: initial; color: var(--gt-heading-color); font-family: 'Darker Grotesque'; font-size: 1.5rem;\">Informations pratiques sur la matin\u00e9e de pr\u00e9sentation :<\/span><\/h3><ul><li>9h : Petit-d\u00e9jeuner convivial au Mudia Caf\u00e9<\/li><li>9h30 : Pr\u00e9sentation de notre offre scolaire et d\u00e9couverte des nouveaux carnets\u00a0p\u00e9dagogiques<\/li><li>10h15 : Animation type \u00ab offre scolaire primaire \u00bb au sein du mus\u00e9e, accompagn\u00e9e\u00a0par une guide.\u00a0<\/li><\/ul><p>L&rsquo;accent sera mis, lors de la pr\u00e9sentation sur l\u2019enseignement primaire. Les enseignants du secondaire sont \u00e9videmment les bienvenus, et pourront aussi en\u00a0apprendre davantage sur l\u2019offre concernant leurs classes.<\/p>\t\t\t\t\t\t<\/div>\n\t\t\t\t<\/div>\n\t\t\t\t\t<\/div>\n\t\t<\/div>\n\t\t\t\t<div class=\"elementor-column elementor-col-50 elementor-top-column elementor-element elementor-element-bf5358c\" data-id=\"bf5358c\" data-element_type=\"column\">\n\t\t\t<div class=\"elementor-widget-wrap elementor-element-populated\">\n\t\t\t\t\t\t<div class=\"elementor-element elementor-element-5238be8 elementor-widget elementor-widget-text-editor\" data-id=\"5238be8\" data-element_type=\"widget\" data-widget_type=\"text-editor.default\">\n\t\t\t\t<div class=\"elementor-widget-container\">\n\t\t\t\t\t\t\t<p><em style=\"font-size: inherit;\">Les samedi 18&nbsp; &amp; dimanche 19 avril 2026<\/em><\/p>\n<h1>Week-end prof<\/h1>\n<div>\n<h4 data-start=\"1006\" data-end=\"1137\"><strong>Le Mudia invite tous les enseignants&nbsp;<br><\/strong><strong style=\"font-size: 2.25rem;\">\u00e0 visiter gratuitement le mus\u00e9e !<\/strong><span style=\"font-size: 2.25rem;\">&nbsp;<\/span><\/h4>\n<p data-start=\"1006\" data-end=\"1137\">Durant l&rsquo;hiver, nous avons enti\u00e8rement revu notre offre scolaire afin de mieux r\u00e9pondre aux nouvelles attentes de la F\u00e9d\u00e9ration Wallonie-Bruxelles.<\/p>\n<p data-start=\"1139\" data-end=\"1283\">Visites, supports p\u00e9dagogiques et outils ont \u00e9t\u00e9 repens\u00e9s pour \u00eatre align\u00e9s avec les attentes du PECA (Parcours&nbsp;d&rsquo;Education Culturelle et Artistique).&nbsp;<\/p>\n<p data-start=\"1139\" data-end=\"1283\">Pour permettre aux enseignants de la d\u00e9couvrir concr\u00e8tement, nous organisons <span style=\"text-decoration: underline;\"><strong>une journ\u00e9e d\u00e9di\u00e9e le 18 avril<\/strong><strong> et offrons l&rsquo;entr\u00e9e au mus\u00e9e tout le week-end<\/strong> <\/span>aux professeurs (sur pr\u00e9sentation de la carte enseignant).<\/p>\n<p>Le samedi 18 avril, nous organisons une matin\u00e9e de pr\u00e9sentation aux professeurs. Celle-ci est <b>gratuite et accessible sur r\u00e9servation<\/b>, par mail, \u00e0 info@mudia.be<\/p>\n<\/div>\t\t\t\t\t\t<\/div>\n\t\t\t\t<\/div>\n\t\t\t\t\t<\/div>\n\t\t<\/div>\n\t\t\t\t\t<\/div>\n\t\t<\/section>\n\t\t\t\t<section class=\"elementor-section elementor-top-section elementor-element elementor-element-aca5e1e elementor-section-boxed elementor-section-height-default elementor-section-height-default\" data-id=\"aca5e1e\" data-element_type=\"section\">\n\t\t\t\t\t\t<div class=\"elementor-container elementor-column-gap-default\">\n\t\t\t\t\t<div class=\"elementor-column elementor-col-100 elementor-top-column elementor-element elementor-element-3982af1\" data-id=\"3982af1\" data-element_type=\"column\">\n\t\t\t<div class=\"elementor-widget-wrap\">\n\t\t\t\t\t\t\t<\/div>\n\t\t<\/div>\n\t\t\t\t\t<\/div>\n\t\t<\/section>\n\t\t\t\t<section class=\"elementor-section elementor-top-section elementor-element elementor-element-9d7100b elementor-section-boxed elementor-section-height-default elementor-section-height-default\" data-id=\"9d7100b\" data-element_type=\"section\">\n\t\t\t\t\t\t<div class=\"elementor-container elementor-column-gap-default\">\n\t\t\t\t\t<div class=\"elementor-column elementor-col-100 elementor-top-column elementor-element elementor-element-e3f54de\" data-id=\"e3f54de\" data-element_type=\"column\">\n\t\t\t<div class=\"elementor-widget-wrap elementor-element-populated\">\n\t\t\t\t\t\t<div class=\"elementor-element elementor-element-24fcc55 elementor-widget elementor-widget-heading\" data-id=\"24fcc55\" data-element_type=\"widget\" data-widget_type=\"heading.default\">\n\t\t\t\t<div class=\"elementor-widget-container\">\n\t\t\t<h2 class=\"elementor-heading-title elementor-size-default\">Pass\u00e9s...<\/h2>\t\t<\/div>\n\t\t\t\t<\/div>\n\t\t\t\t\t<\/div>\n\t\t<\/div>\n\t\t\t\t\t<\/div>\n\t\t<\/section>\n\t\t\t\t<section class=\"elementor-section elementor-top-section elementor-element elementor-element-d191d79 elementor-section-boxed elementor-section-height-default elementor-section-height-default\" data-id=\"d191d79\" data-element_type=\"section\">\n\t\t\t\t\t\t<div class=\"elementor-container elementor-column-gap-default\">\n\t\t\t\t\t<div class=\"elementor-column elementor-col-50 elementor-top-column elementor-element elementor-element-6246e3b\" data-id=\"6246e3b\" data-element_type=\"column\">\n\t\t\t<div class=\"elementor-widget-wrap elementor-element-populated\">\n\t\t\t\t\t\t<div class=\"elementor-element elementor-element-3e4e2f3 elementor-widget__width-initial elementor-widget elementor-widget-image\" data-id=\"3e4e2f3\" data-element_type=\"widget\" data-widget_type=\"image.default\">\n\t\t\t\t<div class=\"elementor-widget-container\">\n\t\t\t\t\t\t\t\t\t\t\t\t\t<img decoding=\"async\" width=\"1024\" height=\"1024\" src=\"https:\/\/mudia.be\/wp-content\/uploads\/2026\/02\/Image-Post-visite-7-mars-1024x1024.jpg\" class=\"attachment-large size-large wp-image-8871\" alt=\"Entre Ma\u00eetre et Muse, le r\u00f4le des femmes dans l&#039;histoire de l&#039;art. Visite guid\u00e9e du 7 mars 2026\" srcset=\"https:\/\/mudia.be\/wp-content\/uploads\/2026\/02\/Image-Post-visite-7-mars-1024x1024.jpg 1024w, https:\/\/mudia.be\/wp-content\/uploads\/2026\/02\/Image-Post-visite-7-mars-300x300.jpg 300w, https:\/\/mudia.be\/wp-content\/uploads\/2026\/02\/Image-Post-visite-7-mars-150x150.jpg 150w, https:\/\/mudia.be\/wp-content\/uploads\/2026\/02\/Image-Post-visite-7-mars-768x768.jpg 768w, https:\/\/mudia.be\/wp-content\/uploads\/2026\/02\/Image-Post-visite-7-mars-12x12.jpg 12w, https:\/\/mudia.be\/wp-content\/uploads\/2026\/02\/Image-Post-visite-7-mars-100x100.jpg 100w, https:\/\/mudia.be\/wp-content\/uploads\/2026\/02\/Image-Post-visite-7-mars-350x350.jpg 350w, https:\/\/mudia.be\/wp-content\/uploads\/2026\/02\/Image-Post-visite-7-mars-650x650.jpg 650w, https:\/\/mudia.be\/wp-content\/uploads\/2026\/02\/Image-Post-visite-7-mars-500x500.jpg 500w, https:\/\/mudia.be\/wp-content\/uploads\/2026\/02\/Image-Post-visite-7-mars-415x415.jpg 415w, https:\/\/mudia.be\/wp-content\/uploads\/2026\/02\/Image-Post-visite-7-mars-250x250.jpg 250w, https:\/\/mudia.be\/wp-content\/uploads\/2026\/02\/Image-Post-visite-7-mars.jpg 1080w\" sizes=\"(max-width: 1024px) 100vw, 1024px\" \/>\t\t\t\t\t\t\t\t\t\t\t\t\t<\/div>\n\t\t\t\t<\/div>\n\t\t\t\t<div class=\"elementor-element elementor-element-ce819de elementor-widget elementor-widget-text-editor\" data-id=\"ce819de\" data-element_type=\"widget\" data-widget_type=\"text-editor.default\">\n\t\t\t\t<div class=\"elementor-widget-container\">\n\t\t\t\t\t\t\t<h3 style=\"font-size: 16px;\"><span style=\"background-color: initial; color: var(--gt-heading-color); font-family: 'Darker Grotesque'; font-size: 1.5rem;\">Informations pratiques :<\/span><\/h3><ul><li><span style=\"font-size: inherit; background-color: var(--gt-background-color);\">Le samedi 7 mars 2026 \u00e0 10h30\u00a0<\/span><\/li><li><span style=\"font-size: inherit; background-color: var(--gt-background-color);\">Tarif : 20 \u20ac (entr\u00e9e au mus\u00e9e + visite guid\u00e9e)\u00a0\u00a0<br \/><strong><span style=\"text-decoration: underline;\">\u26a0\ufe0f 1 entr\u00e9e achet\u00e9e = 1 entr\u00e9e offerte \u00e0 l\u2019invit\u00e9e de votre choix ! <\/span><\/strong><\/span><\/li><li><span style=\"background-color: var(--gt-background-color); font-size: inherit;\">R\u00e9servation via <\/span><span style=\"text-decoration: underline;\"><strong><a href=\"https:\/\/mudia-pos.odoo.com\/event\/visite-guidee-entre-maitre-et-muse-8\/register\">la billetterie du Mudia<\/a><\/strong><\/span><\/li><\/ul>\t\t\t\t\t\t<\/div>\n\t\t\t\t<\/div>\n\t\t\t\t\t<\/div>\n\t\t<\/div>\n\t\t\t\t<div class=\"elementor-column elementor-col-50 elementor-top-column elementor-element elementor-element-d2f8ef7\" data-id=\"d2f8ef7\" data-element_type=\"column\">\n\t\t\t<div class=\"elementor-widget-wrap elementor-element-populated\">\n\t\t\t\t\t\t<div class=\"elementor-element elementor-element-0c26e07 elementor-widget elementor-widget-text-editor\" data-id=\"0c26e07\" data-element_type=\"widget\" data-widget_type=\"text-editor.default\">\n\t\t\t\t<div class=\"elementor-widget-container\">\n\t\t\t\t\t\t\t<p><em>Le samedi 7 mars 2026<\/em><\/p><h1>Entre Ma\u00eetre et Muse<\/h1><div><h5><span style=\"text-decoration: underline;\"><strong>1<\/strong><strong> entr\u00e9e achet\u00e9e = 1 entr\u00e9e offerte \u00e0 l\u2019invit\u00e9e de votre choix !<\/strong><\/span><\/h5><p><span style=\"font-size: 1rem;\">\u00c0 la veille de la <strong>Journ\u00e9e internationale des droits des femmes<\/strong>,\u00a0Venez d\u00e9couvrir avec notre guide, Marie-Elizabeth van Rijckevorsel, l&rsquo;histoire des femmes dans le monde de l&rsquo;art.\u00a0<\/span><\/p><p><span style=\"font-size: 1rem;\"> La visite \u201cEntre Ma\u00eetre et Muse\u201d explore leur r\u00f4le souvent m\u00e9connu dans l\u2019histoire de l\u2019art et met en valeur les oeuvres originales des artistes f\u00e9minines du Mudia.\u00a0<\/span><\/p><p>La femme a \u00e9t\u00e9 tr\u00e8s souvent une source d&rsquo;inspiration pour les artistes de diff\u00e9rentes \u00e9poques : saintes, muses, mod\u00e8les, mamans&#8230;\u00a0 Mais en tant qu&rsquo;artistes, elles ont eu beaucoup de mal \u00e0 se faire une place au sein des collections priv\u00e9es et des mus\u00e9es. La guide mettra en valeur les \u0153uvres des artistes f\u00e9minines du Mudia.<\/p><\/div>\t\t\t\t\t\t<\/div>\n\t\t\t\t<\/div>\n\t\t\t\t\t<\/div>\n\t\t<\/div>\n\t\t\t\t\t<\/div>\n\t\t<\/section>\n\t\t\t\t<section class=\"elementor-section elementor-top-section elementor-element elementor-element-11b5299 elementor-section-boxed elementor-section-height-default elementor-section-height-default\" data-id=\"11b5299\" data-element_type=\"section\">\n\t\t\t\t\t\t<div class=\"elementor-container elementor-column-gap-default\">\n\t\t\t\t\t<div class=\"elementor-column elementor-col-100 elementor-top-column elementor-element elementor-element-3de7974\" data-id=\"3de7974\" data-element_type=\"column\">\n\t\t\t<div class=\"elementor-widget-wrap elementor-element-populated\">\n\t\t\t\t\t\t<section class=\"elementor-section elementor-inner-section elementor-element elementor-element-85faca5 elementor-section-boxed elementor-section-height-default elementor-section-height-default\" data-id=\"85faca5\" data-element_type=\"section\">\n\t\t\t\t\t\t<div class=\"elementor-container elementor-column-gap-default\">\n\t\t\t\t\t<div class=\"elementor-column elementor-col-50 elementor-inner-column elementor-element elementor-element-7a66f04\" data-id=\"7a66f04\" data-element_type=\"column\">\n\t\t\t<div class=\"elementor-widget-wrap elementor-element-populated\">\n\t\t\t\t\t\t<div class=\"elementor-element elementor-element-458eb37 elementor-widget__width-initial elementor-widget elementor-widget-image\" data-id=\"458eb37\" data-element_type=\"widget\" data-widget_type=\"image.default\">\n\t\t\t\t<div class=\"elementor-widget-container\">\n\t\t\t\t\t\t\t\t\t\t\t\t\t<img decoding=\"async\" width=\"1024\" height=\"1024\" src=\"https:\/\/mudia.be\/wp-content\/uploads\/2026\/02\/MUDIA-AD-11-1-1024x1024.png\" class=\"attachment-large size-large wp-image-8859\" alt=\"L&#039;Amour est dans le mus\u00e9e ce 14 f\u00e9vrier 2026\" srcset=\"https:\/\/mudia.be\/wp-content\/uploads\/2026\/02\/MUDIA-AD-11-1-1024x1024.png 1024w, https:\/\/mudia.be\/wp-content\/uploads\/2026\/02\/MUDIA-AD-11-1-300x300.png 300w, https:\/\/mudia.be\/wp-content\/uploads\/2026\/02\/MUDIA-AD-11-1-150x150.png 150w, https:\/\/mudia.be\/wp-content\/uploads\/2026\/02\/MUDIA-AD-11-1-768x768.png 768w, https:\/\/mudia.be\/wp-content\/uploads\/2026\/02\/MUDIA-AD-11-1-1536x1536.png 1536w, https:\/\/mudia.be\/wp-content\/uploads\/2026\/02\/MUDIA-AD-11-1-12x12.png 12w, https:\/\/mudia.be\/wp-content\/uploads\/2026\/02\/MUDIA-AD-11-1-100x100.png 100w, https:\/\/mudia.be\/wp-content\/uploads\/2026\/02\/MUDIA-AD-11-1-350x350.png 350w, https:\/\/mudia.be\/wp-content\/uploads\/2026\/02\/MUDIA-AD-11-1-650x650.png 650w, https:\/\/mudia.be\/wp-content\/uploads\/2026\/02\/MUDIA-AD-11-1-500x500.png 500w, https:\/\/mudia.be\/wp-content\/uploads\/2026\/02\/MUDIA-AD-11-1-415x415.png 415w, https:\/\/mudia.be\/wp-content\/uploads\/2026\/02\/MUDIA-AD-11-1-250x250.png 250w, https:\/\/mudia.be\/wp-content\/uploads\/2026\/02\/MUDIA-AD-11-1.png 1755w\" sizes=\"(max-width: 1024px) 100vw, 1024px\" \/>\t\t\t\t\t\t\t\t\t\t\t\t\t<\/div>\n\t\t\t\t<\/div>\n\t\t\t\t<div class=\"elementor-element elementor-element-42a534f elementor-widget elementor-widget-text-editor\" data-id=\"42a534f\" data-element_type=\"widget\" data-widget_type=\"text-editor.default\">\n\t\t\t\t<div class=\"elementor-widget-container\">\n\t\t\t\t\t\t\t<h3 style=\"font-size: 16px;\"><span style=\"background-color: initial; color: var(--gt-heading-color); font-family: 'Darker Grotesque'; font-size: 1.5rem;\">Informations pratiques :<\/span><\/h3>\n<ul>\n<li><span style=\"font-size: inherit; background-color: var(--gt-background-color);\">Le samedi 14 f\u00e9vrier 2026 \u00e0 15h&nbsp;<\/span><\/li>\n<li><span style=\"font-size: inherit; background-color: var(--gt-background-color);\">Tarif : Personne qui invite : 20 \u20ac (entr\u00e9e au mus\u00e9e + visite guid\u00e9e) | Homme invit\u00e9 : gratuit<br><\/span><\/li>\n<li><span style=\"background-color: var(--gt-background-color); font-size: inherit;\">R\u00e9servation via <\/span><span style=\"text-decoration: underline;\"><strong><a href=\"https:\/\/mudia-pos.odoo.com\/event\/visite-guidee-saint-valentin-6\/register\">la billetterie du Mudia<\/a><\/strong><\/span><\/li>\n<\/ul>\t\t\t\t\t\t<\/div>\n\t\t\t\t<\/div>\n\t\t\t\t\t<\/div>\n\t\t<\/div>\n\t\t\t\t<div class=\"elementor-column elementor-col-50 elementor-inner-column elementor-element elementor-element-7b77fef\" data-id=\"7b77fef\" data-element_type=\"column\">\n\t\t\t<div class=\"elementor-widget-wrap elementor-element-populated\">\n\t\t\t\t\t\t<div class=\"elementor-element elementor-element-74c5c69 elementor-widget elementor-widget-text-editor\" data-id=\"74c5c69\" data-element_type=\"widget\" data-widget_type=\"text-editor.default\">\n\t\t\t\t<div class=\"elementor-widget-container\">\n\t\t\t\t\t\t\t<p><em>Le samedi 14 f\u00e9vrier 2026<\/em><\/p><h1>L&rsquo;amour est dans le mus\u00e9e\u00a0<\/h1><div class=\"xdj266r x14z9mp xat24cr x1lziwak x1vvkbs\"><strong>Pour la Saint-Valentin, invitez votre homme au mus\u00e9e, \ud835\ude00\ud835\uddfc\ud835\uddfb \ud835\uddf2\ud835\uddfb\ud835\ude01\ud835\uddff\ud835\uddf2\u0301\ud835\uddf2 \ud835\ude00\ud835\uddf2\ud835\uddff\ud835\uddee \ud835\uddf4\ud835\uddff\ud835\uddee\ud835\ude01\ud835\ude02\ud835\uddf6\ud835\ude01\ud835\uddf2 !\u00a0<\/strong><\/div><div>\u00a0<\/div><div class=\"x14z9mp xat24cr x1lziwak x1vvkbs xtlvy1s\">Les statistiques le montrent : les hommes fr\u00e9quentent moins souvent les mus\u00e9es. Au Mudia, on aime casser les codes et rendre l&rsquo;art accessible \u00e0 toutes et tous.<\/div><div>\u00a0<\/div><div class=\"x14z9mp xat24cr x1lziwak x1vvkbs xtlvy1s\">\u00c0 l&rsquo;occasion de la Saint-Valentin, nous vous proposons une \ud835\ude03\ud835\uddf6\ud835\ude00\ud835\uddf6\ud835\ude01\ud835\uddf2 \ud835\uddf4\ud835\ude02\ud835\uddf6\ud835\uddf1\ud835\uddf2\u0301\ud835\uddf2 \ud835\uddf9\ud835\ude02\ud835\uddf1\ud835\uddf6\ud835\uddfe\ud835\ude02\ud835\uddf2 \ud835\ude00\ud835\ude02\ud835\uddff \ud835\uddf9\ud835\uddf2 \ud835\ude01\ud835\uddf5\ud835\uddf2\u0300\ud835\uddfa\ud835\uddf2 \ud835\uddf1\ud835\uddf2 \ud835\uddf9&rsquo;\ud835\uddee\ud835\uddfa\ud835\uddfc\ud835\ude02\ud835\uddff \ud835\uddf1\ud835\uddee\ud835\uddfb\ud835\ude00 \ud835\uddf9&rsquo;\ud835\uddee\ud835\uddff\ud835\ude01.<\/div>\t\t\t\t\t\t<\/div>\n\t\t\t\t<\/div>\n\t\t\t\t\t<\/div>\n\t\t<\/div>\n\t\t\t\t\t<\/div>\n\t\t<\/section>\n\t\t\t\t<section class=\"elementor-section elementor-inner-section elementor-element elementor-element-48a9203 elementor-section-boxed elementor-section-height-default elementor-section-height-default\" data-id=\"48a9203\" data-element_type=\"section\">\n\t\t\t\t\t\t<div class=\"elementor-container elementor-column-gap-default\">\n\t\t\t\t\t<div class=\"elementor-column elementor-col-50 elementor-inner-column elementor-element elementor-element-68dc52f\" data-id=\"68dc52f\" data-element_type=\"column\">\n\t\t\t<div class=\"elementor-widget-wrap elementor-element-populated\">\n\t\t\t\t\t\t<div class=\"elementor-element elementor-element-f27f44d elementor-widget__width-initial elementor-widget elementor-widget-image\" data-id=\"f27f44d\" data-element_type=\"widget\" data-widget_type=\"image.default\">\n\t\t\t\t<div class=\"elementor-widget-container\">\n\t\t\t\t\t\t\t\t\t\t\t\t\t<img loading=\"lazy\" decoding=\"async\" width=\"1024\" height=\"1024\" src=\"https:\/\/mudia.be\/wp-content\/uploads\/2025\/10\/MUDIA-AD-11-1024x1024.jpg\" class=\"attachment-large size-large wp-image-8676\" alt=\"A la d\u00e9couverte d&#039;une quinzaine d&#039;oeuvres du Mudia sur le th\u00e8me de la peur.\" srcset=\"https:\/\/mudia.be\/wp-content\/uploads\/2025\/10\/MUDIA-AD-11-1024x1024.jpg 1024w, https:\/\/mudia.be\/wp-content\/uploads\/2025\/10\/MUDIA-AD-11-300x300.jpg 300w, https:\/\/mudia.be\/wp-content\/uploads\/2025\/10\/MUDIA-AD-11-150x150.jpg 150w, https:\/\/mudia.be\/wp-content\/uploads\/2025\/10\/MUDIA-AD-11-768x768.jpg 768w, https:\/\/mudia.be\/wp-content\/uploads\/2025\/10\/MUDIA-AD-11-12x12.jpg 12w, https:\/\/mudia.be\/wp-content\/uploads\/2025\/10\/MUDIA-AD-11-100x100.jpg 100w, https:\/\/mudia.be\/wp-content\/uploads\/2025\/10\/MUDIA-AD-11-350x350.jpg 350w, https:\/\/mudia.be\/wp-content\/uploads\/2025\/10\/MUDIA-AD-11-650x650.jpg 650w, https:\/\/mudia.be\/wp-content\/uploads\/2025\/10\/MUDIA-AD-11-500x500.jpg 500w, https:\/\/mudia.be\/wp-content\/uploads\/2025\/10\/MUDIA-AD-11-415x415.jpg 415w, https:\/\/mudia.be\/wp-content\/uploads\/2025\/10\/MUDIA-AD-11-250x250.jpg 250w, https:\/\/mudia.be\/wp-content\/uploads\/2025\/10\/MUDIA-AD-11.jpg 1485w\" sizes=\"(max-width: 1024px) 100vw, 1024px\" \/>\t\t\t\t\t\t\t\t\t\t\t\t\t<\/div>\n\t\t\t\t<\/div>\n\t\t\t\t<div class=\"elementor-element elementor-element-dbcf479 elementor-widget elementor-widget-text-editor\" data-id=\"dbcf479\" data-element_type=\"widget\" data-widget_type=\"text-editor.default\">\n\t\t\t\t<div class=\"elementor-widget-container\">\n\t\t\t\t\t\t\t<h3 style=\"font-size: 16px;\"><span style=\"background-color: initial; color: var(--gt-heading-color); font-family: 'Darker Grotesque'; font-size: 1.5rem;\">Informations pratiques :<\/span><\/h3><ul><li><span style=\"font-size: inherit; background-color: var(--gt-background-color);\">Le samedi 25 octobre \u00e0 14h<\/span><\/li><li><span style=\"font-size: inherit; background-color: var(--gt-background-color);\">Tarif : adulte 15,50 \u20ac | enfant 8,50 \u20ac<br \/><\/span><\/li><li><span style=\"background-color: var(--gt-background-color); font-size: inherit;\">R\u00e9servation via <\/span><span style=\"text-decoration: underline;\"><strong><a href=\"https:\/\/mudia-pos.odoo.com\/event\/animation-en-famille-apprivoiser-la-peur-3\/register\">la billetterie du Mudia<\/a><\/strong><\/span><\/li><\/ul>\t\t\t\t\t\t<\/div>\n\t\t\t\t<\/div>\n\t\t\t\t\t<\/div>\n\t\t<\/div>\n\t\t\t\t<div class=\"elementor-column elementor-col-50 elementor-inner-column elementor-element elementor-element-2385988\" data-id=\"2385988\" data-element_type=\"column\">\n\t\t\t<div class=\"elementor-widget-wrap elementor-element-populated\">\n\t\t\t\t\t\t<div class=\"elementor-element elementor-element-92e9c1d elementor-widget elementor-widget-text-editor\" data-id=\"92e9c1d\" data-element_type=\"widget\" data-widget_type=\"text-editor.default\">\n\t\t\t\t<div class=\"elementor-widget-container\">\n\t\t\t\t\t\t\t<p><em>Le samedi 25 octobre 2025<\/em><\/p><h1>Apprivoiser la peur<\/h1><h5><b style=\"font-size: inherit; background-color: var(--gt-background-color);\">Rendez-vous au Mudia pour une visite guid\u00e9e th\u00e9matique et familiale d\u00e9di\u00e9e \u00e0 la peur.<\/b><\/h5><p>Et si la peur n&rsquo;\u00e9tait pas toujours une ennemie?<br \/>Guid\u00e9s par Anne-C\u00e9cile, partez \u00e0 la d\u00e9couverte d\u2019une quinzaine d\u2019\u0153uvres qui explorent cette \u00e9motion universelle, ses raisons, ses exc\u00e8s, mais aussi ses bons c\u00f4t\u00e9s.<\/p><p>Entre r\u00e9cits, images et \u00e9changes, on apprend \u00e0 regarder la peur en face, \u00e0 comprendre son utilit\u00e9 et \u00e0 en rire parfois. Une visite familiale vivante, bienveillante et pleine de d\u00e9couvertes accessible d\u00e8s 5 ans.<\/p>\t\t\t\t\t\t<\/div>\n\t\t\t\t<\/div>\n\t\t\t\t\t<\/div>\n\t\t<\/div>\n\t\t\t\t\t<\/div>\n\t\t<\/section>\n\t\t\t\t<section class=\"elementor-section elementor-inner-section elementor-element elementor-element-edea150 elementor-section-boxed elementor-section-height-default elementor-section-height-default\" data-id=\"edea150\" data-element_type=\"section\">\n\t\t\t\t\t\t<div class=\"elementor-container elementor-column-gap-default\">\n\t\t\t\t\t<div class=\"elementor-column elementor-col-50 elementor-inner-column elementor-element elementor-element-bd7fa54 elementor-hidden-desktop elementor-hidden-tablet elementor-hidden-mobile\" data-id=\"bd7fa54\" data-element_type=\"column\">\n\t\t\t<div class=\"elementor-widget-wrap elementor-element-populated\">\n\t\t\t\t\t\t<div class=\"elementor-element elementor-element-41f1c52 elementor-widget__width-initial elementor-hidden-desktop elementor-hidden-tablet elementor-hidden-mobile elementor-widget elementor-widget-image\" data-id=\"41f1c52\" data-element_type=\"widget\" data-widget_type=\"image.default\">\n\t\t\t\t<div class=\"elementor-widget-container\">\n\t\t\t\t\t\t\t\t\t\t\t\t\t<img loading=\"lazy\" decoding=\"async\" width=\"1024\" height=\"536\" src=\"https:\/\/mudia.be\/wp-content\/uploads\/2024\/07\/Mudia-Banner_ArtBelge-LIGHT2-1024x536.jpg\" class=\"attachment-large size-large wp-image-8482\" alt=\"L&#039;Art belge, tr\u00e8s pr\u00e9sent au Mudia, mis en avant \u00e0 l&#039;occasion de visites th\u00e9matiques.\" srcset=\"https:\/\/mudia.be\/wp-content\/uploads\/2024\/07\/Mudia-Banner_ArtBelge-LIGHT2-1024x536.jpg 1024w, https:\/\/mudia.be\/wp-content\/uploads\/2024\/07\/Mudia-Banner_ArtBelge-LIGHT2-300x157.jpg 300w, https:\/\/mudia.be\/wp-content\/uploads\/2024\/07\/Mudia-Banner_ArtBelge-LIGHT2-768x402.jpg 768w, https:\/\/mudia.be\/wp-content\/uploads\/2024\/07\/Mudia-Banner_ArtBelge-LIGHT2-1536x804.jpg 1536w, https:\/\/mudia.be\/wp-content\/uploads\/2024\/07\/Mudia-Banner_ArtBelge-LIGHT2-2048x1072.jpg 2048w, https:\/\/mudia.be\/wp-content\/uploads\/2024\/07\/Mudia-Banner_ArtBelge-LIGHT2-18x9.jpg 18w, https:\/\/mudia.be\/wp-content\/uploads\/2024\/07\/Mudia-Banner_ArtBelge-LIGHT2-415x217.jpg 415w, https:\/\/mudia.be\/wp-content\/uploads\/2024\/07\/Mudia-Banner_ArtBelge-LIGHT2-650x340.jpg 650w, https:\/\/mudia.be\/wp-content\/uploads\/2024\/07\/Mudia-Banner_ArtBelge-LIGHT2-250x131.jpg 250w\" sizes=\"(max-width: 1024px) 100vw, 1024px\" \/>\t\t\t\t\t\t\t\t\t\t\t\t\t<\/div>\n\t\t\t\t<\/div>\n\t\t\t\t<div class=\"elementor-element elementor-element-a971cab elementor-hidden-desktop elementor-hidden-tablet elementor-hidden-mobile elementor-widget elementor-widget-text-editor\" data-id=\"a971cab\" data-element_type=\"widget\" data-widget_type=\"text-editor.default\">\n\t\t\t\t<div class=\"elementor-widget-container\">\n\t\t\t\t\t\t\t<h3 style=\"font-size: 16px;\"><span style=\"background-color: initial; color: var(--gt-heading-color); font-family: 'Darker Grotesque'; font-size: 1.5rem;\">Informations pratiques :<\/span><\/h3><ul><li><span style=\"font-size: inherit; background-color: var(--gt-background-color);\">Le samedi 20 juillet \u00e0 11h &amp; le dimanche 21 juillet \u00e0 15h<\/span><\/li><li><span style=\"font-size: inherit; background-color: var(--gt-background-color);\">Tarif : compris dans le ticket d&rsquo;entr\u00e9e pour le Mudia<br \/>! B\u00e9n\u00e9ficiez d&rsquo;une entr\u00e9e gratuite au Mudia gr\u00e2ce \u00e0 votre Museum Pass<\/span><\/li><li><span style=\"background-color: var(--gt-background-color); font-size: inherit;\">R\u00e9servation via <\/span><a href=\"mailto:info@mudia.be\">info@mudia.be<\/a> ou au 061 51 11 96\u00a0<\/li><\/ul>\t\t\t\t\t\t<\/div>\n\t\t\t\t<\/div>\n\t\t\t\t\t<\/div>\n\t\t<\/div>\n\t\t\t\t<div class=\"elementor-column elementor-col-50 elementor-inner-column elementor-element elementor-element-45f3efa elementor-hidden-desktop elementor-hidden-tablet elementor-hidden-mobile\" data-id=\"45f3efa\" data-element_type=\"column\">\n\t\t\t<div class=\"elementor-widget-wrap elementor-element-populated\">\n\t\t\t\t\t\t<div class=\"elementor-element elementor-element-70c34a4 elementor-hidden-desktop elementor-hidden-tablet elementor-hidden-mobile elementor-widget elementor-widget-text-editor\" data-id=\"70c34a4\" data-element_type=\"widget\" data-widget_type=\"text-editor.default\">\n\t\t\t\t<div class=\"elementor-widget-container\">\n\t\t\t\t\t\t\t<p><em>Le samedi 20 &amp; le dimanche 21 juillet 2024<\/em><\/p><h1>L&rsquo;art belge<\/h1><h5><b style=\"font-size: inherit; background-color: var(--gt-background-color);\">Rendez-vous au Mudia pour une visite guid\u00e9e th\u00e9matique d\u00e9di\u00e9e \u00e0 l&rsquo;art belge<\/b><\/h5><p>Le week-end du 21 juillet, le Mudia met l&rsquo;art belge \u00e0 l&rsquo;honneur ! Rendez-vous \u00e0 11h le samedi 20 et \u00e0 15h le dimanche 21 pour une visite \u00e0 travers les \u0153uvres et artistes belges. De Bruegel \u00e0 Herg\u00e9 en passant par Geluck ou Magritte.<\/p><p>\u00c0 ne pas manquer : une nouvelle \u0153uvre de l&rsquo;impressionniste belge Emile Clause sera int\u00e9gr\u00e9e au parcours du Mudia le samedi 20 lors de la visite !<\/p><p style=\"font-weight: 400;\">Et toute la journ\u00e9e, visiteurs et visiteuses pourront d\u00e9guster de d\u00e9licieuses gaufres au Mudia Caf\u00e9.<\/p>\t\t\t\t\t\t<\/div>\n\t\t\t\t<\/div>\n\t\t\t\t\t<\/div>\n\t\t<\/div>\n\t\t\t\t\t<\/div>\n\t\t<\/section>\n\t\t\t\t<section class=\"elementor-section elementor-inner-section elementor-element elementor-element-7b4d7fa elementor-hidden-desktop elementor-hidden-tablet elementor-hidden-mobile elementor-section-boxed elementor-section-height-default elementor-section-height-default\" data-id=\"7b4d7fa\" data-element_type=\"section\">\n\t\t\t\t\t\t<div class=\"elementor-container elementor-column-gap-default\">\n\t\t\t\t\t<div class=\"elementor-column elementor-col-50 elementor-inner-column elementor-element elementor-element-97ed6cf\" data-id=\"97ed6cf\" data-element_type=\"column\">\n\t\t\t<div class=\"elementor-widget-wrap elementor-element-populated\">\n\t\t\t\t\t\t<div class=\"elementor-element elementor-element-b4d7747 elementor-widget__width-initial elementor-widget elementor-widget-image\" data-id=\"b4d7747\" data-element_type=\"widget\" data-widget_type=\"image.default\">\n\t\t\t\t<div class=\"elementor-widget-container\">\n\t\t\t\t\t\t\t\t\t\t\t\t\t<img loading=\"lazy\" decoding=\"async\" width=\"1024\" height=\"1024\" src=\"https:\/\/mudia.be\/wp-content\/uploads\/2024\/03\/Events-1-1024x1024.jpg\" class=\"attachment-large size-large wp-image-8348\" alt=\"\" srcset=\"https:\/\/mudia.be\/wp-content\/uploads\/2024\/03\/Events-1-1024x1024.jpg 1024w, https:\/\/mudia.be\/wp-content\/uploads\/2024\/03\/Events-1-300x300.jpg 300w, https:\/\/mudia.be\/wp-content\/uploads\/2024\/03\/Events-1-150x150.jpg 150w, https:\/\/mudia.be\/wp-content\/uploads\/2024\/03\/Events-1-768x768.jpg 768w, https:\/\/mudia.be\/wp-content\/uploads\/2024\/03\/Events-1-12x12.jpg 12w, https:\/\/mudia.be\/wp-content\/uploads\/2024\/03\/Events-1-100x100.jpg 100w, https:\/\/mudia.be\/wp-content\/uploads\/2024\/03\/Events-1-350x350.jpg 350w, https:\/\/mudia.be\/wp-content\/uploads\/2024\/03\/Events-1-650x650.jpg 650w, https:\/\/mudia.be\/wp-content\/uploads\/2024\/03\/Events-1-500x500.jpg 500w, https:\/\/mudia.be\/wp-content\/uploads\/2024\/03\/Events-1-415x415.jpg 415w, https:\/\/mudia.be\/wp-content\/uploads\/2024\/03\/Events-1-250x250.jpg 250w, https:\/\/mudia.be\/wp-content\/uploads\/2024\/03\/Events-1.jpg 1080w\" sizes=\"(max-width: 1024px) 100vw, 1024px\" \/>\t\t\t\t\t\t\t\t\t\t\t\t\t<\/div>\n\t\t\t\t<\/div>\n\t\t\t\t<div class=\"elementor-element elementor-element-d93b677 elementor-widget elementor-widget-text-editor\" data-id=\"d93b677\" data-element_type=\"widget\" data-widget_type=\"text-editor.default\">\n\t\t\t\t<div class=\"elementor-widget-container\">\n\t\t\t\t\t\t\t<h3 style=\"font-size: 16px;\"><span style=\"background-color: initial; color: var(--gt-heading-color); font-family: 'Darker Grotesque'; font-size: 1.5rem;\">Informations pratiques :<\/span><\/h3><ul><li><span style=\"font-size: inherit; background-color: var(--gt-background-color);\">Le mercredi 8 mai (toute la journ\u00e9e durant les horaires d&rsquo;ouverture du mus\u00e9e, de 10h \u00e0 17h)<\/span><\/li><li>Tarif\u00a0<span style=\"font-size: inherit; background-color: var(--gt-background-color);\">: gratuit pour les enseignant\u00b7es, 8\u20ac pour les accompagnant\u00b7es<\/span><\/li><li><span style=\"font-size: inherit; background-color: var(--gt-background-color);\">R\u00e9servation via <a href=\"mailto:reservations@mudia.be\">reservations@mudia.be<\/a><\/span><\/li><\/ul>\t\t\t\t\t\t<\/div>\n\t\t\t\t<\/div>\n\t\t\t\t\t<\/div>\n\t\t<\/div>\n\t\t\t\t<div class=\"elementor-column elementor-col-50 elementor-inner-column elementor-element elementor-element-eb20967\" data-id=\"eb20967\" data-element_type=\"column\">\n\t\t\t<div class=\"elementor-widget-wrap elementor-element-populated\">\n\t\t\t\t\t\t<div class=\"elementor-element elementor-element-04bb0a1 elementor-widget elementor-widget-text-editor\" data-id=\"04bb0a1\" data-element_type=\"widget\" data-widget_type=\"text-editor.default\">\n\t\t\t\t<div class=\"elementor-widget-container\">\n\t\t\t\t\t\t\t<p><em>Le mercredi 8\/05 entre 10h et 17h<\/em><\/p><h1>Journ\u00e9e profs<\/h1><h5><b style=\"font-size: inherit; background-color: var(--gt-background-color);\">Le Mudia invite tous\u00b7tes les enseignant\u00b7es \u00e0 une visite gratuite !<\/b><\/h5><p>Le\u00a0<strong>Mudia<\/strong> est un mus\u00e9e qui a pour vocation de retracer sept si\u00e8cles d\u2019histoire de l\u2019art avec rien de moins que 300 oeuvres originales r\u00e9parties sur 1.000 m\u00b2 et 4 \u00e9tages. On y retrouve des tableaux, dessins ou sculptures de Bruegel, Rodin, Picasso, Giacometti ou Magritte ainsi qu\u2019une section bande dessin\u00e9e avec des originaux de Franquin, Herg\u00e9, Geluck ou Topor.<\/p><p style=\"font-weight: 400;\">Le <strong>Mudia\u00a0<\/strong>propose \u00e9galement lors de cette visite ludique et immersive 60 attractions parmi lesquelles\u00a0 30 \u00e9crans tactiles,\u00a0 une Marilyn Monroe \u00e9chapp\u00e9e du film\u00a0<em>Sept ans de r\u00e9flexion<\/em>, des statuettes baroques tournantes, audioguides,&#8230;.<\/p><p style=\"font-weight: 400;\">Afin de vous faire d\u00e9couvrir le<strong>\u00a0Mudia<\/strong>, que vous ne connaissez peut-\u00eatre pas encore, et surtout vous offrir la possibilit\u00e9 de le visiter gratuitement afin d\u2019en mesurer l\u2019int\u00e9r\u00eat et la pertinence pour y revenir avec vos \u00e9l\u00e8ves, nous vous proposons aussi un dossier p\u00e9dagogique.<\/p>\t\t\t\t\t\t<\/div>\n\t\t\t\t<\/div>\n\t\t\t\t\t<\/div>\n\t\t<\/div>\n\t\t\t\t\t<\/div>\n\t\t<\/section>\n\t\t\t\t<section class=\"elementor-section elementor-inner-section elementor-element elementor-element-db0e9a7 elementor-hidden-tablet elementor-hidden-mobile elementor-hidden-desktop elementor-section-boxed elementor-section-height-default elementor-section-height-default\" data-id=\"db0e9a7\" data-element_type=\"section\">\n\t\t\t\t\t\t<div class=\"elementor-container elementor-column-gap-default\">\n\t\t\t\t\t<div class=\"elementor-column elementor-col-50 elementor-inner-column elementor-element elementor-element-0807a22\" data-id=\"0807a22\" data-element_type=\"column\">\n\t\t\t<div class=\"elementor-widget-wrap elementor-element-populated\">\n\t\t\t\t\t\t<div class=\"elementor-element elementor-element-e1c22a5 elementor-widget__width-initial elementor-widget elementor-widget-image\" data-id=\"e1c22a5\" data-element_type=\"widget\" data-widget_type=\"image.default\">\n\t\t\t\t<div class=\"elementor-widget-container\">\n\t\t\t\t\t\t\t\t\t\t\t\t\t<img loading=\"lazy\" decoding=\"async\" width=\"724\" height=\"1024\" src=\"https:\/\/mudia.be\/wp-content\/uploads\/2023\/12\/Mudia-Affiche_ContesAuMusee_Noel-1-1-724x1024.png\" class=\"attachment-large size-large wp-image-8163\" alt=\"\" srcset=\"https:\/\/mudia.be\/wp-content\/uploads\/2023\/12\/Mudia-Affiche_ContesAuMusee_Noel-1-1-724x1024.png 724w, https:\/\/mudia.be\/wp-content\/uploads\/2023\/12\/Mudia-Affiche_ContesAuMusee_Noel-1-1-212x300.png 212w, https:\/\/mudia.be\/wp-content\/uploads\/2023\/12\/Mudia-Affiche_ContesAuMusee_Noel-1-1-768x1086.png 768w, https:\/\/mudia.be\/wp-content\/uploads\/2023\/12\/Mudia-Affiche_ContesAuMusee_Noel-1-1-1086x1536.png 1086w, https:\/\/mudia.be\/wp-content\/uploads\/2023\/12\/Mudia-Affiche_ContesAuMusee_Noel-1-1-1448x2048.png 1448w, https:\/\/mudia.be\/wp-content\/uploads\/2023\/12\/Mudia-Affiche_ContesAuMusee_Noel-1-1-8x12.png 8w, https:\/\/mudia.be\/wp-content\/uploads\/2023\/12\/Mudia-Affiche_ContesAuMusee_Noel-1-1-415x587.png 415w, https:\/\/mudia.be\/wp-content\/uploads\/2023\/12\/Mudia-Affiche_ContesAuMusee_Noel-1-1-650x919.png 650w, https:\/\/mudia.be\/wp-content\/uploads\/2023\/12\/Mudia-Affiche_ContesAuMusee_Noel-1-1-250x354.png 250w, https:\/\/mudia.be\/wp-content\/uploads\/2023\/12\/Mudia-Affiche_ContesAuMusee_Noel-1-1.png 1654w\" sizes=\"(max-width: 724px) 100vw, 724px\" \/>\t\t\t\t\t\t\t\t\t\t\t\t\t<\/div>\n\t\t\t\t<\/div>\n\t\t\t\t\t<\/div>\n\t\t<\/div>\n\t\t\t\t<div class=\"elementor-column elementor-col-50 elementor-inner-column elementor-element elementor-element-e660e1e\" data-id=\"e660e1e\" data-element_type=\"column\">\n\t\t\t<div class=\"elementor-widget-wrap elementor-element-populated\">\n\t\t\t\t\t\t<div class=\"elementor-element elementor-element-3b22198 elementor-widget elementor-widget-text-editor\" data-id=\"3b22198\" data-element_type=\"widget\" data-widget_type=\"text-editor.default\">\n\t\t\t\t<div class=\"elementor-widget-container\">\n\t\t\t\t\t\t\t<p>27<em> et 30 d\u00e9cembre 2023 &amp; 3 et 6 janvier 2024<\/em><\/p><h4>Un hiver sous le signe de la culture<\/h4><p><b>Cet hiver, le Mudia vous offre de la magie&#8230;<br \/><\/b><span style=\"font-size: inherit; background-color: var(--gt-background-color);\">Entre nature et culture, le Mudia vous invite dans son cocon pour \u00e9gayer les journ\u00e9es moroses de la saison hivernale. D\u00e9couvrez le mus\u00e9e qui vous fait vivre l\u2019art autrement \u00e0 l\u2019occasion d\u2019\u00e9v\u00e9nements en famille.\u00a0<\/span><\/p><p><span style=\"font-size: inherit; background-color: var(--gt-background-color);\">Au programme :\u00a0<br \/><\/span><span style=\"background-color: var(--gt-background-color); font-size: inherit;\"><b>Des ateliers artistiques pour les enfants<br \/><\/b><\/span><span style=\"font-size: inherit;\">Apr\u00e8s une visite guid\u00e9e du mus\u00e9e visant \u00e0 les inspirer, vos enfants pourront travailler leur imagination lors d&rsquo;un atelier cr\u00e9atif.<\/span><\/p>\t\t\t\t\t\t<\/div>\n\t\t\t\t<\/div>\n\t\t\t\t<div class=\"elementor-element elementor-element-2c5da06 elementor-widget elementor-widget-text-editor\" data-id=\"2c5da06\" data-element_type=\"widget\" data-widget_type=\"text-editor.default\">\n\t\t\t\t<div class=\"elementor-widget-container\">\n\t\t\t\t\t\t\t<p style=\"font-size: 16px;\"><span style=\"background-color: initial; color: var(--gt-heading-color); font-family: 'Darker Grotesque'; font-size: 1.5rem;\">Informations pratiques ateliers cr\u00e9atifs :<\/span><\/p><ul><li><span style=\"font-weight: 600; line-height: inherit;\">Dates et heure :<\/span>\u00a0l<span style=\"font-size: inherit; background-color: var(--gt-background-color);\">es mercredis 27 d\u00e9cembre et 3 janvier \u00e0 10h00<\/span><\/li><li><span style=\"font-weight: 600; line-height: inherit;\">Dur\u00e9e<\/span>\u00a0: Atelier : 2h<\/li><li><span style=\"font-weight: 600; line-height: inherit;\">Tarif\u00a0<\/span>: 20\u20ac\/enfant de 8 \u00e0 12 ans (visite comprise)<\/li><li><span style=\"font-weight: 600; line-height: inherit;\">Inscriptions<\/span>\u00a0via\u00a0<a style=\"transition-property: all;\" href=\"mailto:info@mudia.be\">info@mudia.be<\/a>\u00a0ou au +32 2 549 60 49<br \/><span style=\"color: #ff0000;\"><span style=\"font-weight: 600; line-height: inherit;\">Attention : places limit\u00e9es !<\/span><\/span><\/li><\/ul>\t\t\t\t\t\t<\/div>\n\t\t\t\t<\/div>\n\t\t\t\t<div class=\"elementor-element elementor-element-43399e9 elementor-widget elementor-widget-text-editor\" data-id=\"43399e9\" data-element_type=\"widget\" data-widget_type=\"text-editor.default\">\n\t\t\t\t<div class=\"elementor-widget-container\">\n\t\t\t\t\t\t\t<p><span style=\"font-size: inherit;\"><b>Des visites uniques avec notre conteuse pr\u00e9f\u00e9r\u00e9e<br \/><\/b><\/span><span style=\"font-size: inherit; background-color: var(--gt-background-color);\">Toute la famille est invit\u00e9e \u00e0 voyager avec la conteuse V\u00e9ronique de Miomandre lors d&rsquo;une visite comme vous n&rsquo;en n&rsquo;avez jamais v\u00e9cue. R\u00eaveries autoris\u00e9es !<\/span><\/p>\t\t\t\t\t\t<\/div>\n\t\t\t\t<\/div>\n\t\t\t\t<div class=\"elementor-element elementor-element-689db65 elementor-widget elementor-widget-text-editor\" data-id=\"689db65\" data-element_type=\"widget\" data-widget_type=\"text-editor.default\">\n\t\t\t\t<div class=\"elementor-widget-container\">\n\t\t\t\t\t\t\t<p style=\"font-size: 16px;\"><span style=\"background-color: initial; color: var(--gt-heading-color); font-family: 'Darker Grotesque'; font-size: 1.5rem;\">Informations pratiques visites cont\u00e9es :<\/span><\/p>\n\n<ul>\n \t<li><span style=\"font-weight: 600; line-height: inherit;\">Dates et heure :<\/span>\u00a0<span style=\"font-size: inherit; background-color: var(--gt-background-color);\">les samedis 30 d\u00e9cembre et 6 janvier \u00e0 15h00<\/span><\/li>\n \t<li><span style=\"font-weight: 600; line-height: inherit;\">Dur\u00e9e<\/span>\u00a0:\u00a01h30<\/li>\n \t<li><span style=\"font-weight: 600; line-height: inherit;\">Tarif\u00a0<\/span>:\u00a0Adulte : 17\u20ac &#8211; Enfant : 12\u20ac<\/li>\n \t<li><span style=\"font-weight: 600; line-height: inherit;\">Inscriptions<\/span>\u00a0via\u00a0<a style=\"transition-property: all;\" href=\"mailto:info@mudia.be\">info@mudia.be<\/a>\u00a0ou au +32 2 549 60 49\n<span style=\"color: #ff0000;\"><span style=\"font-weight: 600; line-height: inherit;\">Attention : places limit\u00e9es !<\/span><\/span><\/li>\n<\/ul>\t\t\t\t\t\t<\/div>\n\t\t\t\t<\/div>\n\t\t\t\t\t<\/div>\n\t\t<\/div>\n\t\t\t\t\t<\/div>\n\t\t<\/section>\n\t\t\t\t<section class=\"elementor-section elementor-inner-section elementor-element elementor-element-1904b21 elementor-hidden-tablet elementor-hidden-mobile elementor-hidden-desktop elementor-section-boxed elementor-section-height-default elementor-section-height-default\" data-id=\"1904b21\" data-element_type=\"section\">\n\t\t\t\t\t\t<div class=\"elementor-container elementor-column-gap-default\">\n\t\t\t\t\t<div class=\"elementor-column elementor-col-50 elementor-inner-column elementor-element elementor-element-abf25ae\" data-id=\"abf25ae\" data-element_type=\"column\">\n\t\t\t<div class=\"elementor-widget-wrap elementor-element-populated\">\n\t\t\t\t\t\t<div class=\"elementor-element elementor-element-ede6d1e elementor-widget__width-initial elementor-widget elementor-widget-image\" data-id=\"ede6d1e\" data-element_type=\"widget\" data-widget_type=\"image.default\">\n\t\t\t\t<div class=\"elementor-widget-container\">\n\t\t\t\t\t\t\t\t\t\t\t\t\t<img loading=\"lazy\" decoding=\"async\" width=\"989\" height=\"1024\" src=\"https:\/\/mudia.be\/wp-content\/uploads\/2023\/10\/Mudia-Affiche_ContesAuMusee-1-scaled-e1700833272844-989x1024.jpg\" class=\"attachment-large size-large wp-image-8073\" alt=\"\" srcset=\"https:\/\/mudia.be\/wp-content\/uploads\/2023\/10\/Mudia-Affiche_ContesAuMusee-1-scaled-e1700833272844-989x1024.jpg 989w, https:\/\/mudia.be\/wp-content\/uploads\/2023\/10\/Mudia-Affiche_ContesAuMusee-1-scaled-e1700833272844-290x300.jpg 290w, https:\/\/mudia.be\/wp-content\/uploads\/2023\/10\/Mudia-Affiche_ContesAuMusee-1-scaled-e1700833272844-768x795.jpg 768w, https:\/\/mudia.be\/wp-content\/uploads\/2023\/10\/Mudia-Affiche_ContesAuMusee-1-scaled-e1700833272844-1484x1536.jpg 1484w, https:\/\/mudia.be\/wp-content\/uploads\/2023\/10\/Mudia-Affiche_ContesAuMusee-1-scaled-e1700833272844-12x12.jpg 12w, https:\/\/mudia.be\/wp-content\/uploads\/2023\/10\/Mudia-Affiche_ContesAuMusee-1-scaled-e1700833272844-415x430.jpg 415w, https:\/\/mudia.be\/wp-content\/uploads\/2023\/10\/Mudia-Affiche_ContesAuMusee-1-scaled-e1700833272844-650x673.jpg 650w, https:\/\/mudia.be\/wp-content\/uploads\/2023\/10\/Mudia-Affiche_ContesAuMusee-1-scaled-e1700833272844-250x259.jpg 250w, https:\/\/mudia.be\/wp-content\/uploads\/2023\/10\/Mudia-Affiche_ContesAuMusee-1-scaled-e1700833272844.jpg 1809w\" sizes=\"(max-width: 989px) 100vw, 989px\" \/>\t\t\t\t\t\t\t\t\t\t\t\t\t<\/div>\n\t\t\t\t<\/div>\n\t\t\t\t\t<\/div>\n\t\t<\/div>\n\t\t\t\t<div class=\"elementor-column elementor-col-50 elementor-inner-column elementor-element elementor-element-ab2196d\" data-id=\"ab2196d\" data-element_type=\"column\">\n\t\t\t<div class=\"elementor-widget-wrap elementor-element-populated\">\n\t\t\t\t\t\t<div class=\"elementor-element elementor-element-9852647 elementor-widget elementor-widget-text-editor\" data-id=\"9852647\" data-element_type=\"widget\" data-widget_type=\"text-editor.default\">\n\t\t\t\t<div class=\"elementor-widget-container\">\n\t\t\t\t\t\t\t<p><em>4 &amp; 11 novembre<\/em><\/p>\n<h4>COMPLET !<br>Contes au Mus\u00e9e &#8211; 2e \u00e9dition<\/h4>\n<div>\u00c0 pleurer de rire !<\/div>\n<p><strong>D\u00e9couvrez la magie du Mudia avec des visites cont\u00e9es par V\u00e9ronique de Miomandre !<\/strong><\/p>\n<p>Suivez notre conteuse pr\u00e9f\u00e9r\u00e9e, qui&nbsp;vous guidera lors d\u2019une chasse aux sourires \u00e0 travers le parcours artistique du Mudia. Vous traverserez non seulement 7 si\u00e8cles d\u2019art et d\u2019histoires, mais \u00e9galement toute une palette d\u2019\u00e9motions. Rendez-vous au Mudia pour un voyage d\u00e9bordant d&rsquo;imagination !&nbsp;<\/p>\n<p><span style=\"background-color: initial; color: var(--gt-heading-color); font-family: 'Darker Grotesque'; font-size: 1.5rem;\">Informations pratiques :<\/span><\/p>\n<ul>\n<li><strong>Dates et heure : l<\/strong>es samedis 4 et 11 novembre \u00e0 15h00<\/li>\n<li><strong>Dur\u00e9e<\/strong> : 1h30<\/li>\n<li><strong>Tarif <\/strong>: Adulte : 17\u20ac | Enfant : 12\u20ac<\/li>\n<li><strong>Inscriptions<\/strong> via <a href=\"mailto:info@mudia.be\">info@mudia.be<\/a> ou au +32 2 549 60 49<br><span style=\"color: #ff0000;\"><strong>Attention : places limit\u00e9es !<\/strong><\/span><\/li>\n<\/ul>\t\t\t\t\t\t<\/div>\n\t\t\t\t<\/div>\n\t\t\t\t\t<\/div>\n\t\t<\/div>\n\t\t\t\t\t<\/div>\n\t\t<\/section>\n\t\t\t\t<div class=\"elementor-element elementor-element-8dbcc0c elementor-hidden-desktop elementor-hidden-tablet elementor-hidden-mobile elementor-widget elementor-widget-gallery\" data-id=\"8dbcc0c\" data-element_type=\"widget\" data-settings=\"{&quot;lazyload&quot;:&quot;yes&quot;,&quot;gallery_layout&quot;:&quot;grid&quot;,&quot;columns&quot;:4,&quot;columns_tablet&quot;:2,&quot;columns_mobile&quot;:1,&quot;gap&quot;:{&quot;unit&quot;:&quot;px&quot;,&quot;size&quot;:10,&quot;sizes&quot;:[]},&quot;gap_tablet&quot;:{&quot;unit&quot;:&quot;px&quot;,&quot;size&quot;:10,&quot;sizes&quot;:[]},&quot;gap_mobile&quot;:{&quot;unit&quot;:&quot;px&quot;,&quot;size&quot;:10,&quot;sizes&quot;:[]},&quot;link_to&quot;:&quot;file&quot;,&quot;aspect_ratio&quot;:&quot;3:2&quot;,&quot;overlay_background&quot;:&quot;yes&quot;,&quot;content_hover_animation&quot;:&quot;fade-in&quot;}\" data-widget_type=\"gallery.default\">\n\t\t\t\t<div class=\"elementor-widget-container\">\n\t\t\t<style>\/*! elementor-pro - v3.19.0 - 29-01-2024 *\/\n.elementor-gallery__container{min-height:1px}.elementor-gallery-item{position:relative;overflow:hidden;display:block;text-decoration:none;border:solid var(--image-border-width) var(--image-border-color);border-radius:var(--image-border-radius)}.elementor-gallery-item__content,.elementor-gallery-item__overlay{height:100%;width:100%;position:absolute;top:0;left:0}.elementor-gallery-item__overlay{mix-blend-mode:var(--overlay-mix-blend-mode);transition-duration:var(--overlay-transition-duration);transition-property:mix-blend-mode,transform,opacity,background-color}.elementor-gallery-item__image.e-gallery-image{transition-duration:var(--image-transition-duration);transition-property:filter,transform}.elementor-gallery-item__content{display:flex;flex-direction:column;justify-content:var(--content-justify-content,center);align-items:center;text-align:var(--content-text-align);padding:var(--content-padding)}.elementor-gallery-item__content>div{transition-duration:var(--content-transition-duration)}.elementor-gallery-item__content.elementor-gallery--sequenced-animation>div:nth-child(2){transition-delay:calc(var(--content-transition-delay) \/ 3)}.elementor-gallery-item__content.elementor-gallery--sequenced-animation>div:nth-child(3){transition-delay:calc(var(--content-transition-delay) \/ 3 * 2)}.elementor-gallery-item__content.elementor-gallery--sequenced-animation>div:nth-child(4){transition-delay:calc(var(--content-transition-delay) \/ 3 * 3)}.elementor-gallery-item__description{color:var(--description-text-color,#fff);width:100%}.elementor-gallery-item__title{color:var(--title-text-color,#fff);font-weight:700;width:100%}.elementor-gallery__titles-container{display:flex;flex-wrap:wrap;justify-content:var(--titles-container-justify-content,center);margin-bottom:20px}.elementor-gallery__titles-container:not(.e--pointer-framed) .elementor-item:after,.elementor-gallery__titles-container:not(.e--pointer-framed) .elementor-item:before{background-color:var(--galleries-pointer-bg-color-hover)}.elementor-gallery__titles-container:not(.e--pointer-framed) .elementor-item.elementor-item-active:after,.elementor-gallery__titles-container:not(.e--pointer-framed) .elementor-item.elementor-item-active:before{background-color:var(--galleries-pointer-bg-color-active)}.elementor-gallery__titles-container.e--pointer-framed .elementor-item:before{border-color:var(--galleries-pointer-bg-color-hover);border-width:var(--galleries-pointer-border-width)}.elementor-gallery__titles-container.e--pointer-framed .elementor-item:after{border-color:var(--galleries-pointer-bg-color-hover)}.elementor-gallery__titles-container.e--pointer-framed .elementor-item.elementor-item-active:after,.elementor-gallery__titles-container.e--pointer-framed .elementor-item.elementor-item-active:before{border-color:var(--galleries-pointer-bg-color-active)}.elementor-gallery__titles-container.e--pointer-framed.e--animation-draw .elementor-item:before{border-left-width:var(--galleries-pointer-border-width);border-bottom-width:var(--galleries-pointer-border-width);border-right-width:0;border-top-width:0}.elementor-gallery__titles-container.e--pointer-framed.e--animation-draw .elementor-item:after{border-left-width:0;border-bottom-width:0;border-right-width:var(--galleries-pointer-border-width);border-top-width:var(--galleries-pointer-border-width)}.elementor-gallery__titles-container.e--pointer-framed.e--animation-corners .elementor-item:before{border-left-width:var(--galleries-pointer-border-width);border-bottom-width:0;border-right-width:0;border-top-width:var(--galleries-pointer-border-width)}.elementor-gallery__titles-container.e--pointer-framed.e--animation-corners .elementor-item:after{border-left-width:0;border-bottom-width:var(--galleries-pointer-border-width);border-right-width:var(--galleries-pointer-border-width);border-top-width:0}.elementor-gallery__titles-container .e--pointer-double-line .elementor-item:after,.elementor-gallery__titles-container .e--pointer-double-line .elementor-item:before,.elementor-gallery__titles-container .e--pointer-overline .elementor-item:before,.elementor-gallery__titles-container .e--pointer-underline .elementor-item:after{height:var(--galleries-pointer-border-width)}.elementor-gallery-title{--space-between:10px;cursor:pointer;color:#6d7882;font-weight:500;position:relative;padding:7px 14px;transition:all .3s}.elementor-gallery-title--active{color:#495157}.elementor-gallery-title:not(:last-child){margin-right:var(--space-between)}.elementor-gallery-item__title+.elementor-gallery-item__description{margin-top:var(--description-margin-top)}.e-gallery-item.elementor-gallery-item{transition-property:all}.e-gallery-item.elementor-animated-content .elementor-animated-item--enter-from-bottom,.e-gallery-item.elementor-animated-content .elementor-animated-item--enter-from-left,.e-gallery-item.elementor-animated-content .elementor-animated-item--enter-from-right,.e-gallery-item.elementor-animated-content .elementor-animated-item--enter-from-top,.e-gallery-item:focus .elementor-gallery__item-overlay-bg,.e-gallery-item:focus .elementor-gallery__item-overlay-content,.e-gallery-item:focus .elementor-gallery__item-overlay-content__description,.e-gallery-item:focus .elementor-gallery__item-overlay-content__title,.e-gallery-item:hover .elementor-gallery__item-overlay-bg,.e-gallery-item:hover .elementor-gallery__item-overlay-content,.e-gallery-item:hover .elementor-gallery__item-overlay-content__description,.e-gallery-item:hover .elementor-gallery__item-overlay-content__title{opacity:1}a.elementor-item.elementor-gallery-title{color:var(--galleries-title-color-normal)}a.elementor-item.elementor-gallery-title.elementor-item-active,a.elementor-item.elementor-gallery-title.highlighted,a.elementor-item.elementor-gallery-title:focus,a.elementor-item.elementor-gallery-title:hover{color:var(--galleries-title-color-hover)}a.elementor-item.elementor-gallery-title.elementor-item-active{color:var(--gallery-title-color-active)}.e-con-inner>.elementor-widget-gallery,.e-con>.elementor-widget-gallery{width:var(--container-widget-width);--flex-grow:var(--container-widget-flex-grow)}<\/style>\t\t<div class=\"elementor-gallery__container\">\n\t\t\t\t\t\t\t<a class=\"e-gallery-item elementor-gallery-item elementor-animated-content\" href=\"https:\/\/mudia.be\/wp-content\/uploads\/2023\/10\/Mudia-26-11-22-73-scaled.jpg\" data-elementor-open-lightbox=\"yes\" data-elementor-lightbox-slideshow=\"8dbcc0c\" data-elementor-lightbox-title=\"Mudia 26 11 22\" data-e-action-hash=\"#elementor-action%3Aaction%3Dlightbox%26settings%3DeyJpZCI6ODAzNiwidXJsIjoiaHR0cHM6XC9cL211ZGlhLmJlXC93cC1jb250ZW50XC91cGxvYWRzXC8yMDIzXC8xMFwvTXVkaWEtMjYtMTEtMjItNzMtc2NhbGVkLmpwZyIsInNsaWRlc2hvdyI6IjhkYmNjMGMifQ%3D%3D\">\n\t\t\t\t\t<div class=\"e-gallery-image elementor-gallery-item__image\" data-thumbnail=\"https:\/\/mudia.be\/wp-content\/uploads\/2023\/10\/Mudia-26-11-22-73-300x200.jpg\" data-width=\"300\" data-height=\"200\" aria-label=\"\" role=\"img\" ><\/div>\n\t\t\t\t\t\t\t\t\t\t\t<div class=\"elementor-gallery-item__overlay\"><\/div>\n\t\t\t\t\t\t\t\t\t\t\t\t\t\t<\/a>\n\t\t\t\t\t\t\t<a class=\"e-gallery-item elementor-gallery-item elementor-animated-content\" href=\"https:\/\/mudia.be\/wp-content\/uploads\/2023\/10\/Mudia-26-11-22-31_1.png\" data-elementor-open-lightbox=\"yes\" data-elementor-lightbox-slideshow=\"8dbcc0c\" data-elementor-lightbox-title=\"Mudia 26 11 22-31_1\" data-e-action-hash=\"#elementor-action%3Aaction%3Dlightbox%26settings%3DeyJpZCI6ODAzNywidXJsIjoiaHR0cHM6XC9cL211ZGlhLmJlXC93cC1jb250ZW50XC91cGxvYWRzXC8yMDIzXC8xMFwvTXVkaWEtMjYtMTEtMjItMzFfMS5wbmciLCJzbGlkZXNob3ciOiI4ZGJjYzBjIn0%3D\">\n\t\t\t\t\t<div class=\"e-gallery-image elementor-gallery-item__image\" data-thumbnail=\"https:\/\/mudia.be\/wp-content\/uploads\/2023\/10\/Mudia-26-11-22-31_1-300x300.png\" data-width=\"300\" data-height=\"300\" aria-label=\"\" role=\"img\" ><\/div>\n\t\t\t\t\t\t\t\t\t\t\t<div class=\"elementor-gallery-item__overlay\"><\/div>\n\t\t\t\t\t\t\t\t\t\t\t\t\t\t<\/a>\n\t\t\t\t\t\t\t<a class=\"e-gallery-item elementor-gallery-item elementor-animated-content\" href=\"https:\/\/mudia.be\/wp-content\/uploads\/2023\/10\/Mudia-26-11-22-6-scaled.jpg\" data-elementor-open-lightbox=\"yes\" data-elementor-lightbox-slideshow=\"8dbcc0c\" data-elementor-lightbox-title=\"Mudia 26 11 22\" data-e-action-hash=\"#elementor-action%3Aaction%3Dlightbox%26settings%3DeyJpZCI6ODAzOCwidXJsIjoiaHR0cHM6XC9cL211ZGlhLmJlXC93cC1jb250ZW50XC91cGxvYWRzXC8yMDIzXC8xMFwvTXVkaWEtMjYtMTEtMjItNi1zY2FsZWQuanBnIiwic2xpZGVzaG93IjoiOGRiY2MwYyJ9\">\n\t\t\t\t\t<div class=\"e-gallery-image elementor-gallery-item__image\" data-thumbnail=\"https:\/\/mudia.be\/wp-content\/uploads\/2023\/10\/Mudia-26-11-22-6-200x300.jpg\" data-width=\"200\" data-height=\"300\" aria-label=\"\" role=\"img\" ><\/div>\n\t\t\t\t\t\t\t\t\t\t\t<div class=\"elementor-gallery-item__overlay\"><\/div>\n\t\t\t\t\t\t\t\t\t\t\t\t\t\t<\/a>\n\t\t\t\t\t\t\t<a class=\"e-gallery-item elementor-gallery-item elementor-animated-content\" href=\"https:\/\/mudia.be\/wp-content\/uploads\/2023\/10\/Mudia-26-11-22-77-scaled-e1697028467488.jpg\" data-elementor-open-lightbox=\"yes\" data-elementor-lightbox-slideshow=\"8dbcc0c\" data-elementor-lightbox-title=\"Mudia 26 11 22\" data-elementor-lightbox-description=\"Un mus\u00e9e interactif o\u00f9 les enfants d\u00e9couvrent l\u2019art en s\u2019amusantTout au long du parcours, des dispositifs interactifs, des jeux et des vid\u00e9os p\u00e9dagogiques permettent de d\u00e9couvrir l\u2019histoire de l\u2019art de mani\u00e8re active. La visite devient une v\u00e9ritable exp\u00e9rience interactive pour les enfants et les familles, o\u00f9 l\u2019on observe, exp\u00e9rimente et participe.Contrairement \u00e0 un mus\u00e9e classique o\u00f9 l\u2019on regarde les \u0153uvres \u00e0 distance, certaines installations permettent ici de comprendre les techniques des artistes en jouant et en manipulant. Cette approche rend la d\u00e9couverte de l\u2019art plus accessible aux enfants et transforme la visite en activit\u00e9 culturelle ludique pour toute la famille.Des exp\u00e9riences interactives pour d\u00e9couvrir l\u2019art autrementPlusieurs installations permettent aux visiteurs de devenir acteurs des \u0153uvres et d\u2019explorer l\u2019histoire de l\u2019art de mani\u00e8re concr\u00e8te.Cr\u00e9er une \u0153uvre \u00e0 la mani\u00e8re de SeuratUne animation interactive permet de d\u00e9couvrir la technique du pointillisme utilis\u00e9e par Georges Seurat. Les visiteurs peuvent r\u00e9aliser leur propre cr\u00e9ation gr\u00e2ce \u00e0 un outil num\u00e9rique qui reproduit les c\u00e9l\u00e8bres points de couleur caract\u00e9ristiques de ce courant artistique.Explorer un tableau de J\u00e9r\u00f4me Bosch de l\u2019int\u00e9rieurUn triptyque interactif inspir\u00e9 de l\u2019univers du peintre flamand permet d\u2019explorer les d\u00e9tails d\u2019un tableau autrement. En touchant certains \u00e9l\u00e9ments, les images s\u2019animent sur \u00e9cran et r\u00e9v\u00e8lent les sc\u00e8nes et personnages de l\u2019\u0153uvre.Se glisser dans la peau d\u2019un mod\u00e8le d\u2019artisteUne installation immersive inspir\u00e9e de l\u2019atelier du peintre Albert Marquet invite les visiteurs \u00e0 prendre la pose comme un mod\u00e8le d\u2019art. Cette exp\u00e9rience permet de comprendre le travail du peintre et la mani\u00e8re dont une \u0153uvre est construite.\" data-e-action-hash=\"#elementor-action%3Aaction%3Dlightbox%26settings%3DeyJpZCI6ODAzOSwidXJsIjoiaHR0cHM6XC9cL211ZGlhLmJlXC93cC1jb250ZW50XC91cGxvYWRzXC8yMDIzXC8xMFwvTXVkaWEtMjYtMTEtMjItNzctc2NhbGVkLWUxNjk3MDI4NDY3NDg4LmpwZyIsInNsaWRlc2hvdyI6IjhkYmNjMGMifQ%3D%3D\">\n\t\t\t\t\t<div class=\"e-gallery-image elementor-gallery-item__image\" data-thumbnail=\"https:\/\/mudia.be\/wp-content\/uploads\/2023\/10\/Mudia-26-11-22-77-scaled-e1697028467488-284x300.jpg\" data-width=\"284\" data-height=\"300\" aria-label=\"Un mus\u00e9e interactif o\u00f9 les enfants d\u00e9couvrent l\u2019art en s\u2019amusant Tout au long du parcours, des dispositifs interactifs, des jeux et des vid\u00e9os p\u00e9dagogiques permettent de d\u00e9couvrir l\u2019histoire de l\u2019art de mani\u00e8re active. La visite devient une v\u00e9ritable exp\u00e9rience interactive pour les enfants et les familles, o\u00f9 l\u2019on observe, exp\u00e9rimente et participe. Contrairement \u00e0 un mus\u00e9e classique o\u00f9 l\u2019on regarde les \u0153uvres \u00e0 distance, certaines installations permettent ici de comprendre les techniques des artistes en jouant et en manipulant. Cette approche rend la d\u00e9couverte de l\u2019art plus accessible aux enfants et transforme la visite en activit\u00e9 culturelle ludique pour toute la famille. Des exp\u00e9riences interactives pour d\u00e9couvrir l\u2019art autrement Plusieurs installations permettent aux visiteurs de devenir acteurs des \u0153uvres et d\u2019explorer l\u2019histoire de l\u2019art de mani\u00e8re concr\u00e8te. Cr\u00e9er une \u0153uvre \u00e0 la mani\u00e8re de Seurat Une animation interactive permet de d\u00e9couvrir la technique du pointillisme utilis\u00e9e par Georges Seurat. Les visiteurs peuvent r\u00e9aliser leur propre cr\u00e9ation gr\u00e2ce \u00e0 un outil num\u00e9rique qui reproduit les c\u00e9l\u00e8bres points de couleur caract\u00e9ristiques de ce courant artistique. Explorer un tableau de J\u00e9r\u00f4me Bosch de l\u2019int\u00e9rieur Un triptyque interactif inspir\u00e9 de l\u2019univers du peintre flamand permet d\u2019explorer les d\u00e9tails d\u2019un tableau autrement. En touchant certains \u00e9l\u00e9ments, les images s\u2019animent sur \u00e9cran et r\u00e9v\u00e8lent les sc\u00e8nes et personnages de l\u2019\u0153uvre. Se glisser dans la peau d\u2019un mod\u00e8le d\u2019artiste Une installation immersive inspir\u00e9e de l\u2019atelier du peintre Albert Marquet invite les visiteurs \u00e0 prendre la pose comme un mod\u00e8le d\u2019art. Cette exp\u00e9rience permet de comprendre le travail du peintre et la mani\u00e8re dont une \u0153uvre est construite.\" role=\"img\" ><\/div>\n\t\t\t\t\t\t\t\t\t\t\t<div class=\"elementor-gallery-item__overlay\"><\/div>\n\t\t\t\t\t\t\t\t\t\t\t\t\t\t<\/a>\n\t\t\t\t\t<\/div>\n\t\t\t<\/div>\n\t\t\t\t<\/div>\n\t\t\t\t<section class=\"elementor-section elementor-inner-section elementor-element elementor-element-ed18bb5 elementor-hidden-tablet elementor-hidden-mobile elementor-hidden-desktop elementor-section-boxed elementor-section-height-default elementor-section-height-default\" data-id=\"ed18bb5\" data-element_type=\"section\">\n\t\t\t\t\t\t<div class=\"elementor-container elementor-column-gap-default\">\n\t\t\t\t\t<div class=\"elementor-column elementor-col-50 elementor-inner-column elementor-element elementor-element-566878f\" data-id=\"566878f\" data-element_type=\"column\">\n\t\t\t<div class=\"elementor-widget-wrap elementor-element-populated\">\n\t\t\t\t\t\t<div class=\"elementor-element elementor-element-2329dd6 elementor-widget elementor-widget-image\" data-id=\"2329dd6\" data-element_type=\"widget\" data-widget_type=\"image.default\">\n\t\t\t\t<div class=\"elementor-widget-container\">\n\t\t\t\t\t\t\t\t\t\t\t\t\t<img loading=\"lazy\" decoding=\"async\" width=\"1024\" height=\"1024\" src=\"https:\/\/mudia.be\/wp-content\/uploads\/2023\/07\/Untitled-design-13-1024x1024.png\" class=\"attachment-large size-large wp-image-7911\" alt=\"\" srcset=\"https:\/\/mudia.be\/wp-content\/uploads\/2023\/07\/Untitled-design-13-1024x1024.png 1024w, https:\/\/mudia.be\/wp-content\/uploads\/2023\/07\/Untitled-design-13-300x300.png 300w, https:\/\/mudia.be\/wp-content\/uploads\/2023\/07\/Untitled-design-13-150x150.png 150w, https:\/\/mudia.be\/wp-content\/uploads\/2023\/07\/Untitled-design-13-768x768.png 768w, https:\/\/mudia.be\/wp-content\/uploads\/2023\/07\/Untitled-design-13-12x12.png 12w, https:\/\/mudia.be\/wp-content\/uploads\/2023\/07\/Untitled-design-13-100x100.png 100w, https:\/\/mudia.be\/wp-content\/uploads\/2023\/07\/Untitled-design-13-350x350.png 350w, https:\/\/mudia.be\/wp-content\/uploads\/2023\/07\/Untitled-design-13-650x650.png 650w, https:\/\/mudia.be\/wp-content\/uploads\/2023\/07\/Untitled-design-13-500x500.png 500w, https:\/\/mudia.be\/wp-content\/uploads\/2023\/07\/Untitled-design-13-415x415.png 415w, https:\/\/mudia.be\/wp-content\/uploads\/2023\/07\/Untitled-design-13-250x250.png 250w, https:\/\/mudia.be\/wp-content\/uploads\/2023\/07\/Untitled-design-13.png 1080w\" sizes=\"(max-width: 1024px) 100vw, 1024px\" \/>\t\t\t\t\t\t\t\t\t\t\t\t\t<\/div>\n\t\t\t\t<\/div>\n\t\t\t\t\t<\/div>\n\t\t<\/div>\n\t\t\t\t<div class=\"elementor-column elementor-col-50 elementor-inner-column elementor-element elementor-element-42ede89\" data-id=\"42ede89\" data-element_type=\"column\">\n\t\t\t<div class=\"elementor-widget-wrap elementor-element-populated\">\n\t\t\t\t\t\t<div class=\"elementor-element elementor-element-4bd05bb elementor-widget elementor-widget-heading\" data-id=\"4bd05bb\" data-element_type=\"widget\" data-widget_type=\"heading.default\">\n\t\t\t\t<div class=\"elementor-widget-container\">\n\t\t\t<h2 class=\"elementor-heading-title elementor-size-default\">La Nuit du Livre au Mudia<\/h2>\t\t<\/div>\n\t\t\t\t<\/div>\n\t\t\t\t<div class=\"elementor-element elementor-element-2197bda elementor-widget elementor-widget-text-editor\" data-id=\"2197bda\" data-element_type=\"widget\" data-widget_type=\"text-editor.default\">\n\t\t\t\t<div class=\"elementor-widget-container\">\n\t\t\t\t\t\t\t<p>Profitez de l&rsquo;\u00e9v\u00e9nement incontournable de Redu : la F\u00eate du Livre !\u00a0<\/p><p>Le 5 ao\u00fbt, les bibliophiles et fans de litt\u00e9rature se r\u00e9unissent dans le Village du Livre. Lors de ce festival incontournable, au c\u0153ur de Redu, le Mudia ouvre ses portes pour c\u00e9l\u00e9brer ensemble l&rsquo;art des mots !<\/p><p><span style=\"font-size: inherit; background-color: var(--gt-background-color);\">De 16h \u00e0 20h, les petits vont pouvoir participer \u00e0 un atelier cr\u00e9atif devant le mus\u00e9e. <br \/>Pour les plus grands, le Mudia et le Mudia Caf\u00e9 vous accueilleront pour une nocturne, jusqu&rsquo;\u00e0 23h, vous permettant ainsi d&rsquo;absorber l&rsquo;ambiance unique de la Nuit du Livre.<\/span><\/p><h6>Informations pratiques :<\/h6><p><b>Date &amp; horaires<\/b> : samedi 5 ao\u00fbt<br \/>Atelier cr\u00e9atif\u00a0<span style=\"background-color: var(--gt-background-color); font-size: 1rem;\">pour les enfants (5-12 ans)\u00a0<\/span><span style=\"font-size: inherit; background-color: var(--gt-background-color);\">de 16h \u00e0 20h (acc\u00e8s libre)<br \/>Ouverture du mus\u00e9e jusqu&rsquo;\u00e0 23h pour tous\u00b7tes, derni\u00e8re entr\u00e9e 22h.<br \/><\/span><b style=\"font-size: inherit; background-color: var(--gt-background-color);\">Access <\/b><span style=\"background-color: var(--gt-background-color);\">: ticket d&rsquo;entr\u00e9e au mus\u00e9e.<br \/><b>Le Mudia Caf\u00e9<\/b> vous accueillera jusqu&rsquo;\u00e0 23h dans une ambiance nocturne et festive.<br \/><\/span><\/p><p>Pour toute demande d&rsquo;informations suppl\u00e9mentaires, contactez i<a href=\"mailto:info@mudia.be\">nfo@mudia.be<\/a>.<\/p>\t\t\t\t\t\t<\/div>\n\t\t\t\t<\/div>\n\t\t\t\t<div class=\"elementor-element elementor-element-1d03916 elementor-widget elementor-widget-spacer\" data-id=\"1d03916\" data-element_type=\"widget\" data-widget_type=\"spacer.default\">\n\t\t\t\t<div class=\"elementor-widget-container\">\n\t\t\t\t\t<div class=\"elementor-spacer\">\n\t\t\t<div class=\"elementor-spacer-inner\"><\/div>\n\t\t<\/div>\n\t\t\t\t<\/div>\n\t\t\t\t<\/div>\n\t\t\t\t\t<\/div>\n\t\t<\/div>\n\t\t\t\t\t<\/div>\n\t\t<\/section>\n\t\t\t\t<section class=\"elementor-section elementor-inner-section elementor-element elementor-element-d31a84d elementor-hidden-desktop elementor-hidden-tablet elementor-hidden-mobile elementor-section-boxed elementor-section-height-default elementor-section-height-default\" data-id=\"d31a84d\" data-element_type=\"section\">\n\t\t\t\t\t\t<div class=\"elementor-container elementor-column-gap-default\">\n\t\t\t\t\t<div class=\"elementor-column elementor-col-50 elementor-inner-column elementor-element elementor-element-51f6e73\" data-id=\"51f6e73\" data-element_type=\"column\">\n\t\t\t<div class=\"elementor-widget-wrap elementor-element-populated\">\n\t\t\t\t\t\t<div class=\"elementor-element elementor-element-5e40b7b elementor-widget elementor-widget-image\" data-id=\"5e40b7b\" data-element_type=\"widget\" data-widget_type=\"image.default\">\n\t\t\t\t<div class=\"elementor-widget-container\">\n\t\t\t\t\t\t\t\t\t\t\t\t\t<img loading=\"lazy\" decoding=\"async\" width=\"1024\" height=\"1024\" src=\"https:\/\/mudia.be\/wp-content\/uploads\/2023\/06\/Lart-Belge-Instagram-Post-Square-2-1024x1024.png\" class=\"attachment-large size-large wp-image-7815\" alt=\"\" srcset=\"https:\/\/mudia.be\/wp-content\/uploads\/2023\/06\/Lart-Belge-Instagram-Post-Square-2-1024x1024.png 1024w, https:\/\/mudia.be\/wp-content\/uploads\/2023\/06\/Lart-Belge-Instagram-Post-Square-2-300x300.png 300w, https:\/\/mudia.be\/wp-content\/uploads\/2023\/06\/Lart-Belge-Instagram-Post-Square-2-150x150.png 150w, https:\/\/mudia.be\/wp-content\/uploads\/2023\/06\/Lart-Belge-Instagram-Post-Square-2-768x768.png 768w, https:\/\/mudia.be\/wp-content\/uploads\/2023\/06\/Lart-Belge-Instagram-Post-Square-2-12x12.png 12w, https:\/\/mudia.be\/wp-content\/uploads\/2023\/06\/Lart-Belge-Instagram-Post-Square-2-100x100.png 100w, https:\/\/mudia.be\/wp-content\/uploads\/2023\/06\/Lart-Belge-Instagram-Post-Square-2-350x350.png 350w, https:\/\/mudia.be\/wp-content\/uploads\/2023\/06\/Lart-Belge-Instagram-Post-Square-2-650x650.png 650w, https:\/\/mudia.be\/wp-content\/uploads\/2023\/06\/Lart-Belge-Instagram-Post-Square-2-500x500.png 500w, https:\/\/mudia.be\/wp-content\/uploads\/2023\/06\/Lart-Belge-Instagram-Post-Square-2-415x415.png 415w, https:\/\/mudia.be\/wp-content\/uploads\/2023\/06\/Lart-Belge-Instagram-Post-Square-2-250x250.png 250w, https:\/\/mudia.be\/wp-content\/uploads\/2023\/06\/Lart-Belge-Instagram-Post-Square-2.png 1080w\" sizes=\"(max-width: 1024px) 100vw, 1024px\" \/>\t\t\t\t\t\t\t\t\t\t\t\t\t<\/div>\n\t\t\t\t<\/div>\n\t\t\t\t\t<\/div>\n\t\t<\/div>\n\t\t\t\t<div class=\"elementor-column elementor-col-50 elementor-inner-column elementor-element elementor-element-fe1f681\" data-id=\"fe1f681\" data-element_type=\"column\">\n\t\t\t<div class=\"elementor-widget-wrap elementor-element-populated\">\n\t\t\t\t\t\t<div class=\"elementor-element elementor-element-11a2391 elementor-widget elementor-widget-heading\" data-id=\"11a2391\" data-element_type=\"widget\" data-widget_type=\"heading.default\">\n\t\t\t\t<div class=\"elementor-widget-container\">\n\t\t\t<h2 class=\"elementor-heading-title elementor-size-default\">Visite guid\u00e9e - Rencontre avec l'Art belge<\/h2>\t\t<\/div>\n\t\t\t\t<\/div>\n\t\t\t\t<div class=\"elementor-element elementor-element-fdbfd9d elementor-widget elementor-widget-text-editor\" data-id=\"fdbfd9d\" data-element_type=\"widget\" data-widget_type=\"text-editor.default\">\n\t\t\t\t<div class=\"elementor-widget-container\">\n\t\t\t\t\t\t\t<p>Et si on se retrouvait en plein c\u0153ur de l&rsquo;Ardenne belge pour un voyage dans l&rsquo;Art de notre beau pays ? \u00c0 l&rsquo;occasion de la F\u00eate nationale belge, une visite guid\u00e9e est pr\u00e9vue au Mudia.<br>Au <span style=\"font-size: inherit; background-color: var(--gt-background-color);\">travers d\u2019\u0153uvres authentiques, partons \u00e0 la rencontre de la Renaissance de Brueghel le Jeune \u00e0 la BD&nbsp;<\/span><span style=\"font-size: inherit; background-color: var(--gt-background-color);\">de Geluck, du r\u00e9alisme de Constantin Meunier au symbolisme de F\u00e9licien Rops, des plages d\u2019Ostende&nbsp;<\/span><span style=\"font-size: inherit; background-color: var(--gt-background-color);\">de James Ensor au groupe Cobra d\u2019Alechinski, de Nervia au fauvisme de Rik Wouters ou encore au <\/span><span style=\"font-size: inherit; background-color: var(--gt-background-color);\">surr\u00e9alisme de Magritte et Delvaux.<br><\/span><span style=\"background-color: var(--gt-background-color); font-size: inherit;\">Le mus\u00e9e vous propose un voyage \u00e0 la fois ludique et didactique dans l&rsquo;art belge, accessible \u00e0 tous\u00b7tes !&nbsp;<\/span><\/p>\t\t\t\t\t\t<\/div>\n\t\t\t\t<\/div>\n\t\t\t\t\t<\/div>\n\t\t<\/div>\n\t\t\t\t\t<\/div>\n\t\t<\/section>\n\t\t\t\t<div class=\"elementor-element elementor-element-15d451a elementor-hidden-desktop elementor-hidden-tablet elementor-hidden-mobile elementor-widget elementor-widget-heading\" data-id=\"15d451a\" data-element_type=\"widget\" data-widget_type=\"heading.default\">\n\t\t\t\t<div class=\"elementor-widget-container\">\n\t\t\t<h6 class=\"elementor-heading-title elementor-size-default\">Informations pratiques :<\/h6>\t\t<\/div>\n\t\t\t\t<\/div>\n\t\t\t\t<div class=\"elementor-element elementor-element-2f62b96 elementor-hidden-tablet elementor-hidden-mobile elementor-hidden-desktop elementor-widget elementor-widget-text-editor\" data-id=\"2f62b96\" data-element_type=\"widget\" data-widget_type=\"text-editor.default\">\n\t\t\t\t<div class=\"elementor-widget-container\">\n\t\t\t\t\t\t\t<p><b>Date &amp; horaire<\/b> : le vendredi 21 juillet 2023 de 14h \u00e0 16h ;<br \/><b>Prix de la visite\u00a0<\/b>: compris dans le prix d&rsquo;un billet d&rsquo;entr\u00e9e au mus\u00e9e ;<br \/><b>Inscription <\/b>: via\u00a0<a href=\"mailto:info@mudia.be\">info@mudia.be<\/a> ou <a href=\"http:\/\/telto: 3225496049\">+32 2 549 60 49<\/a>.<br \/><span style=\"font-size: inherit; background-color: var(--gt-background-color);\">Laissez-vous guider par B\u00e9atrice Parfonry, guide qui vous fera (re)d\u00e9couvrir les nombreuses \u0153uvres qu&rsquo;abrite le Mudia sous un prisme particulier : une mise \u00e0 l&rsquo;honneur des artistes belges. On vous attend nombreux<\/span><span style=\"background-color: var(--gt-background-color);\">\u00b7ses !<\/span><\/p><p>\u00a0<\/p>\t\t\t\t\t\t<\/div>\n\t\t\t\t<\/div>\n\t\t\t\t<div class=\"elementor-element elementor-element-2e4f3fc elementor-widget-divider--view-line elementor-widget elementor-widget-divider\" data-id=\"2e4f3fc\" data-element_type=\"widget\" data-widget_type=\"divider.default\">\n\t\t\t\t<div class=\"elementor-widget-container\">\n\t\t\t<style>\/*! elementor - v3.21.0 - 26-05-2024 *\/\n.elementor-widget-divider{--divider-border-style:none;--divider-border-width:1px;--divider-color:#0c0d0e;--divider-icon-size:20px;--divider-element-spacing:10px;--divider-pattern-height:24px;--divider-pattern-size:20px;--divider-pattern-url:none;--divider-pattern-repeat:repeat-x}.elementor-widget-divider .elementor-divider{display:flex}.elementor-widget-divider .elementor-divider__text{font-size:15px;line-height:1;max-width:95%}.elementor-widget-divider .elementor-divider__element{margin:0 var(--divider-element-spacing);flex-shrink:0}.elementor-widget-divider .elementor-icon{font-size:var(--divider-icon-size)}.elementor-widget-divider .elementor-divider-separator{display:flex;margin:0;direction:ltr}.elementor-widget-divider--view-line_icon .elementor-divider-separator,.elementor-widget-divider--view-line_text .elementor-divider-separator{align-items:center}.elementor-widget-divider--view-line_icon .elementor-divider-separator:after,.elementor-widget-divider--view-line_icon .elementor-divider-separator:before,.elementor-widget-divider--view-line_text .elementor-divider-separator:after,.elementor-widget-divider--view-line_text .elementor-divider-separator:before{display:block;content:\"\";border-block-end:0;flex-grow:1;border-block-start:var(--divider-border-width) var(--divider-border-style) var(--divider-color)}.elementor-widget-divider--element-align-left .elementor-divider .elementor-divider-separator>.elementor-divider__svg:first-of-type{flex-grow:0;flex-shrink:100}.elementor-widget-divider--element-align-left .elementor-divider-separator:before{content:none}.elementor-widget-divider--element-align-left .elementor-divider__element{margin-left:0}.elementor-widget-divider--element-align-right .elementor-divider .elementor-divider-separator>.elementor-divider__svg:last-of-type{flex-grow:0;flex-shrink:100}.elementor-widget-divider--element-align-right .elementor-divider-separator:after{content:none}.elementor-widget-divider--element-align-right .elementor-divider__element{margin-right:0}.elementor-widget-divider--element-align-start .elementor-divider .elementor-divider-separator>.elementor-divider__svg:first-of-type{flex-grow:0;flex-shrink:100}.elementor-widget-divider--element-align-start .elementor-divider-separator:before{content:none}.elementor-widget-divider--element-align-start .elementor-divider__element{margin-inline-start:0}.elementor-widget-divider--element-align-end .elementor-divider .elementor-divider-separator>.elementor-divider__svg:last-of-type{flex-grow:0;flex-shrink:100}.elementor-widget-divider--element-align-end .elementor-divider-separator:after{content:none}.elementor-widget-divider--element-align-end .elementor-divider__element{margin-inline-end:0}.elementor-widget-divider:not(.elementor-widget-divider--view-line_text):not(.elementor-widget-divider--view-line_icon) .elementor-divider-separator{border-block-start:var(--divider-border-width) var(--divider-border-style) var(--divider-color)}.elementor-widget-divider--separator-type-pattern{--divider-border-style:none}.elementor-widget-divider--separator-type-pattern.elementor-widget-divider--view-line .elementor-divider-separator,.elementor-widget-divider--separator-type-pattern:not(.elementor-widget-divider--view-line) .elementor-divider-separator:after,.elementor-widget-divider--separator-type-pattern:not(.elementor-widget-divider--view-line) .elementor-divider-separator:before,.elementor-widget-divider--separator-type-pattern:not([class*=elementor-widget-divider--view]) .elementor-divider-separator{width:100%;min-height:var(--divider-pattern-height);-webkit-mask-size:var(--divider-pattern-size) 100%;mask-size:var(--divider-pattern-size) 100%;-webkit-mask-repeat:var(--divider-pattern-repeat);mask-repeat:var(--divider-pattern-repeat);background-color:var(--divider-color);-webkit-mask-image:var(--divider-pattern-url);mask-image:var(--divider-pattern-url)}.elementor-widget-divider--no-spacing{--divider-pattern-size:auto}.elementor-widget-divider--bg-round{--divider-pattern-repeat:round}.rtl .elementor-widget-divider .elementor-divider__text{direction:rtl}.e-con-inner>.elementor-widget-divider,.e-con>.elementor-widget-divider{width:var(--container-widget-width,100%);--flex-grow:var(--container-widget-flex-grow)}<\/style>\t\t<div class=\"elementor-divider\">\n\t\t\t<span class=\"elementor-divider-separator\">\n\t\t\t\t\t\t<\/span>\n\t\t<\/div>\n\t\t\t\t<\/div>\n\t\t\t\t<\/div>\n\t\t\t\t<div class=\"elementor-element elementor-element-b214039 elementor-widget elementor-widget-heading\" data-id=\"b214039\" data-element_type=\"widget\" data-widget_type=\"heading.default\">\n\t\t\t\t<div class=\"elementor-widget-container\">\n\t\t\t<h6 class=\"elementor-heading-title elementor-size-default\">Previous events<\/h6>\t\t<\/div>\n\t\t\t\t<\/div>\n\t\t\t\t<div class=\"elementor-element elementor-element-294b2bc elementor-widget elementor-widget-gallery\" data-id=\"294b2bc\" data-element_type=\"widget\" data-settings=\"{&quot;columns&quot;:3,&quot;gap&quot;:{&quot;unit&quot;:&quot;px&quot;,&quot;size&quot;:12,&quot;sizes&quot;:[]},&quot;aspect_ratio&quot;:&quot;1:1&quot;,&quot;overlay_title&quot;:&quot;caption&quot;,&quot;lazyload&quot;:&quot;yes&quot;,&quot;gallery_layout&quot;:&quot;grid&quot;,&quot;columns_tablet&quot;:2,&quot;columns_mobile&quot;:1,&quot;gap_tablet&quot;:{&quot;unit&quot;:&quot;px&quot;,&quot;size&quot;:10,&quot;sizes&quot;:[]},&quot;gap_mobile&quot;:{&quot;unit&quot;:&quot;px&quot;,&quot;size&quot;:10,&quot;sizes&quot;:[]},&quot;link_to&quot;:&quot;file&quot;,&quot;overlay_background&quot;:&quot;yes&quot;,&quot;content_hover_animation&quot;:&quot;fade-in&quot;}\" data-widget_type=\"gallery.default\">\n\t\t\t\t<div class=\"elementor-widget-container\">\n\t\t\t\t\t<div class=\"elementor-gallery__container\">\n\t\t\t\t\t\t\t<a class=\"e-gallery-item elementor-gallery-item elementor-animated-content\" href=\"https:\/\/mudia.be\/wp-content\/uploads\/2026\/02\/MUDIA-AD-11-1.png\" data-elementor-open-lightbox=\"yes\" data-elementor-lightbox-slideshow=\"294b2bc\" data-elementor-lightbox-title=\"L&#039;Amour est dans le Mus\u00e9e\" data-elementor-lightbox-description=\"Pour la Saint-Valentin, le Mudia organise une visite guid\u00e9e ludique sur le th\u00e8me de l&#039;amour dans l&#039;art. A d\u00e9couvrir sans plus tarder avec sa moiti\u00e9.\" data-e-action-hash=\"#elementor-action%3Aaction%3Dlightbox%26settings%3DeyJpZCI6ODg1OSwidXJsIjoiaHR0cHM6XC9cL211ZGlhLmJlXC93cC1jb250ZW50XC91cGxvYWRzXC8yMDI2XC8wMlwvTVVESUEtQUQtMTEtMS5wbmciLCJzbGlkZXNob3ciOiIyOTRiMmJjIn0%3D\">\n\t\t\t\t\t<div class=\"e-gallery-image elementor-gallery-item__image\" data-thumbnail=\"https:\/\/mudia.be\/wp-content\/uploads\/2026\/02\/MUDIA-AD-11-1.png\" data-width=\"1755\" data-height=\"1755\" aria-label=\"L&#039;Amour est dans le mus\u00e9e ce 14 f\u00e9vrier 2026\" role=\"img\" ><\/div>\n\t\t\t\t\t\t\t\t\t\t\t<div class=\"elementor-gallery-item__overlay\"><\/div>\n\t\t\t\t\t\t\t\t\t\t\t\t\t\t\t<div class=\"elementor-gallery-item__content\">\n\t\t\t\t\t\t\t\t\t\t\t\t\t\t<div class=\"elementor-gallery-item__title\">\n\t\t\t\t\t\t\t\t\t\t\t\t\t\t\t\t\t\tPour la Saint-Valentin, le Mudia organise une visite guid\u00e9e ludique sur le th\u00e8me de l'amour dans l'art. A d\u00e9couvrir avec sa moiti\u00e9.\t\t\t\t\t\t\t\t<\/div>\n\t\t\t\t\t\t\t\t\t\t\t\t<\/div>\n\t\t\t\t\t\t\t\t\t<\/a>\n\t\t\t\t\t\t\t<a class=\"e-gallery-item elementor-gallery-item elementor-animated-content\" href=\"https:\/\/mudia.be\/wp-content\/uploads\/2025\/10\/MUDIA-AD-11.jpg\" data-elementor-open-lightbox=\"yes\" data-elementor-lightbox-slideshow=\"294b2bc\" data-elementor-lightbox-title=\"Animation familiale &quot;Apprivoiser la peur&quot;\" data-elementor-lightbox-description=\"visite du mus\u00e9e en famille sur le th\u00e8me de la peur.\" data-e-action-hash=\"#elementor-action%3Aaction%3Dlightbox%26settings%3DeyJpZCI6ODY3NiwidXJsIjoiaHR0cHM6XC9cL211ZGlhLmJlXC93cC1jb250ZW50XC91cGxvYWRzXC8yMDI1XC8xMFwvTVVESUEtQUQtMTEuanBnIiwic2xpZGVzaG93IjoiMjk0YjJiYyJ9\">\n\t\t\t\t\t<div class=\"e-gallery-image elementor-gallery-item__image\" data-thumbnail=\"https:\/\/mudia.be\/wp-content\/uploads\/2025\/10\/MUDIA-AD-11.jpg\" data-width=\"1485\" data-height=\"1485\" aria-label=\"A la d\u00e9couverte d&#039;une quinzaine d&#039;oeuvres du Mudia sur le th\u00e8me de la peur.\" role=\"img\" ><\/div>\n\t\t\t\t\t\t\t\t\t\t\t<div class=\"elementor-gallery-item__overlay\"><\/div>\n\t\t\t\t\t\t\t\t\t\t\t\t\t\t\t<div class=\"elementor-gallery-item__content\">\n\t\t\t\t\t\t\t\t\t\t\t\t\t\t<div class=\"elementor-gallery-item__title\">\n\t\t\t\t\t\t\t\t\t\t\t\t\t\t\t\t\t\tLe Mudia organise une animation familiale \u00e0 la d\u00e9couverte de la peur, ses raisons, ses exc\u00e8s, mais aussi ses bons cot\u00e9s.\t\t\t\t\t\t\t\t<\/div>\n\t\t\t\t\t\t\t\t\t\t\t\t<\/div>\n\t\t\t\t\t\t\t\t\t<\/a>\n\t\t\t\t\t\t\t<a class=\"e-gallery-item elementor-gallery-item elementor-animated-content\" href=\"https:\/\/mudia.be\/wp-content\/uploads\/2024\/07\/Mudia-Banner_ArtBelge-LIGHT2-scaled-e1761124123459.jpg\" data-elementor-open-lightbox=\"yes\" data-elementor-lightbox-slideshow=\"294b2bc\" data-elementor-lightbox-title=\"L&#039;Art Belge mis en avant pour la F\u00eate Nationale\" data-e-action-hash=\"#elementor-action%3Aaction%3Dlightbox%26settings%3DeyJpZCI6ODQ4MiwidXJsIjoiaHR0cHM6XC9cL211ZGlhLmJlXC93cC1jb250ZW50XC91cGxvYWRzXC8yMDI0XC8wN1wvTXVkaWEtQmFubmVyX0FydEJlbGdlLUxJR0hUMi1zY2FsZWQtZTE3NjExMjQxMjM0NTkuanBnIiwic2xpZGVzaG93IjoiMjk0YjJiYyJ9\">\n\t\t\t\t\t<div class=\"e-gallery-image elementor-gallery-item__image\" data-thumbnail=\"https:\/\/mudia.be\/wp-content\/uploads\/2024\/07\/Mudia-Banner_ArtBelge-LIGHT2-scaled-e1761124123459.jpg\" data-width=\"2560\" data-height=\"1340\" aria-label=\"L&#039;Art belge, tr\u00e8s pr\u00e9sent au Mudia, mis en avant \u00e0 l&#039;occasion de visites th\u00e9matiques.\" role=\"img\" ><\/div>\n\t\t\t\t\t\t\t\t\t\t\t<div class=\"elementor-gallery-item__overlay\"><\/div>\n\t\t\t\t\t\t\t\t\t\t\t\t\t\t\t<div class=\"elementor-gallery-item__content\">\n\t\t\t\t\t\t\t\t\t\t\t\t\t\t<div class=\"elementor-gallery-item__title\">\n\t\t\t\t\t\t\t\t\t\t\t\t\t\t\t\t\t\tL'Art belge, tr\u00e8s pr\u00e9sent au Mudia, mis en avant \u00e0 l'occasion de le F\u00eate Nationale.\t\t\t\t\t\t\t\t<\/div>\n\t\t\t\t\t\t\t\t\t\t\t\t<\/div>\n\t\t\t\t\t\t\t\t\t<\/a>\n\t\t\t\t\t\t\t<a class=\"e-gallery-item elementor-gallery-item elementor-animated-content\" href=\"https:\/\/mudia.be\/wp-content\/uploads\/2024\/03\/Events-1.jpg\" data-elementor-open-lightbox=\"yes\" data-elementor-lightbox-slideshow=\"294b2bc\" data-elementor-lightbox-title=\"Events (1)\" data-e-action-hash=\"#elementor-action%3Aaction%3Dlightbox%26settings%3DeyJpZCI6ODM0OCwidXJsIjoiaHR0cHM6XC9cL211ZGlhLmJlXC93cC1jb250ZW50XC91cGxvYWRzXC8yMDI0XC8wM1wvRXZlbnRzLTEuanBnIiwic2xpZGVzaG93IjoiMjk0YjJiYyJ9\">\n\t\t\t\t\t<div class=\"e-gallery-image elementor-gallery-item__image\" data-thumbnail=\"https:\/\/mudia.be\/wp-content\/uploads\/2024\/03\/Events-1.jpg\" data-width=\"1080\" data-height=\"1080\" aria-label=\"\" role=\"img\" ><\/div>\n\t\t\t\t\t\t\t\t\t\t\t<div class=\"elementor-gallery-item__overlay\"><\/div>\n\t\t\t\t\t\t\t\t\t\t\t\t\t\t\t<div class=\"elementor-gallery-item__content\">\n\t\t\t\t\t\t\t\t\t\t\t<\/div>\n\t\t\t\t\t\t\t\t\t<\/a>\n\t\t\t\t\t\t\t<a class=\"e-gallery-item elementor-gallery-item elementor-animated-content\" href=\"https:\/\/mudia.be\/wp-content\/uploads\/2024\/01\/Mudia-Affiche_SV_1080x1080px.jpg\" data-elementor-open-lightbox=\"yes\" data-elementor-lightbox-slideshow=\"294b2bc\" data-elementor-lightbox-title=\"Mudia-Affiche_SV_1080x1080px\" data-e-action-hash=\"#elementor-action%3Aaction%3Dlightbox%26settings%3DeyJpZCI6ODE3NSwidXJsIjoiaHR0cHM6XC9cL211ZGlhLmJlXC93cC1jb250ZW50XC91cGxvYWRzXC8yMDI0XC8wMVwvTXVkaWEtQWZmaWNoZV9TVl8xMDgweDEwODBweC5qcGciLCJzbGlkZXNob3ciOiIyOTRiMmJjIn0%3D\">\n\t\t\t\t\t<div class=\"e-gallery-image elementor-gallery-item__image\" data-thumbnail=\"https:\/\/mudia.be\/wp-content\/uploads\/2024\/01\/Mudia-Affiche_SV_1080x1080px.jpg\" data-width=\"2250\" data-height=\"2250\" aria-label=\"\" role=\"img\" ><\/div>\n\t\t\t\t\t\t\t\t\t\t\t<div class=\"elementor-gallery-item__overlay\"><\/div>\n\t\t\t\t\t\t\t\t\t\t\t\t\t\t\t<div class=\"elementor-gallery-item__content\">\n\t\t\t\t\t\t\t\t\t\t\t<\/div>\n\t\t\t\t\t\t\t\t\t<\/a>\n\t\t\t\t\t\t\t<a class=\"e-gallery-item elementor-gallery-item elementor-animated-content\" href=\"https:\/\/mudia.be\/wp-content\/uploads\/2023\/10\/Mudia-Affiche_ContesAuMusee-1-scaled-e1700833272844.jpg\" data-elementor-open-lightbox=\"yes\" data-elementor-lightbox-slideshow=\"294b2bc\" data-elementor-lightbox-title=\"Mudia-Affiche_ContesAuMuse\u0301e\" data-e-action-hash=\"#elementor-action%3Aaction%3Dlightbox%26settings%3DeyJpZCI6ODA3MywidXJsIjoiaHR0cHM6XC9cL211ZGlhLmJlXC93cC1jb250ZW50XC91cGxvYWRzXC8yMDIzXC8xMFwvTXVkaWEtQWZmaWNoZV9Db250ZXNBdU11c2VlLTEtc2NhbGVkLWUxNzAwODMzMjcyODQ0LmpwZyIsInNsaWRlc2hvdyI6IjI5NGIyYmMifQ%3D%3D\">\n\t\t\t\t\t<div class=\"e-gallery-image elementor-gallery-item__image\" data-thumbnail=\"https:\/\/mudia.be\/wp-content\/uploads\/2023\/10\/Mudia-Affiche_ContesAuMusee-1-scaled-e1700833272844.jpg\" data-width=\"1809\" data-height=\"1873\" aria-label=\"\" role=\"img\" ><\/div>\n\t\t\t\t\t\t\t\t\t\t\t<div class=\"elementor-gallery-item__overlay\"><\/div>\n\t\t\t\t\t\t\t\t\t\t\t\t\t\t\t<div class=\"elementor-gallery-item__content\">\n\t\t\t\t\t\t\t\t\t\t\t\t\t\t<div class=\"elementor-gallery-item__title\">\n\t\t\t\t\t\t\t\t\t\t\t\t\t\t\t\t\t\t4 et 11 novembre - Contes au Mus\u00e9e \t\t\t\t\t\t\t\t<\/div>\n\t\t\t\t\t\t\t\t\t\t\t\t<\/div>\n\t\t\t\t\t\t\t\t\t<\/a>\n\t\t\t\t\t\t\t<a class=\"e-gallery-item elementor-gallery-item elementor-animated-content\" href=\"https:\/\/mudia.be\/wp-content\/uploads\/2023\/07\/Untitled-design-13.png\" data-elementor-open-lightbox=\"yes\" data-elementor-lightbox-slideshow=\"294b2bc\" data-elementor-lightbox-title=\"Untitled design (13)\" data-e-action-hash=\"#elementor-action%3Aaction%3Dlightbox%26settings%3DeyJpZCI6NzkxMSwidXJsIjoiaHR0cHM6XC9cL211ZGlhLmJlXC93cC1jb250ZW50XC91cGxvYWRzXC8yMDIzXC8wN1wvVW50aXRsZWQtZGVzaWduLTEzLnBuZyIsInNsaWRlc2hvdyI6IjI5NGIyYmMifQ%3D%3D\">\n\t\t\t\t\t<div class=\"e-gallery-image elementor-gallery-item__image\" data-thumbnail=\"https:\/\/mudia.be\/wp-content\/uploads\/2023\/07\/Untitled-design-13.png\" data-width=\"1080\" data-height=\"1080\" aria-label=\"\" role=\"img\" ><\/div>\n\t\t\t\t\t\t\t\t\t\t\t<div class=\"elementor-gallery-item__overlay\"><\/div>\n\t\t\t\t\t\t\t\t\t\t\t\t\t\t\t<div class=\"elementor-gallery-item__content\">\n\t\t\t\t\t\t\t\t\t\t\t\t\t\t<div class=\"elementor-gallery-item__title\">\n\t\t\t\t\t\t\t\t\t\t\t\t\t\t\t\t\t\t5\/08\/23 - Nuit du Livre\t\t\t\t\t\t\t\t<\/div>\n\t\t\t\t\t\t\t\t\t\t\t\t<\/div>\n\t\t\t\t\t\t\t\t\t<\/a>\n\t\t\t\t\t\t\t<a class=\"e-gallery-item elementor-gallery-item elementor-animated-content\" href=\"https:\/\/mudia.be\/wp-content\/uploads\/2023\/06\/Lart-Belge-Instagram-Post-Square-2.png\" data-elementor-open-lightbox=\"yes\" data-elementor-lightbox-slideshow=\"294b2bc\" data-elementor-lightbox-title=\"L&#039;art Belge (Instagram Post (Square)) (2)\" data-e-action-hash=\"#elementor-action%3Aaction%3Dlightbox%26settings%3DeyJpZCI6NzgxNSwidXJsIjoiaHR0cHM6XC9cL211ZGlhLmJlXC93cC1jb250ZW50XC91cGxvYWRzXC8yMDIzXC8wNlwvTGFydC1CZWxnZS1JbnN0YWdyYW0tUG9zdC1TcXVhcmUtMi5wbmciLCJzbGlkZXNob3ciOiIyOTRiMmJjIn0%3D\">\n\t\t\t\t\t<div class=\"e-gallery-image elementor-gallery-item__image\" data-thumbnail=\"https:\/\/mudia.be\/wp-content\/uploads\/2023\/06\/Lart-Belge-Instagram-Post-Square-2.png\" data-width=\"1080\" data-height=\"1080\" aria-label=\"\" role=\"img\" ><\/div>\n\t\t\t\t\t\t\t\t\t\t\t<div class=\"elementor-gallery-item__overlay\"><\/div>\n\t\t\t\t\t\t\t\t\t\t\t\t\t\t\t<div class=\"elementor-gallery-item__content\">\n\t\t\t\t\t\t\t\t\t\t\t\t\t\t<div class=\"elementor-gallery-item__title\">\n\t\t\t\t\t\t\t\t\t\t\t\t\t\t\t\t\t\t21\/07\/23 - Rencontre avec l'Art belge\t\t\t\t\t\t\t\t<\/div>\n\t\t\t\t\t\t\t\t\t\t\t\t<\/div>\n\t\t\t\t\t\t\t\t\t<\/a>\n\t\t\t\t\t\t\t<a class=\"e-gallery-item elementor-gallery-item elementor-animated-content\" href=\"https:\/\/mudia.be\/wp-content\/uploads\/2023\/03\/Add-a-heading-3.png\" data-elementor-open-lightbox=\"yes\" data-elementor-lightbox-slideshow=\"294b2bc\" data-elementor-lightbox-title=\"Mus\u00e9e Mudia - Art contemporain - Exposition\" data-elementor-lightbox-description=\"Mus\u00e9e Mudia - Art contemporain - Exposition\" data-e-action-hash=\"#elementor-action%3Aaction%3Dlightbox%26settings%3DeyJpZCI6NzEzOCwidXJsIjoiaHR0cHM6XC9cL211ZGlhLmJlXC93cC1jb250ZW50XC91cGxvYWRzXC8yMDIzXC8wM1wvQWRkLWEtaGVhZGluZy0zLnBuZyIsInNsaWRlc2hvdyI6IjI5NGIyYmMifQ%3D%3D\">\n\t\t\t\t\t<div class=\"e-gallery-image elementor-gallery-item__image\" data-thumbnail=\"https:\/\/mudia.be\/wp-content\/uploads\/2023\/03\/Add-a-heading-3.png\" data-width=\"1080\" data-height=\"1080\" aria-label=\"Mus\u00e9e Mudia - Art contemporain - Exposition\" role=\"img\" ><\/div>\n\t\t\t\t\t\t\t\t\t\t\t<div class=\"elementor-gallery-item__overlay\"><\/div>\n\t\t\t\t\t\t\t\t\t\t\t\t\t\t\t<div class=\"elementor-gallery-item__content\">\n\t\t\t\t\t\t\t\t\t\t\t\t\t\t<div class=\"elementor-gallery-item__title\">\n\t\t\t\t\t\t\t\t\t\t\t\t\t\t\t\t\t\t8\/03\/23 - Une visite guid\u00e9e qui vient mettre en lumi\u00e8re les femmes dans l'art. \t\t\t\t\t\t\t\t<\/div>\n\t\t\t\t\t\t\t\t\t\t\t\t<\/div>\n\t\t\t\t\t\t\t\t\t<\/a>\n\t\t\t\t\t\t\t<a class=\"e-gallery-item elementor-gallery-item elementor-animated-content\" href=\"https:\/\/mudia.be\/wp-content\/uploads\/2023\/02\/ateliers-ludique-5.png\" data-elementor-open-lightbox=\"yes\" data-elementor-lightbox-slideshow=\"294b2bc\" data-elementor-lightbox-title=\"Mus\u00e9e Mudia - Animations ludiques pour les enfants\" data-elementor-lightbox-description=\"Mus\u00e9e Mudia - Animations ludiques pour les enfants\" data-e-action-hash=\"#elementor-action%3Aaction%3Dlightbox%26settings%3DeyJpZCI6NzExMywidXJsIjoiaHR0cHM6XC9cL211ZGlhLmJlXC93cC1jb250ZW50XC91cGxvYWRzXC8yMDIzXC8wMlwvYXRlbGllcnMtbHVkaXF1ZS01LnBuZyIsInNsaWRlc2hvdyI6IjI5NGIyYmMifQ%3D%3D\">\n\t\t\t\t\t<div class=\"e-gallery-image elementor-gallery-item__image\" data-thumbnail=\"https:\/\/mudia.be\/wp-content\/uploads\/2023\/02\/ateliers-ludique-5.png\" data-width=\"1080\" data-height=\"1080\" aria-label=\"Mus\u00e9e Mudia - Animations ludiques pour les enfants\" role=\"img\" ><\/div>\n\t\t\t\t\t\t\t\t\t\t\t<div class=\"elementor-gallery-item__overlay\"><\/div>\n\t\t\t\t\t\t\t\t\t\t\t\t\t\t\t<div class=\"elementor-gallery-item__content\">\n\t\t\t\t\t\t\t\t\t\t\t\t\t\t<div class=\"elementor-gallery-item__title\">\n\t\t\t\t\t\t\t\t\t\t\t\t\t\t\t\t\t\t20>26\/02\/23 - Explorer le mus\u00e9e de mani\u00e8re ludique dans le cadre d\u2019une activit\u00e9 cr\u00e9ative et fun.\t\t\t\t\t\t\t\t<\/div>\n\t\t\t\t\t\t\t\t\t\t\t\t<\/div>\n\t\t\t\t\t\t\t\t\t<\/a>\n\t\t\t\t\t\t\t<a class=\"e-gallery-item elementor-gallery-item elementor-animated-content\" href=\"https:\/\/mudia.be\/wp-content\/uploads\/2022\/10\/visuel-final2c-e1683711068973.jpg\" data-elementor-open-lightbox=\"yes\" data-elementor-lightbox-slideshow=\"294b2bc\" data-elementor-lightbox-title=\"Mus\u00e9e Mudia - Expositions - Attractions interactives\" data-elementor-lightbox-description=\"Mus\u00e9e Mudia - Expositions - Attractions interactives\" data-e-action-hash=\"#elementor-action%3Aaction%3Dlightbox%26settings%3DeyJpZCI6Njk0NCwidXJsIjoiaHR0cHM6XC9cL211ZGlhLmJlXC93cC1jb250ZW50XC91cGxvYWRzXC8yMDIyXC8xMFwvdmlzdWVsLWZpbmFsMmMtZTE2ODM3MTEwNjg5NzMuanBnIiwic2xpZGVzaG93IjoiMjk0YjJiYyJ9\">\n\t\t\t\t\t<div class=\"e-gallery-image elementor-gallery-item__image\" data-thumbnail=\"https:\/\/mudia.be\/wp-content\/uploads\/2022\/10\/visuel-final2c-e1683711068973.jpg\" data-width=\"893\" data-height=\"830\" aria-label=\"Mus\u00e9e Mudia - Expositions - Attractions interactives\" role=\"img\" ><\/div>\n\t\t\t\t\t\t\t\t\t\t\t<div class=\"elementor-gallery-item__overlay\"><\/div>\n\t\t\t\t\t\t\t\t\t\t\t\t\t\t\t<div class=\"elementor-gallery-item__content\">\n\t\t\t\t\t\t\t\t\t\t\t\t\t\t<div class=\"elementor-gallery-item__title\">\n\t\t\t\t\t\t\t\t\t\t\t\t\t\t\t\t\t\t4-26\/11\/22 et 7\/01\/23 - Suivre une conteuse qui raconte un conte sp\u00e9cialement cr\u00e9\u00e9 pour plonger dans l\u2019univers fantastique du mus\u00e9e.\t\t\t\t\t\t\t\t<\/div>\n\t\t\t\t\t\t\t\t\t\t\t\t<\/div>\n\t\t\t\t\t\t\t\t\t<\/a>\n\t\t\t\t\t<\/div>\n\t\t\t<\/div>\n\t\t\t\t<\/div>\n\t\t\t\t<div class=\"elementor-element elementor-element-0cf7b33 elementor-widget elementor-widget-spacer\" data-id=\"0cf7b33\" data-element_type=\"widget\" data-widget_type=\"spacer.default\">\n\t\t\t\t<div class=\"elementor-widget-container\">\n\t\t\t\t\t<div class=\"elementor-spacer\">\n\t\t\t<div class=\"elementor-spacer-inner\"><\/div>\n\t\t<\/div>\n\t\t\t\t<\/div>\n\t\t\t\t<\/div>\n\t\t\t\t<div class=\"elementor-element elementor-element-ac7ab29 elementor-widget elementor-widget-text-editor\" data-id=\"ac7ab29\" data-element_type=\"widget\" data-widget_type=\"text-editor.default\">\n\t\t\t\t<div class=\"elementor-widget-container\">\n\t\t\t\t\t\t\t<p>More info on our previous and future events on our social media! <a href=\"https:\/\/www.instagram.com\/mudiaredu\/?hl=fr\">Follow us!<\/a>.<\/p>\t\t\t\t\t\t<\/div>\n\t\t\t\t<\/div>\n\t\t\t\t<div class=\"elementor-element elementor-element-9e2b62c elementor-hidden-desktop elementor-hidden-tablet elementor-hidden-mobile elementor-widget elementor-widget-text-editor\" data-id=\"9e2b62c\" data-element_type=\"widget\" data-widget_type=\"text-editor.default\">\n\t\t\t\t<div class=\"elementor-widget-container\">\n\t\t\t<style>.elementor-element-9e2b62c{display:none !important}<\/style>\t\t<\/div>\n\t\t\t\t<\/div>\n\t\t\t\t<section class=\"elementor-section elementor-inner-section elementor-element elementor-element-2ccb50f elementor-hidden-desktop elementor-hidden-tablet elementor-hidden-mobile elementor-section-boxed elementor-section-height-default elementor-section-height-default\" data-id=\"2ccb50f\" data-element_type=\"section\">\n\t\t\t\t\t\t<div class=\"elementor-container elementor-column-gap-default\">\n\t\t\t\t\t<div class=\"elementor-column elementor-col-50 elementor-inner-column elementor-element elementor-element-fb7fcee\" data-id=\"fb7fcee\" data-element_type=\"column\">\n\t\t\t<div class=\"elementor-widget-wrap elementor-element-populated\">\n\t\t\t\t\t\t<div class=\"elementor-element elementor-element-bda4d82 elementor-widget elementor-widget-image\" data-id=\"bda4d82\" data-element_type=\"widget\" data-widget_type=\"image.default\">\n\t\t\t\t<div class=\"elementor-widget-container\">\n\t\t\t\t\t\t\t\t\t\t\t\t\t<img loading=\"lazy\" decoding=\"async\" width=\"1024\" height=\"1024\" src=\"https:\/\/mudia.be\/wp-content\/uploads\/2023\/03\/Add-a-heading-3-1024x1024.png\" class=\"attachment-large size-large wp-image-7138\" alt=\"Mus\u00e9e Mudia - Art contemporain - Exposition\" srcset=\"https:\/\/mudia.be\/wp-content\/uploads\/2023\/03\/Add-a-heading-3-1024x1024.png 1024w, https:\/\/mudia.be\/wp-content\/uploads\/2023\/03\/Add-a-heading-3-300x300.png 300w, https:\/\/mudia.be\/wp-content\/uploads\/2023\/03\/Add-a-heading-3-768x768.png 768w, https:\/\/mudia.be\/wp-content\/uploads\/2023\/03\/Add-a-heading-3-12x12.png 12w, https:\/\/mudia.be\/wp-content\/uploads\/2023\/03\/Add-a-heading-3-100x100.png 100w, https:\/\/mudia.be\/wp-content\/uploads\/2023\/03\/Add-a-heading-3-350x350.png 350w, https:\/\/mudia.be\/wp-content\/uploads\/2023\/03\/Add-a-heading-3-650x650.png 650w, https:\/\/mudia.be\/wp-content\/uploads\/2023\/03\/Add-a-heading-3-500x500.png 500w, https:\/\/mudia.be\/wp-content\/uploads\/2023\/03\/Add-a-heading-3-415x415.png 415w, https:\/\/mudia.be\/wp-content\/uploads\/2023\/03\/Add-a-heading-3-250x250.png 250w, https:\/\/mudia.be\/wp-content\/uploads\/2023\/03\/Add-a-heading-3.png 1080w\" sizes=\"(max-width: 1024px) 100vw, 1024px\" \/>\t\t\t\t\t\t\t\t\t\t\t\t\t<\/div>\n\t\t\t\t<\/div>\n\t\t\t\t\t<\/div>\n\t\t<\/div>\n\t\t\t\t<div class=\"elementor-column elementor-col-50 elementor-inner-column elementor-element elementor-element-c0a2140\" data-id=\"c0a2140\" data-element_type=\"column\">\n\t\t\t<div class=\"elementor-widget-wrap elementor-element-populated\">\n\t\t\t\t\t\t<div class=\"elementor-element elementor-element-6524804 elementor-widget elementor-widget-text-editor\" data-id=\"6524804\" data-element_type=\"widget\" data-widget_type=\"text-editor.default\">\n\t\t\t\t<div class=\"elementor-widget-container\">\n\t\t\t\t\t\t\t<p><i>Le mercredi 8 mars 2023<\/i><\/p>\n<h4><span style=\"font-size: inherit; background-color: var(--gt-background-color);\">Nocturne et visite guid\u00e9e : <br>Les Femmes dans l&rsquo;Art<\/span><\/h4>\n<p>Au Mudia, nous c\u00e9l\u00e9brons les femmes sous toutes leurs facettes. Longtemps consid\u00e9r\u00e9es comme inspirations, la reconnaissance des femmes en tant qu&rsquo;artistes n&rsquo;est arriv\u00e9e que tardivement. \u00c0 l&rsquo;occasion de la Journ\u00e9e internationale pour les droits des femmes qui a lieu tous les 8 mars, <b>le mus\u00e9e vous invite pour une visite guid\u00e9e qui vient mettre en lumi\u00e8re les femmes dans l&rsquo;art.&nbsp;<\/b><\/p>\n<p><span style=\"color: var(--gt-heading-color); font-family: Marcellus; font-size: 1.5rem; background-color: var(--gt-background-color);\">Informations pratiques :<\/span><\/p>\n<ul>\n<li><strong>Dates et heure :<\/strong>\n<ul>\n<li>Le mercredi 8 mars de 19h00 \u00e0 20h45<\/li>\n<\/ul>\n<\/li>\n<li><strong>Dur\u00e9e<\/strong> : 1h45<\/li>\n<li><strong>Tarif<\/strong> : compris dans le prix de l&rsquo;entr\u00e9e<\/li>\n<li><strong>Inscriptions<\/strong> via <a href=\"mailto:info@mudia.be\">info@mudia.be<\/a> ou au +32(0)61 51 11 96<br><\/li>\n<\/ul>\t\t\t\t\t\t<\/div>\n\t\t\t\t<\/div>\n\t\t\t\t\t<\/div>\n\t\t<\/div>\n\t\t\t\t\t<\/div>\n\t\t<\/section>\n\t\t\t\t<section class=\"elementor-section elementor-inner-section elementor-element elementor-element-d91f2e2 elementor-hidden-desktop elementor-hidden-tablet elementor-hidden-mobile elementor-section-boxed elementor-section-height-default elementor-section-height-default\" data-id=\"d91f2e2\" data-element_type=\"section\">\n\t\t\t\t\t\t<div class=\"elementor-container elementor-column-gap-default\">\n\t\t\t\t\t<div class=\"elementor-column elementor-col-50 elementor-inner-column elementor-element elementor-element-96a997d\" data-id=\"96a997d\" data-element_type=\"column\">\n\t\t\t<div class=\"elementor-widget-wrap elementor-element-populated\">\n\t\t\t\t\t\t<div class=\"elementor-element elementor-element-2d23bf6 elementor-widget elementor-widget-image\" data-id=\"2d23bf6\" data-element_type=\"widget\" data-widget_type=\"image.default\">\n\t\t\t\t<div class=\"elementor-widget-container\">\n\t\t\t\t\t\t\t\t\t\t\t\t\t<img loading=\"lazy\" decoding=\"async\" width=\"1024\" height=\"1024\" src=\"https:\/\/mudia.be\/wp-content\/uploads\/2023\/02\/ateliers-ludique-5-1024x1024.png\" class=\"attachment-large size-large wp-image-7113\" alt=\"Mus\u00e9e Mudia - Animations ludiques pour les enfants\" srcset=\"https:\/\/mudia.be\/wp-content\/uploads\/2023\/02\/ateliers-ludique-5-1024x1024.png 1024w, https:\/\/mudia.be\/wp-content\/uploads\/2023\/02\/ateliers-ludique-5-300x300.png 300w, https:\/\/mudia.be\/wp-content\/uploads\/2023\/02\/ateliers-ludique-5-768x768.png 768w, https:\/\/mudia.be\/wp-content\/uploads\/2023\/02\/ateliers-ludique-5-12x12.png 12w, https:\/\/mudia.be\/wp-content\/uploads\/2023\/02\/ateliers-ludique-5-100x100.png 100w, https:\/\/mudia.be\/wp-content\/uploads\/2023\/02\/ateliers-ludique-5-350x350.png 350w, https:\/\/mudia.be\/wp-content\/uploads\/2023\/02\/ateliers-ludique-5-650x650.png 650w, https:\/\/mudia.be\/wp-content\/uploads\/2023\/02\/ateliers-ludique-5-500x500.png 500w, https:\/\/mudia.be\/wp-content\/uploads\/2023\/02\/ateliers-ludique-5-415x415.png 415w, https:\/\/mudia.be\/wp-content\/uploads\/2023\/02\/ateliers-ludique-5-250x250.png 250w, https:\/\/mudia.be\/wp-content\/uploads\/2023\/02\/ateliers-ludique-5.png 1080w\" sizes=\"(max-width: 1024px) 100vw, 1024px\" \/>\t\t\t\t\t\t\t\t\t\t\t\t\t<\/div>\n\t\t\t\t<\/div>\n\t\t\t\t\t<\/div>\n\t\t<\/div>\n\t\t\t\t<div class=\"elementor-column elementor-col-50 elementor-inner-column elementor-element elementor-element-a5063e1\" data-id=\"a5063e1\" data-element_type=\"column\">\n\t\t\t<div class=\"elementor-widget-wrap elementor-element-populated\">\n\t\t\t\t\t\t<div class=\"elementor-element elementor-element-b57d357 elementor-widget elementor-widget-text-editor\" data-id=\"b57d357\" data-element_type=\"widget\" data-widget_type=\"text-editor.default\">\n\t\t\t\t<div class=\"elementor-widget-container\">\n\t\t\t\t\t\t\t<p><i>Du 20 au 26 f\u00e9vrier 2023<\/i><\/p>\n<h4><span style=\"font-size: inherit; background-color: var(--gt-background-color);\">Animations ludiques pour les enfants !<\/span><\/h4>\n<p>Le Mudia propose pour les vacances de Carnaval de nouvelles animations guid\u00e9es pour les enfants de 5 \u00e0 12 ans. \u00c0 l&rsquo;aide d&rsquo;un carnet d&rsquo;activit\u00e9s, e<span style=\"background-color: var(--gt-background-color); font-size: inherit;\">xplorez le mus\u00e9e de mani\u00e8re ludique dans le cadre d&rsquo;une activit\u00e9 cr\u00e9ative et fun !&nbsp; Devinettes, quiz, ateliers de coloriage&#8230; De quoi rythmer votre apr\u00e8s-midi au mus\u00e9e !<\/span><\/p>\n<p><span style=\"color: var(--gt-heading-color); font-family: Marcellus; font-size: 1.5rem; background-color: var(--gt-background-color);\">Informations pratiques :<\/span><\/p>\n<ul>\n<li><strong>Dates et heure :<\/strong>\n<ul>\n<li>Tous les jours du 20 au 26 f\u00e9vrier de 14h \u00e0 15h30<\/li>\n<\/ul>\n<\/li>\n<li><strong>Dur\u00e9e<\/strong> : 1h30<\/li>\n<li><strong>Tarif<\/strong> : compris dans le prix de l&rsquo;entr\u00e9e<\/li>\n<li><strong>Inscriptions<\/strong> via <a href=\"mailto:info@mudia.be\">info@mudia.be<\/a> ou au +32(0)61 51 11 96<\/li>\n<li><span style=\"color: #ff0000;\"><strong>Attention : places limit\u00e9es !<\/strong><\/span><\/li>\n<li><b>L&rsquo;activit\u00e9 est r\u00e9serv\u00e9e aux enfants<\/b>. Les adultes accompagnateurs sont invit\u00e9s \u00e0 profiter d&rsquo;une visite au mus\u00e9e ou d&rsquo;un moment de relaxation au Mudia Caf\u00e9 en attendant.<br><\/li>\n<\/ul>\t\t\t\t\t\t<\/div>\n\t\t\t\t<\/div>\n\t\t\t\t\t<\/div>\n\t\t<\/div>\n\t\t\t\t\t<\/div>\n\t\t<\/section>\n\t\t\t\t\t<\/div>\n\t\t<\/div>\n\t\t\t\t\t<\/div>\n\t\t<\/section>\n\t\t\t\t<section class=\"elementor-section elementor-top-section elementor-element elementor-element-7ca2d79 elementor-section-boxed elementor-section-height-default elementor-section-height-default\" data-id=\"7ca2d79\" data-element_type=\"section\">\n\t\t\t\t\t\t<div class=\"elementor-container elementor-column-gap-default\">\n\t\t\t\t\t<div class=\"elementor-column elementor-col-100 elementor-top-column elementor-element elementor-element-77cc130\" data-id=\"77cc130\" data-element_type=\"column\">\n\t\t\t<div class=\"elementor-widget-wrap elementor-element-populated\">\n\t\t\t\t\t\t<div class=\"elementor-element elementor-element-d911eba elementor-hidden-desktop elementor-hidden-tablet elementor-hidden-mobile elementor-widget elementor-widget-heading\" data-id=\"d911eba\" data-element_type=\"widget\" data-widget_type=\"heading.default\">\n\t\t\t\t<div class=\"elementor-widget-container\">\n\t\t\t<h6 class=\"elementor-heading-title elementor-size-default\">Coming soon<\/h6>\t\t<\/div>\n\t\t\t\t<\/div>\n\t\t\t\t<section class=\"elementor-section elementor-inner-section elementor-element elementor-element-399e21c elementor-section-boxed elementor-section-height-default elementor-section-height-default\" data-id=\"399e21c\" data-element_type=\"section\">\n\t\t\t\t\t\t<div class=\"elementor-container elementor-column-gap-default\">\n\t\t\t\t\t<div class=\"elementor-column elementor-col-50 elementor-inner-column elementor-element elementor-element-145117a elementor-hidden-desktop elementor-hidden-tablet elementor-hidden-mobile\" data-id=\"145117a\" data-element_type=\"column\">\n\t\t\t<div class=\"elementor-widget-wrap elementor-element-populated\">\n\t\t\t\t\t\t<div class=\"elementor-element elementor-element-5e1858e elementor-widget__width-initial elementor-hidden-desktop elementor-hidden-tablet elementor-hidden-mobile elementor-widget elementor-widget-image\" data-id=\"5e1858e\" data-element_type=\"widget\" data-widget_type=\"image.default\">\n\t\t\t\t<div class=\"elementor-widget-container\">\n\t\t\t\t\t\t\t\t\t\t\t\t\t<img loading=\"lazy\" decoding=\"async\" width=\"1024\" height=\"536\" src=\"https:\/\/mudia.be\/wp-content\/uploads\/2024\/07\/Mudia-Banner_ArtBelge-LIGHT2-1024x536.jpg\" class=\"attachment-large size-large wp-image-8482\" alt=\"L&#039;Art belge, tr\u00e8s pr\u00e9sent au Mudia, mis en avant \u00e0 l&#039;occasion de visites th\u00e9matiques.\" srcset=\"https:\/\/mudia.be\/wp-content\/uploads\/2024\/07\/Mudia-Banner_ArtBelge-LIGHT2-1024x536.jpg 1024w, https:\/\/mudia.be\/wp-content\/uploads\/2024\/07\/Mudia-Banner_ArtBelge-LIGHT2-300x157.jpg 300w, https:\/\/mudia.be\/wp-content\/uploads\/2024\/07\/Mudia-Banner_ArtBelge-LIGHT2-768x402.jpg 768w, https:\/\/mudia.be\/wp-content\/uploads\/2024\/07\/Mudia-Banner_ArtBelge-LIGHT2-1536x804.jpg 1536w, https:\/\/mudia.be\/wp-content\/uploads\/2024\/07\/Mudia-Banner_ArtBelge-LIGHT2-2048x1072.jpg 2048w, https:\/\/mudia.be\/wp-content\/uploads\/2024\/07\/Mudia-Banner_ArtBelge-LIGHT2-18x9.jpg 18w, https:\/\/mudia.be\/wp-content\/uploads\/2024\/07\/Mudia-Banner_ArtBelge-LIGHT2-415x217.jpg 415w, https:\/\/mudia.be\/wp-content\/uploads\/2024\/07\/Mudia-Banner_ArtBelge-LIGHT2-650x340.jpg 650w, https:\/\/mudia.be\/wp-content\/uploads\/2024\/07\/Mudia-Banner_ArtBelge-LIGHT2-250x131.jpg 250w\" sizes=\"(max-width: 1024px) 100vw, 1024px\" \/>\t\t\t\t\t\t\t\t\t\t\t\t\t<\/div>\n\t\t\t\t<\/div>\n\t\t\t\t<div class=\"elementor-element elementor-element-10d446b elementor-hidden-desktop elementor-hidden-tablet elementor-hidden-mobile elementor-widget elementor-widget-text-editor\" data-id=\"10d446b\" data-element_type=\"widget\" data-widget_type=\"text-editor.default\">\n\t\t\t\t<div class=\"elementor-widget-container\">\n\t\t\t\t\t\t\t<h3 style=\"font-size: 16px;\"><span style=\"background-color: initial; color: var(--gt-heading-color); font-family: 'Darker Grotesque'; font-size: 1.5rem;\">Informations pratiques :<\/span><\/h3><ul><li><span style=\"font-size: inherit; background-color: var(--gt-background-color);\">Le samedi 20 juillet \u00e0 11h &amp; le dimanche 21 juillet \u00e0 15h<\/span><\/li><li><span style=\"font-size: inherit; background-color: var(--gt-background-color);\">Tarif : compris dans le ticket d&rsquo;entr\u00e9e pour le Mudia<br \/>! B\u00e9n\u00e9ficiez d&rsquo;une entr\u00e9e gratuite au Mudia gr\u00e2ce \u00e0 votre Museum Pass<\/span><\/li><li><span style=\"background-color: var(--gt-background-color); font-size: inherit;\">R\u00e9servation via <\/span><a href=\"mailto:info@mudia.be\">info@mudia.be<\/a> ou au 061 51 11 96\u00a0<\/li><\/ul>\t\t\t\t\t\t<\/div>\n\t\t\t\t<\/div>\n\t\t\t\t\t<\/div>\n\t\t<\/div>\n\t\t\t\t<div class=\"elementor-column elementor-col-50 elementor-inner-column elementor-element elementor-element-fa5ba96 elementor-hidden-desktop elementor-hidden-tablet elementor-hidden-mobile\" data-id=\"fa5ba96\" data-element_type=\"column\">\n\t\t\t<div class=\"elementor-widget-wrap elementor-element-populated\">\n\t\t\t\t\t\t<div class=\"elementor-element elementor-element-cabdba4 elementor-hidden-desktop elementor-hidden-tablet elementor-hidden-mobile elementor-widget elementor-widget-text-editor\" data-id=\"cabdba4\" data-element_type=\"widget\" data-widget_type=\"text-editor.default\">\n\t\t\t\t<div class=\"elementor-widget-container\">\n\t\t\t\t\t\t\t<p><em>Le samedi 20 &amp; le dimanche 21 juillet 2024<\/em><\/p><h1>L&rsquo;art belge<\/h1><h5><b style=\"font-size: inherit; background-color: var(--gt-background-color);\">Rendez-vous au Mudia pour une visite guid\u00e9e th\u00e9matique d\u00e9di\u00e9e \u00e0 l&rsquo;art belge<\/b><\/h5><p>Le week-end du 21 juillet, le Mudia met l&rsquo;art belge \u00e0 l&rsquo;honneur ! Rendez-vous \u00e0 11h le samedi 20 et \u00e0 15h le dimanche 21 pour une visite \u00e0 travers les \u0153uvres et artistes belges. De Bruegel \u00e0 Herg\u00e9 en passant par Geluck ou Magritte.<\/p><p>\u00c0 ne pas manquer : une nouvelle \u0153uvre de l&rsquo;impressionniste belge Emile Clause sera int\u00e9gr\u00e9e au parcours du Mudia le samedi 20 lors de la visite !<\/p><p style=\"font-weight: 400;\">Et toute la journ\u00e9e, visiteurs et visiteuses pourront d\u00e9guster de d\u00e9licieuses gaufres au Mudia Caf\u00e9.<\/p>\t\t\t\t\t\t<\/div>\n\t\t\t\t<\/div>\n\t\t\t\t\t<\/div>\n\t\t<\/div>\n\t\t\t\t\t<\/div>\n\t\t<\/section>\n\t\t\t\t<section class=\"elementor-section elementor-inner-section elementor-element elementor-element-2c29044 elementor-hidden-desktop elementor-hidden-tablet elementor-hidden-mobile elementor-section-boxed elementor-section-height-default elementor-section-height-default\" data-id=\"2c29044\" data-element_type=\"section\">\n\t\t\t\t\t\t<div class=\"elementor-container elementor-column-gap-default\">\n\t\t\t\t\t<div class=\"elementor-column elementor-col-50 elementor-inner-column elementor-element elementor-element-871f8db\" data-id=\"871f8db\" data-element_type=\"column\">\n\t\t\t<div class=\"elementor-widget-wrap elementor-element-populated\">\n\t\t\t\t\t\t<div class=\"elementor-element elementor-element-61dca59 elementor-widget__width-initial elementor-widget elementor-widget-image\" data-id=\"61dca59\" data-element_type=\"widget\" data-widget_type=\"image.default\">\n\t\t\t\t<div class=\"elementor-widget-container\">\n\t\t\t\t\t\t\t\t\t\t\t\t\t<img loading=\"lazy\" decoding=\"async\" width=\"1024\" height=\"1024\" src=\"https:\/\/mudia.be\/wp-content\/uploads\/2024\/03\/Events-1-1024x1024.jpg\" class=\"attachment-large size-large wp-image-8348\" alt=\"\" srcset=\"https:\/\/mudia.be\/wp-content\/uploads\/2024\/03\/Events-1-1024x1024.jpg 1024w, https:\/\/mudia.be\/wp-content\/uploads\/2024\/03\/Events-1-300x300.jpg 300w, https:\/\/mudia.be\/wp-content\/uploads\/2024\/03\/Events-1-150x150.jpg 150w, https:\/\/mudia.be\/wp-content\/uploads\/2024\/03\/Events-1-768x768.jpg 768w, https:\/\/mudia.be\/wp-content\/uploads\/2024\/03\/Events-1-12x12.jpg 12w, https:\/\/mudia.be\/wp-content\/uploads\/2024\/03\/Events-1-100x100.jpg 100w, https:\/\/mudia.be\/wp-content\/uploads\/2024\/03\/Events-1-350x350.jpg 350w, https:\/\/mudia.be\/wp-content\/uploads\/2024\/03\/Events-1-650x650.jpg 650w, https:\/\/mudia.be\/wp-content\/uploads\/2024\/03\/Events-1-500x500.jpg 500w, https:\/\/mudia.be\/wp-content\/uploads\/2024\/03\/Events-1-415x415.jpg 415w, https:\/\/mudia.be\/wp-content\/uploads\/2024\/03\/Events-1-250x250.jpg 250w, https:\/\/mudia.be\/wp-content\/uploads\/2024\/03\/Events-1.jpg 1080w\" sizes=\"(max-width: 1024px) 100vw, 1024px\" \/>\t\t\t\t\t\t\t\t\t\t\t\t\t<\/div>\n\t\t\t\t<\/div>\n\t\t\t\t<div class=\"elementor-element elementor-element-0f6bc1d elementor-widget elementor-widget-text-editor\" data-id=\"0f6bc1d\" data-element_type=\"widget\" data-widget_type=\"text-editor.default\">\n\t\t\t\t<div class=\"elementor-widget-container\">\n\t\t\t\t\t\t\t<h3 style=\"font-size: 16px;\"><span style=\"background-color: initial; color: var(--gt-heading-color); font-family: 'Darker Grotesque'; font-size: 1.5rem;\">Informations pratiques :<\/span><\/h3><ul><li><span style=\"font-size: inherit; background-color: var(--gt-background-color);\">Le mercredi 8 mai (toute la journ\u00e9e durant les horaires d&rsquo;ouverture du mus\u00e9e, de 10h \u00e0 17h)<\/span><\/li><li>Tarif\u00a0<span style=\"font-size: inherit; background-color: var(--gt-background-color);\">: gratuit pour les enseignant\u00b7es, 8\u20ac pour les accompagnant\u00b7es<\/span><\/li><li><span style=\"font-size: inherit; background-color: var(--gt-background-color);\">R\u00e9servation via <a href=\"mailto:reservations@mudia.be\">reservations@mudia.be<\/a><\/span><\/li><\/ul>\t\t\t\t\t\t<\/div>\n\t\t\t\t<\/div>\n\t\t\t\t\t<\/div>\n\t\t<\/div>\n\t\t\t\t<div class=\"elementor-column elementor-col-50 elementor-inner-column elementor-element elementor-element-89a40fc\" data-id=\"89a40fc\" data-element_type=\"column\">\n\t\t\t<div class=\"elementor-widget-wrap elementor-element-populated\">\n\t\t\t\t\t\t<div class=\"elementor-element elementor-element-e5715cc elementor-widget elementor-widget-text-editor\" data-id=\"e5715cc\" data-element_type=\"widget\" data-widget_type=\"text-editor.default\">\n\t\t\t\t<div class=\"elementor-widget-container\">\n\t\t\t\t\t\t\t<p><em>Le mercredi 8\/05 entre 10h et 17h<\/em><\/p><h1>Journ\u00e9e profs<\/h1><h5><b style=\"font-size: inherit; background-color: var(--gt-background-color);\">Le Mudia invite tous\u00b7tes les enseignant\u00b7es \u00e0 une visite gratuite !<\/b><\/h5><p>Le\u00a0<strong>Mudia<\/strong> est un mus\u00e9e qui a pour vocation de retracer sept si\u00e8cles d\u2019histoire de l\u2019art avec rien de moins que 300 oeuvres originales r\u00e9parties sur 1.000 m\u00b2 et 4 \u00e9tages. On y retrouve des tableaux, dessins ou sculptures de Bruegel, Rodin, Picasso, Giacometti ou Magritte ainsi qu\u2019une section bande dessin\u00e9e avec des originaux de Franquin, Herg\u00e9, Geluck ou Topor.<\/p><p style=\"font-weight: 400;\">Le <strong>Mudia\u00a0<\/strong>propose \u00e9galement lors de cette visite ludique et immersive 60 attractions parmi lesquelles\u00a0 30 \u00e9crans tactiles,\u00a0 une Marilyn Monroe \u00e9chapp\u00e9e du film\u00a0<em>Sept ans de r\u00e9flexion<\/em>, des statuettes baroques tournantes, audioguides,&#8230;.<\/p><p style=\"font-weight: 400;\">Afin de vous faire d\u00e9couvrir le<strong>\u00a0Mudia<\/strong>, que vous ne connaissez peut-\u00eatre pas encore, et surtout vous offrir la possibilit\u00e9 de le visiter gratuitement afin d\u2019en mesurer l\u2019int\u00e9r\u00eat et la pertinence pour y revenir avec vos \u00e9l\u00e8ves, nous vous proposons aussi un dossier p\u00e9dagogique.<\/p>\t\t\t\t\t\t<\/div>\n\t\t\t\t<\/div>\n\t\t\t\t\t<\/div>\n\t\t<\/div>\n\t\t\t\t\t<\/div>\n\t\t<\/section>\n\t\t\t\t<section class=\"elementor-section elementor-inner-section elementor-element elementor-element-fcfe952 elementor-hidden-tablet elementor-hidden-mobile elementor-hidden-desktop elementor-section-boxed elementor-section-height-default elementor-section-height-default\" data-id=\"fcfe952\" data-element_type=\"section\">\n\t\t\t\t\t\t<div class=\"elementor-container elementor-column-gap-default\">\n\t\t\t\t\t<div class=\"elementor-column elementor-col-50 elementor-inner-column elementor-element elementor-element-c83ff1a\" data-id=\"c83ff1a\" data-element_type=\"column\">\n\t\t\t<div class=\"elementor-widget-wrap elementor-element-populated\">\n\t\t\t\t\t\t<div class=\"elementor-element elementor-element-15edf04 elementor-widget__width-initial elementor-widget elementor-widget-image\" data-id=\"15edf04\" data-element_type=\"widget\" data-widget_type=\"image.default\">\n\t\t\t\t<div class=\"elementor-widget-container\">\n\t\t\t\t\t\t\t\t\t\t\t\t\t<img loading=\"lazy\" decoding=\"async\" width=\"724\" height=\"1024\" src=\"https:\/\/mudia.be\/wp-content\/uploads\/2023\/12\/Mudia-Affiche_ContesAuMusee_Noel-1-1-724x1024.png\" class=\"attachment-large size-large wp-image-8163\" alt=\"\" srcset=\"https:\/\/mudia.be\/wp-content\/uploads\/2023\/12\/Mudia-Affiche_ContesAuMusee_Noel-1-1-724x1024.png 724w, https:\/\/mudia.be\/wp-content\/uploads\/2023\/12\/Mudia-Affiche_ContesAuMusee_Noel-1-1-212x300.png 212w, https:\/\/mudia.be\/wp-content\/uploads\/2023\/12\/Mudia-Affiche_ContesAuMusee_Noel-1-1-768x1086.png 768w, https:\/\/mudia.be\/wp-content\/uploads\/2023\/12\/Mudia-Affiche_ContesAuMusee_Noel-1-1-1086x1536.png 1086w, https:\/\/mudia.be\/wp-content\/uploads\/2023\/12\/Mudia-Affiche_ContesAuMusee_Noel-1-1-1448x2048.png 1448w, https:\/\/mudia.be\/wp-content\/uploads\/2023\/12\/Mudia-Affiche_ContesAuMusee_Noel-1-1-8x12.png 8w, https:\/\/mudia.be\/wp-content\/uploads\/2023\/12\/Mudia-Affiche_ContesAuMusee_Noel-1-1-415x587.png 415w, https:\/\/mudia.be\/wp-content\/uploads\/2023\/12\/Mudia-Affiche_ContesAuMusee_Noel-1-1-650x919.png 650w, https:\/\/mudia.be\/wp-content\/uploads\/2023\/12\/Mudia-Affiche_ContesAuMusee_Noel-1-1-250x354.png 250w, https:\/\/mudia.be\/wp-content\/uploads\/2023\/12\/Mudia-Affiche_ContesAuMusee_Noel-1-1.png 1654w\" sizes=\"(max-width: 724px) 100vw, 724px\" \/>\t\t\t\t\t\t\t\t\t\t\t\t\t<\/div>\n\t\t\t\t<\/div>\n\t\t\t\t\t<\/div>\n\t\t<\/div>\n\t\t\t\t<div class=\"elementor-column elementor-col-50 elementor-inner-column elementor-element elementor-element-e658687\" data-id=\"e658687\" data-element_type=\"column\">\n\t\t\t<div class=\"elementor-widget-wrap elementor-element-populated\">\n\t\t\t\t\t\t<div class=\"elementor-element elementor-element-ae72d0b elementor-widget elementor-widget-text-editor\" data-id=\"ae72d0b\" data-element_type=\"widget\" data-widget_type=\"text-editor.default\">\n\t\t\t\t<div class=\"elementor-widget-container\">\n\t\t\t\t\t\t\t<p>27<em> et 30 d\u00e9cembre 2023 &amp; 3 et 6 janvier 2024<\/em><\/p><h4>Un hiver sous le signe de la culture<\/h4><p><b>Cet hiver, le Mudia vous offre de la magie&#8230;<br \/><\/b><span style=\"font-size: inherit; background-color: var(--gt-background-color);\">Entre nature et culture, le Mudia vous invite dans son cocon pour \u00e9gayer les journ\u00e9es moroses de la saison hivernale. D\u00e9couvrez le mus\u00e9e qui vous fait vivre l\u2019art autrement \u00e0 l\u2019occasion d\u2019\u00e9v\u00e9nements en famille.\u00a0<\/span><\/p><p><span style=\"font-size: inherit; background-color: var(--gt-background-color);\">Au programme :\u00a0<br \/><\/span><span style=\"background-color: var(--gt-background-color); font-size: inherit;\"><b>Des ateliers artistiques pour les enfants<br \/><\/b><\/span><span style=\"font-size: inherit;\">Apr\u00e8s une visite guid\u00e9e du mus\u00e9e visant \u00e0 les inspirer, vos enfants pourront travailler leur imagination lors d&rsquo;un atelier cr\u00e9atif.<\/span><\/p>\t\t\t\t\t\t<\/div>\n\t\t\t\t<\/div>\n\t\t\t\t<div class=\"elementor-element elementor-element-78400c6 elementor-widget elementor-widget-text-editor\" data-id=\"78400c6\" data-element_type=\"widget\" data-widget_type=\"text-editor.default\">\n\t\t\t\t<div class=\"elementor-widget-container\">\n\t\t\t\t\t\t\t<p style=\"font-size: 16px;\"><span style=\"background-color: initial; color: var(--gt-heading-color); font-family: 'Darker Grotesque'; font-size: 1.5rem;\">Informations pratiques ateliers cr\u00e9atifs :<\/span><\/p><ul><li><span style=\"font-weight: 600; line-height: inherit;\">Dates et heure :<\/span>\u00a0l<span style=\"font-size: inherit; background-color: var(--gt-background-color);\">es mercredis 27 d\u00e9cembre et 3 janvier \u00e0 10h00<\/span><\/li><li><span style=\"font-weight: 600; line-height: inherit;\">Dur\u00e9e<\/span>\u00a0: Atelier : 2h<\/li><li><span style=\"font-weight: 600; line-height: inherit;\">Tarif\u00a0<\/span>: 20\u20ac\/enfant de 8 \u00e0 12 ans (visite comprise)<\/li><li><span style=\"font-weight: 600; line-height: inherit;\">Inscriptions<\/span>\u00a0via\u00a0<a style=\"transition-property: all;\" href=\"mailto:info@mudia.be\">info@mudia.be<\/a>\u00a0ou au +32 2 549 60 49<br \/><span style=\"color: #ff0000;\"><span style=\"font-weight: 600; line-height: inherit;\">Attention : places limit\u00e9es !<\/span><\/span><\/li><\/ul>\t\t\t\t\t\t<\/div>\n\t\t\t\t<\/div>\n\t\t\t\t<div class=\"elementor-element elementor-element-83be60a elementor-widget elementor-widget-text-editor\" data-id=\"83be60a\" data-element_type=\"widget\" data-widget_type=\"text-editor.default\">\n\t\t\t\t<div class=\"elementor-widget-container\">\n\t\t\t\t\t\t\t<p><span style=\"font-size: inherit;\"><b>Des visites uniques avec notre conteuse pr\u00e9f\u00e9r\u00e9e<br \/><\/b><\/span><span style=\"font-size: inherit; background-color: var(--gt-background-color);\">Toute la famille est invit\u00e9e \u00e0 voyager avec la conteuse V\u00e9ronique de Miomandre lors d&rsquo;une visite comme vous n&rsquo;en n&rsquo;avez jamais v\u00e9cue. R\u00eaveries autoris\u00e9es !<\/span><\/p>\t\t\t\t\t\t<\/div>\n\t\t\t\t<\/div>\n\t\t\t\t<div class=\"elementor-element elementor-element-0ce39fe elementor-widget elementor-widget-text-editor\" data-id=\"0ce39fe\" data-element_type=\"widget\" data-widget_type=\"text-editor.default\">\n\t\t\t\t<div class=\"elementor-widget-container\">\n\t\t\t\t\t\t\t<p style=\"font-size: 16px;\"><span style=\"background-color: initial; color: var(--gt-heading-color); font-family: 'Darker Grotesque'; font-size: 1.5rem;\">Informations pratiques visites cont\u00e9es :<\/span><\/p>\n\n<ul>\n \t<li><span style=\"font-weight: 600; line-height: inherit;\">Dates et heure :<\/span>\u00a0<span style=\"font-size: inherit; background-color: var(--gt-background-color);\">les samedis 30 d\u00e9cembre et 6 janvier \u00e0 15h00<\/span><\/li>\n \t<li><span style=\"font-weight: 600; line-height: inherit;\">Dur\u00e9e<\/span>\u00a0:\u00a01h30<\/li>\n \t<li><span style=\"font-weight: 600; line-height: inherit;\">Tarif\u00a0<\/span>:\u00a0Adulte : 17\u20ac &#8211; Enfant : 12\u20ac<\/li>\n \t<li><span style=\"font-weight: 600; line-height: inherit;\">Inscriptions<\/span>\u00a0via\u00a0<a style=\"transition-property: all;\" href=\"mailto:info@mudia.be\">info@mudia.be<\/a>\u00a0ou au +32 2 549 60 49\n<span style=\"color: #ff0000;\"><span style=\"font-weight: 600; line-height: inherit;\">Attention : places limit\u00e9es !<\/span><\/span><\/li>\n<\/ul>\t\t\t\t\t\t<\/div>\n\t\t\t\t<\/div>\n\t\t\t\t\t<\/div>\n\t\t<\/div>\n\t\t\t\t\t<\/div>\n\t\t<\/section>\n\t\t\t\t<section class=\"elementor-section elementor-inner-section elementor-element elementor-element-db95e8a elementor-hidden-tablet elementor-hidden-mobile elementor-hidden-desktop elementor-section-boxed elementor-section-height-default elementor-section-height-default\" data-id=\"db95e8a\" data-element_type=\"section\">\n\t\t\t\t\t\t<div class=\"elementor-container elementor-column-gap-default\">\n\t\t\t\t\t<div class=\"elementor-column elementor-col-50 elementor-inner-column elementor-element elementor-element-2d780df\" data-id=\"2d780df\" data-element_type=\"column\">\n\t\t\t<div class=\"elementor-widget-wrap elementor-element-populated\">\n\t\t\t\t\t\t<div class=\"elementor-element elementor-element-859596e elementor-widget__width-initial elementor-widget elementor-widget-image\" data-id=\"859596e\" data-element_type=\"widget\" data-widget_type=\"image.default\">\n\t\t\t\t<div class=\"elementor-widget-container\">\n\t\t\t\t\t\t\t\t\t\t\t\t\t<img loading=\"lazy\" decoding=\"async\" width=\"989\" height=\"1024\" src=\"https:\/\/mudia.be\/wp-content\/uploads\/2023\/10\/Mudia-Affiche_ContesAuMusee-1-scaled-e1700833272844-989x1024.jpg\" class=\"attachment-large size-large wp-image-8073\" alt=\"\" srcset=\"https:\/\/mudia.be\/wp-content\/uploads\/2023\/10\/Mudia-Affiche_ContesAuMusee-1-scaled-e1700833272844-989x1024.jpg 989w, https:\/\/mudia.be\/wp-content\/uploads\/2023\/10\/Mudia-Affiche_ContesAuMusee-1-scaled-e1700833272844-290x300.jpg 290w, https:\/\/mudia.be\/wp-content\/uploads\/2023\/10\/Mudia-Affiche_ContesAuMusee-1-scaled-e1700833272844-768x795.jpg 768w, https:\/\/mudia.be\/wp-content\/uploads\/2023\/10\/Mudia-Affiche_ContesAuMusee-1-scaled-e1700833272844-1484x1536.jpg 1484w, https:\/\/mudia.be\/wp-content\/uploads\/2023\/10\/Mudia-Affiche_ContesAuMusee-1-scaled-e1700833272844-12x12.jpg 12w, https:\/\/mudia.be\/wp-content\/uploads\/2023\/10\/Mudia-Affiche_ContesAuMusee-1-scaled-e1700833272844-415x430.jpg 415w, https:\/\/mudia.be\/wp-content\/uploads\/2023\/10\/Mudia-Affiche_ContesAuMusee-1-scaled-e1700833272844-650x673.jpg 650w, https:\/\/mudia.be\/wp-content\/uploads\/2023\/10\/Mudia-Affiche_ContesAuMusee-1-scaled-e1700833272844-250x259.jpg 250w, https:\/\/mudia.be\/wp-content\/uploads\/2023\/10\/Mudia-Affiche_ContesAuMusee-1-scaled-e1700833272844.jpg 1809w\" sizes=\"(max-width: 989px) 100vw, 989px\" \/>\t\t\t\t\t\t\t\t\t\t\t\t\t<\/div>\n\t\t\t\t<\/div>\n\t\t\t\t\t<\/div>\n\t\t<\/div>\n\t\t\t\t<div class=\"elementor-column elementor-col-50 elementor-inner-column elementor-element elementor-element-35b3b53\" data-id=\"35b3b53\" data-element_type=\"column\">\n\t\t\t<div class=\"elementor-widget-wrap elementor-element-populated\">\n\t\t\t\t\t\t<div class=\"elementor-element elementor-element-1da18f5 elementor-widget elementor-widget-text-editor\" data-id=\"1da18f5\" data-element_type=\"widget\" data-widget_type=\"text-editor.default\">\n\t\t\t\t<div class=\"elementor-widget-container\">\n\t\t\t\t\t\t\t<p><em>4 &amp; 11 novembre<\/em><\/p>\n<h4>COMPLET !<br>Contes au Mus\u00e9e &#8211; 2e \u00e9dition<\/h4>\n<div>\u00c0 pleurer de rire !<\/div>\n<p><strong>D\u00e9couvrez la magie du Mudia avec des visites cont\u00e9es par V\u00e9ronique de Miomandre !<\/strong><\/p>\n<p>Suivez notre conteuse pr\u00e9f\u00e9r\u00e9e, qui&nbsp;vous guidera lors d\u2019une chasse aux sourires \u00e0 travers le parcours artistique du Mudia. Vous traverserez non seulement 7 si\u00e8cles d\u2019art et d\u2019histoires, mais \u00e9galement toute une palette d\u2019\u00e9motions. Rendez-vous au Mudia pour un voyage d\u00e9bordant d&rsquo;imagination !&nbsp;<\/p>\n<p><span style=\"background-color: initial; color: var(--gt-heading-color); font-family: 'Darker Grotesque'; font-size: 1.5rem;\">Informations pratiques :<\/span><\/p>\n<ul>\n<li><strong>Dates et heure : l<\/strong>es samedis 4 et 11 novembre \u00e0 15h00<\/li>\n<li><strong>Dur\u00e9e<\/strong> : 1h30<\/li>\n<li><strong>Tarif <\/strong>: Adulte : 17\u20ac | Enfant : 12\u20ac<\/li>\n<li><strong>Inscriptions<\/strong> via <a href=\"mailto:info@mudia.be\">info@mudia.be<\/a> ou au +32 2 549 60 49<br><span style=\"color: #ff0000;\"><strong>Attention : places limit\u00e9es !<\/strong><\/span><\/li>\n<\/ul>\t\t\t\t\t\t<\/div>\n\t\t\t\t<\/div>\n\t\t\t\t\t<\/div>\n\t\t<\/div>\n\t\t\t\t\t<\/div>\n\t\t<\/section>\n\t\t\t\t<div class=\"elementor-element elementor-element-60adca9 elementor-hidden-desktop elementor-hidden-tablet elementor-hidden-mobile elementor-widget elementor-widget-gallery\" data-id=\"60adca9\" data-element_type=\"widget\" data-settings=\"{&quot;lazyload&quot;:&quot;yes&quot;,&quot;gallery_layout&quot;:&quot;grid&quot;,&quot;columns&quot;:4,&quot;columns_tablet&quot;:2,&quot;columns_mobile&quot;:1,&quot;gap&quot;:{&quot;unit&quot;:&quot;px&quot;,&quot;size&quot;:10,&quot;sizes&quot;:[]},&quot;gap_tablet&quot;:{&quot;unit&quot;:&quot;px&quot;,&quot;size&quot;:10,&quot;sizes&quot;:[]},&quot;gap_mobile&quot;:{&quot;unit&quot;:&quot;px&quot;,&quot;size&quot;:10,&quot;sizes&quot;:[]},&quot;link_to&quot;:&quot;file&quot;,&quot;aspect_ratio&quot;:&quot;3:2&quot;,&quot;overlay_background&quot;:&quot;yes&quot;,&quot;content_hover_animation&quot;:&quot;fade-in&quot;}\" data-widget_type=\"gallery.default\">\n\t\t\t\t<div class=\"elementor-widget-container\">\n\t\t\t\t\t<div class=\"elementor-gallery__container\">\n\t\t\t\t\t\t\t<a class=\"e-gallery-item elementor-gallery-item elementor-animated-content\" href=\"https:\/\/mudia.be\/wp-content\/uploads\/2023\/10\/Mudia-26-11-22-73-scaled.jpg\" data-elementor-open-lightbox=\"yes\" data-elementor-lightbox-slideshow=\"60adca9\" data-elementor-lightbox-title=\"Mudia 26 11 22\" data-e-action-hash=\"#elementor-action%3Aaction%3Dlightbox%26settings%3DeyJpZCI6ODAzNiwidXJsIjoiaHR0cHM6XC9cL211ZGlhLmJlXC93cC1jb250ZW50XC91cGxvYWRzXC8yMDIzXC8xMFwvTXVkaWEtMjYtMTEtMjItNzMtc2NhbGVkLmpwZyIsInNsaWRlc2hvdyI6IjYwYWRjYTkifQ%3D%3D\">\n\t\t\t\t\t<div class=\"e-gallery-image elementor-gallery-item__image\" data-thumbnail=\"https:\/\/mudia.be\/wp-content\/uploads\/2023\/10\/Mudia-26-11-22-73-300x200.jpg\" data-width=\"300\" data-height=\"200\" aria-label=\"\" role=\"img\" ><\/div>\n\t\t\t\t\t\t\t\t\t\t\t<div class=\"elementor-gallery-item__overlay\"><\/div>\n\t\t\t\t\t\t\t\t\t\t\t\t\t\t<\/a>\n\t\t\t\t\t\t\t<a class=\"e-gallery-item elementor-gallery-item elementor-animated-content\" href=\"https:\/\/mudia.be\/wp-content\/uploads\/2023\/10\/Mudia-26-11-22-31_1.png\" data-elementor-open-lightbox=\"yes\" data-elementor-lightbox-slideshow=\"60adca9\" data-elementor-lightbox-title=\"Mudia 26 11 22-31_1\" data-e-action-hash=\"#elementor-action%3Aaction%3Dlightbox%26settings%3DeyJpZCI6ODAzNywidXJsIjoiaHR0cHM6XC9cL211ZGlhLmJlXC93cC1jb250ZW50XC91cGxvYWRzXC8yMDIzXC8xMFwvTXVkaWEtMjYtMTEtMjItMzFfMS5wbmciLCJzbGlkZXNob3ciOiI2MGFkY2E5In0%3D\">\n\t\t\t\t\t<div class=\"e-gallery-image elementor-gallery-item__image\" data-thumbnail=\"https:\/\/mudia.be\/wp-content\/uploads\/2023\/10\/Mudia-26-11-22-31_1-300x300.png\" data-width=\"300\" data-height=\"300\" aria-label=\"\" role=\"img\" ><\/div>\n\t\t\t\t\t\t\t\t\t\t\t<div class=\"elementor-gallery-item__overlay\"><\/div>\n\t\t\t\t\t\t\t\t\t\t\t\t\t\t<\/a>\n\t\t\t\t\t\t\t<a class=\"e-gallery-item elementor-gallery-item elementor-animated-content\" href=\"https:\/\/mudia.be\/wp-content\/uploads\/2023\/10\/Mudia-26-11-22-6-scaled.jpg\" data-elementor-open-lightbox=\"yes\" data-elementor-lightbox-slideshow=\"60adca9\" data-elementor-lightbox-title=\"Mudia 26 11 22\" data-e-action-hash=\"#elementor-action%3Aaction%3Dlightbox%26settings%3DeyJpZCI6ODAzOCwidXJsIjoiaHR0cHM6XC9cL211ZGlhLmJlXC93cC1jb250ZW50XC91cGxvYWRzXC8yMDIzXC8xMFwvTXVkaWEtMjYtMTEtMjItNi1zY2FsZWQuanBnIiwic2xpZGVzaG93IjoiNjBhZGNhOSJ9\">\n\t\t\t\t\t<div class=\"e-gallery-image elementor-gallery-item__image\" data-thumbnail=\"https:\/\/mudia.be\/wp-content\/uploads\/2023\/10\/Mudia-26-11-22-6-200x300.jpg\" data-width=\"200\" data-height=\"300\" aria-label=\"\" role=\"img\" ><\/div>\n\t\t\t\t\t\t\t\t\t\t\t<div class=\"elementor-gallery-item__overlay\"><\/div>\n\t\t\t\t\t\t\t\t\t\t\t\t\t\t<\/a>\n\t\t\t\t\t\t\t<a class=\"e-gallery-item elementor-gallery-item elementor-animated-content\" href=\"https:\/\/mudia.be\/wp-content\/uploads\/2023\/10\/Mudia-26-11-22-77-scaled-e1697028467488.jpg\" data-elementor-open-lightbox=\"yes\" data-elementor-lightbox-slideshow=\"60adca9\" data-elementor-lightbox-title=\"Mudia 26 11 22\" data-elementor-lightbox-description=\"Un mus\u00e9e interactif o\u00f9 les enfants d\u00e9couvrent l\u2019art en s\u2019amusantTout au long du parcours, des dispositifs interactifs, des jeux et des vid\u00e9os p\u00e9dagogiques permettent de d\u00e9couvrir l\u2019histoire de l\u2019art de mani\u00e8re active. La visite devient une v\u00e9ritable exp\u00e9rience interactive pour les enfants et les familles, o\u00f9 l\u2019on observe, exp\u00e9rimente et participe.Contrairement \u00e0 un mus\u00e9e classique o\u00f9 l\u2019on regarde les \u0153uvres \u00e0 distance, certaines installations permettent ici de comprendre les techniques des artistes en jouant et en manipulant. Cette approche rend la d\u00e9couverte de l\u2019art plus accessible aux enfants et transforme la visite en activit\u00e9 culturelle ludique pour toute la famille.Des exp\u00e9riences interactives pour d\u00e9couvrir l\u2019art autrementPlusieurs installations permettent aux visiteurs de devenir acteurs des \u0153uvres et d\u2019explorer l\u2019histoire de l\u2019art de mani\u00e8re concr\u00e8te.Cr\u00e9er une \u0153uvre \u00e0 la mani\u00e8re de SeuratUne animation interactive permet de d\u00e9couvrir la technique du pointillisme utilis\u00e9e par Georges Seurat. Les visiteurs peuvent r\u00e9aliser leur propre cr\u00e9ation gr\u00e2ce \u00e0 un outil num\u00e9rique qui reproduit les c\u00e9l\u00e8bres points de couleur caract\u00e9ristiques de ce courant artistique.Explorer un tableau de J\u00e9r\u00f4me Bosch de l\u2019int\u00e9rieurUn triptyque interactif inspir\u00e9 de l\u2019univers du peintre flamand permet d\u2019explorer les d\u00e9tails d\u2019un tableau autrement. En touchant certains \u00e9l\u00e9ments, les images s\u2019animent sur \u00e9cran et r\u00e9v\u00e8lent les sc\u00e8nes et personnages de l\u2019\u0153uvre.Se glisser dans la peau d\u2019un mod\u00e8le d\u2019artisteUne installation immersive inspir\u00e9e de l\u2019atelier du peintre Albert Marquet invite les visiteurs \u00e0 prendre la pose comme un mod\u00e8le d\u2019art. Cette exp\u00e9rience permet de comprendre le travail du peintre et la mani\u00e8re dont une \u0153uvre est construite.\" data-e-action-hash=\"#elementor-action%3Aaction%3Dlightbox%26settings%3DeyJpZCI6ODAzOSwidXJsIjoiaHR0cHM6XC9cL211ZGlhLmJlXC93cC1jb250ZW50XC91cGxvYWRzXC8yMDIzXC8xMFwvTXVkaWEtMjYtMTEtMjItNzctc2NhbGVkLWUxNjk3MDI4NDY3NDg4LmpwZyIsInNsaWRlc2hvdyI6IjYwYWRjYTkifQ%3D%3D\">\n\t\t\t\t\t<div class=\"e-gallery-image elementor-gallery-item__image\" data-thumbnail=\"https:\/\/mudia.be\/wp-content\/uploads\/2023\/10\/Mudia-26-11-22-77-scaled-e1697028467488-284x300.jpg\" data-width=\"284\" data-height=\"300\" aria-label=\"Un mus\u00e9e interactif o\u00f9 les enfants d\u00e9couvrent l\u2019art en s\u2019amusant Tout au long du parcours, des dispositifs interactifs, des jeux et des vid\u00e9os p\u00e9dagogiques permettent de d\u00e9couvrir l\u2019histoire de l\u2019art de mani\u00e8re active. La visite devient une v\u00e9ritable exp\u00e9rience interactive pour les enfants et les familles, o\u00f9 l\u2019on observe, exp\u00e9rimente et participe. Contrairement \u00e0 un mus\u00e9e classique o\u00f9 l\u2019on regarde les \u0153uvres \u00e0 distance, certaines installations permettent ici de comprendre les techniques des artistes en jouant et en manipulant. Cette approche rend la d\u00e9couverte de l\u2019art plus accessible aux enfants et transforme la visite en activit\u00e9 culturelle ludique pour toute la famille. Des exp\u00e9riences interactives pour d\u00e9couvrir l\u2019art autrement Plusieurs installations permettent aux visiteurs de devenir acteurs des \u0153uvres et d\u2019explorer l\u2019histoire de l\u2019art de mani\u00e8re concr\u00e8te. Cr\u00e9er une \u0153uvre \u00e0 la mani\u00e8re de Seurat Une animation interactive permet de d\u00e9couvrir la technique du pointillisme utilis\u00e9e par Georges Seurat. Les visiteurs peuvent r\u00e9aliser leur propre cr\u00e9ation gr\u00e2ce \u00e0 un outil num\u00e9rique qui reproduit les c\u00e9l\u00e8bres points de couleur caract\u00e9ristiques de ce courant artistique. Explorer un tableau de J\u00e9r\u00f4me Bosch de l\u2019int\u00e9rieur Un triptyque interactif inspir\u00e9 de l\u2019univers du peintre flamand permet d\u2019explorer les d\u00e9tails d\u2019un tableau autrement. En touchant certains \u00e9l\u00e9ments, les images s\u2019animent sur \u00e9cran et r\u00e9v\u00e8lent les sc\u00e8nes et personnages de l\u2019\u0153uvre. Se glisser dans la peau d\u2019un mod\u00e8le d\u2019artiste Une installation immersive inspir\u00e9e de l\u2019atelier du peintre Albert Marquet invite les visiteurs \u00e0 prendre la pose comme un mod\u00e8le d\u2019art. Cette exp\u00e9rience permet de comprendre le travail du peintre et la mani\u00e8re dont une \u0153uvre est construite.\" role=\"img\" ><\/div>\n\t\t\t\t\t\t\t\t\t\t\t<div class=\"elementor-gallery-item__overlay\"><\/div>\n\t\t\t\t\t\t\t\t\t\t\t\t\t\t<\/a>\n\t\t\t\t\t<\/div>\n\t\t\t<\/div>\n\t\t\t\t<\/div>\n\t\t\t\t<section class=\"elementor-section elementor-inner-section elementor-element elementor-element-5ad70fc elementor-hidden-tablet elementor-hidden-mobile elementor-hidden-desktop elementor-section-boxed elementor-section-height-default elementor-section-height-default\" data-id=\"5ad70fc\" data-element_type=\"section\">\n\t\t\t\t\t\t<div class=\"elementor-container elementor-column-gap-default\">\n\t\t\t\t\t<div class=\"elementor-column elementor-col-50 elementor-inner-column elementor-element elementor-element-bd5f903\" data-id=\"bd5f903\" data-element_type=\"column\">\n\t\t\t<div class=\"elementor-widget-wrap elementor-element-populated\">\n\t\t\t\t\t\t<div class=\"elementor-element elementor-element-b67712a elementor-widget elementor-widget-image\" data-id=\"b67712a\" data-element_type=\"widget\" data-widget_type=\"image.default\">\n\t\t\t\t<div class=\"elementor-widget-container\">\n\t\t\t\t\t\t\t\t\t\t\t\t\t<img loading=\"lazy\" decoding=\"async\" width=\"1024\" height=\"1024\" src=\"https:\/\/mudia.be\/wp-content\/uploads\/2023\/07\/Untitled-design-13-1024x1024.png\" class=\"attachment-large size-large wp-image-7911\" alt=\"\" srcset=\"https:\/\/mudia.be\/wp-content\/uploads\/2023\/07\/Untitled-design-13-1024x1024.png 1024w, https:\/\/mudia.be\/wp-content\/uploads\/2023\/07\/Untitled-design-13-300x300.png 300w, https:\/\/mudia.be\/wp-content\/uploads\/2023\/07\/Untitled-design-13-150x150.png 150w, https:\/\/mudia.be\/wp-content\/uploads\/2023\/07\/Untitled-design-13-768x768.png 768w, https:\/\/mudia.be\/wp-content\/uploads\/2023\/07\/Untitled-design-13-12x12.png 12w, https:\/\/mudia.be\/wp-content\/uploads\/2023\/07\/Untitled-design-13-100x100.png 100w, https:\/\/mudia.be\/wp-content\/uploads\/2023\/07\/Untitled-design-13-350x350.png 350w, https:\/\/mudia.be\/wp-content\/uploads\/2023\/07\/Untitled-design-13-650x650.png 650w, https:\/\/mudia.be\/wp-content\/uploads\/2023\/07\/Untitled-design-13-500x500.png 500w, https:\/\/mudia.be\/wp-content\/uploads\/2023\/07\/Untitled-design-13-415x415.png 415w, https:\/\/mudia.be\/wp-content\/uploads\/2023\/07\/Untitled-design-13-250x250.png 250w, https:\/\/mudia.be\/wp-content\/uploads\/2023\/07\/Untitled-design-13.png 1080w\" sizes=\"(max-width: 1024px) 100vw, 1024px\" \/>\t\t\t\t\t\t\t\t\t\t\t\t\t<\/div>\n\t\t\t\t<\/div>\n\t\t\t\t\t<\/div>\n\t\t<\/div>\n\t\t\t\t<div class=\"elementor-column elementor-col-50 elementor-inner-column elementor-element elementor-element-5c3476a\" data-id=\"5c3476a\" data-element_type=\"column\">\n\t\t\t<div class=\"elementor-widget-wrap elementor-element-populated\">\n\t\t\t\t\t\t<div class=\"elementor-element elementor-element-e8a8de0 elementor-widget elementor-widget-heading\" data-id=\"e8a8de0\" data-element_type=\"widget\" data-widget_type=\"heading.default\">\n\t\t\t\t<div class=\"elementor-widget-container\">\n\t\t\t<h2 class=\"elementor-heading-title elementor-size-default\">La Nuit du Livre au Mudia<\/h2>\t\t<\/div>\n\t\t\t\t<\/div>\n\t\t\t\t<div class=\"elementor-element elementor-element-9144e04 elementor-widget elementor-widget-text-editor\" data-id=\"9144e04\" data-element_type=\"widget\" data-widget_type=\"text-editor.default\">\n\t\t\t\t<div class=\"elementor-widget-container\">\n\t\t\t\t\t\t\t<p>Profitez de l&rsquo;\u00e9v\u00e9nement incontournable de Redu : la F\u00eate du Livre !\u00a0<\/p><p>Le 5 ao\u00fbt, les bibliophiles et fans de litt\u00e9rature se r\u00e9unissent dans le Village du Livre. Lors de ce festival incontournable, au c\u0153ur de Redu, le Mudia ouvre ses portes pour c\u00e9l\u00e9brer ensemble l&rsquo;art des mots !<\/p><p><span style=\"font-size: inherit; background-color: var(--gt-background-color);\">De 16h \u00e0 20h, les petits vont pouvoir participer \u00e0 un atelier cr\u00e9atif devant le mus\u00e9e. <br \/>Pour les plus grands, le Mudia et le Mudia Caf\u00e9 vous accueilleront pour une nocturne, jusqu&rsquo;\u00e0 23h, vous permettant ainsi d&rsquo;absorber l&rsquo;ambiance unique de la Nuit du Livre.<\/span><\/p><h6>Informations pratiques :<\/h6><p><b>Date &amp; horaires<\/b> : samedi 5 ao\u00fbt<br \/>Atelier cr\u00e9atif\u00a0<span style=\"background-color: var(--gt-background-color); font-size: 1rem;\">pour les enfants (5-12 ans)\u00a0<\/span><span style=\"font-size: inherit; background-color: var(--gt-background-color);\">de 16h \u00e0 20h (acc\u00e8s libre)<br \/>Ouverture du mus\u00e9e jusqu&rsquo;\u00e0 23h pour tous\u00b7tes, derni\u00e8re entr\u00e9e 22h.<br \/><\/span><b style=\"font-size: inherit; background-color: var(--gt-background-color);\">Access <\/b><span style=\"background-color: var(--gt-background-color);\">: ticket d&rsquo;entr\u00e9e au mus\u00e9e.<br \/><b>Le Mudia Caf\u00e9<\/b> vous accueillera jusqu&rsquo;\u00e0 23h dans une ambiance nocturne et festive.<br \/><\/span><\/p><p>Pour toute demande d&rsquo;informations suppl\u00e9mentaires, contactez i<a href=\"mailto:info@mudia.be\">nfo@mudia.be<\/a>.<\/p>\t\t\t\t\t\t<\/div>\n\t\t\t\t<\/div>\n\t\t\t\t<div class=\"elementor-element elementor-element-60f9e43 elementor-widget elementor-widget-spacer\" data-id=\"60f9e43\" data-element_type=\"widget\" data-widget_type=\"spacer.default\">\n\t\t\t\t<div class=\"elementor-widget-container\">\n\t\t\t\t\t<div class=\"elementor-spacer\">\n\t\t\t<div class=\"elementor-spacer-inner\"><\/div>\n\t\t<\/div>\n\t\t\t\t<\/div>\n\t\t\t\t<\/div>\n\t\t\t\t\t<\/div>\n\t\t<\/div>\n\t\t\t\t\t<\/div>\n\t\t<\/section>\n\t\t\t\t<section class=\"elementor-section elementor-inner-section elementor-element elementor-element-13635bc elementor-hidden-desktop elementor-hidden-tablet elementor-hidden-mobile elementor-section-boxed elementor-section-height-default elementor-section-height-default\" data-id=\"13635bc\" data-element_type=\"section\">\n\t\t\t\t\t\t<div class=\"elementor-container elementor-column-gap-default\">\n\t\t\t\t\t<div class=\"elementor-column elementor-col-50 elementor-inner-column elementor-element elementor-element-fb13e31\" data-id=\"fb13e31\" data-element_type=\"column\">\n\t\t\t<div class=\"elementor-widget-wrap elementor-element-populated\">\n\t\t\t\t\t\t<div class=\"elementor-element elementor-element-db39c66 elementor-widget elementor-widget-image\" data-id=\"db39c66\" data-element_type=\"widget\" data-widget_type=\"image.default\">\n\t\t\t\t<div class=\"elementor-widget-container\">\n\t\t\t\t\t\t\t\t\t\t\t\t\t<img loading=\"lazy\" decoding=\"async\" width=\"1024\" height=\"1024\" src=\"https:\/\/mudia.be\/wp-content\/uploads\/2023\/06\/Lart-Belge-Instagram-Post-Square-2-1024x1024.png\" class=\"attachment-large size-large wp-image-7815\" alt=\"\" srcset=\"https:\/\/mudia.be\/wp-content\/uploads\/2023\/06\/Lart-Belge-Instagram-Post-Square-2-1024x1024.png 1024w, https:\/\/mudia.be\/wp-content\/uploads\/2023\/06\/Lart-Belge-Instagram-Post-Square-2-300x300.png 300w, https:\/\/mudia.be\/wp-content\/uploads\/2023\/06\/Lart-Belge-Instagram-Post-Square-2-150x150.png 150w, https:\/\/mudia.be\/wp-content\/uploads\/2023\/06\/Lart-Belge-Instagram-Post-Square-2-768x768.png 768w, https:\/\/mudia.be\/wp-content\/uploads\/2023\/06\/Lart-Belge-Instagram-Post-Square-2-12x12.png 12w, https:\/\/mudia.be\/wp-content\/uploads\/2023\/06\/Lart-Belge-Instagram-Post-Square-2-100x100.png 100w, https:\/\/mudia.be\/wp-content\/uploads\/2023\/06\/Lart-Belge-Instagram-Post-Square-2-350x350.png 350w, https:\/\/mudia.be\/wp-content\/uploads\/2023\/06\/Lart-Belge-Instagram-Post-Square-2-650x650.png 650w, https:\/\/mudia.be\/wp-content\/uploads\/2023\/06\/Lart-Belge-Instagram-Post-Square-2-500x500.png 500w, https:\/\/mudia.be\/wp-content\/uploads\/2023\/06\/Lart-Belge-Instagram-Post-Square-2-415x415.png 415w, https:\/\/mudia.be\/wp-content\/uploads\/2023\/06\/Lart-Belge-Instagram-Post-Square-2-250x250.png 250w, https:\/\/mudia.be\/wp-content\/uploads\/2023\/06\/Lart-Belge-Instagram-Post-Square-2.png 1080w\" sizes=\"(max-width: 1024px) 100vw, 1024px\" \/>\t\t\t\t\t\t\t\t\t\t\t\t\t<\/div>\n\t\t\t\t<\/div>\n\t\t\t\t\t<\/div>\n\t\t<\/div>\n\t\t\t\t<div class=\"elementor-column elementor-col-50 elementor-inner-column elementor-element elementor-element-ab29f71\" data-id=\"ab29f71\" data-element_type=\"column\">\n\t\t\t<div class=\"elementor-widget-wrap elementor-element-populated\">\n\t\t\t\t\t\t<div class=\"elementor-element elementor-element-9853abd elementor-widget elementor-widget-heading\" data-id=\"9853abd\" data-element_type=\"widget\" data-widget_type=\"heading.default\">\n\t\t\t\t<div class=\"elementor-widget-container\">\n\t\t\t<h2 class=\"elementor-heading-title elementor-size-default\">Visite guid\u00e9e - Rencontre avec l'Art belge<\/h2>\t\t<\/div>\n\t\t\t\t<\/div>\n\t\t\t\t<div class=\"elementor-element elementor-element-f63e078 elementor-widget elementor-widget-text-editor\" data-id=\"f63e078\" data-element_type=\"widget\" data-widget_type=\"text-editor.default\">\n\t\t\t\t<div class=\"elementor-widget-container\">\n\t\t\t\t\t\t\t<p>Et si on se retrouvait en plein c\u0153ur de l&rsquo;Ardenne belge pour un voyage dans l&rsquo;Art de notre beau pays ? \u00c0 l&rsquo;occasion de la F\u00eate nationale belge, une visite guid\u00e9e est pr\u00e9vue au Mudia.<br>Au <span style=\"font-size: inherit; background-color: var(--gt-background-color);\">travers d\u2019\u0153uvres authentiques, partons \u00e0 la rencontre de la Renaissance de Brueghel le Jeune \u00e0 la BD&nbsp;<\/span><span style=\"font-size: inherit; background-color: var(--gt-background-color);\">de Geluck, du r\u00e9alisme de Constantin Meunier au symbolisme de F\u00e9licien Rops, des plages d\u2019Ostende&nbsp;<\/span><span style=\"font-size: inherit; background-color: var(--gt-background-color);\">de James Ensor au groupe Cobra d\u2019Alechinski, de Nervia au fauvisme de Rik Wouters ou encore au <\/span><span style=\"font-size: inherit; background-color: var(--gt-background-color);\">surr\u00e9alisme de Magritte et Delvaux.<br><\/span><span style=\"background-color: var(--gt-background-color); font-size: inherit;\">Le mus\u00e9e vous propose un voyage \u00e0 la fois ludique et didactique dans l&rsquo;art belge, accessible \u00e0 tous\u00b7tes !&nbsp;<\/span><\/p>\t\t\t\t\t\t<\/div>\n\t\t\t\t<\/div>\n\t\t\t\t\t<\/div>\n\t\t<\/div>\n\t\t\t\t\t<\/div>\n\t\t<\/section>\n\t\t\t\t<div class=\"elementor-element elementor-element-bd2fefa elementor-hidden-desktop elementor-hidden-tablet elementor-hidden-mobile elementor-widget elementor-widget-heading\" data-id=\"bd2fefa\" data-element_type=\"widget\" data-widget_type=\"heading.default\">\n\t\t\t\t<div class=\"elementor-widget-container\">\n\t\t\t<h6 class=\"elementor-heading-title elementor-size-default\">Informations pratiques :<\/h6>\t\t<\/div>\n\t\t\t\t<\/div>\n\t\t\t\t<div class=\"elementor-element elementor-element-10f8e4b elementor-hidden-tablet elementor-hidden-mobile elementor-hidden-desktop elementor-widget elementor-widget-text-editor\" data-id=\"10f8e4b\" data-element_type=\"widget\" data-widget_type=\"text-editor.default\">\n\t\t\t\t<div class=\"elementor-widget-container\">\n\t\t\t\t\t\t\t<p><b>Date &amp; horaire<\/b> : le vendredi 21 juillet 2023 de 14h \u00e0 16h ;<br \/><b>Prix de la visite\u00a0<\/b>: compris dans le prix d&rsquo;un billet d&rsquo;entr\u00e9e au mus\u00e9e ;<br \/><b>Inscription <\/b>: via\u00a0<a href=\"mailto:info@mudia.be\">info@mudia.be<\/a> ou <a href=\"http:\/\/telto: 3225496049\">+32 2 549 60 49<\/a>.<br \/><span style=\"font-size: inherit; background-color: var(--gt-background-color);\">Laissez-vous guider par B\u00e9atrice Parfonry, guide qui vous fera (re)d\u00e9couvrir les nombreuses \u0153uvres qu&rsquo;abrite le Mudia sous un prisme particulier : une mise \u00e0 l&rsquo;honneur des artistes belges. On vous attend nombreux<\/span><span style=\"background-color: var(--gt-background-color);\">\u00b7ses !<\/span><\/p><p>\u00a0<\/p>\t\t\t\t\t\t<\/div>\n\t\t\t\t<\/div>\n\t\t\t\t<div class=\"elementor-element elementor-element-24dbe31 elementor-widget-divider--view-line elementor-widget elementor-widget-divider\" data-id=\"24dbe31\" data-element_type=\"widget\" data-widget_type=\"divider.default\">\n\t\t\t\t<div class=\"elementor-widget-container\">\n\t\t\t\t\t<div class=\"elementor-divider\">\n\t\t\t<span class=\"elementor-divider-separator\">\n\t\t\t\t\t\t<\/span>\n\t\t<\/div>\n\t\t\t\t<\/div>\n\t\t\t\t<\/div>\n\t\t\t\t<div class=\"elementor-element elementor-element-16cd2ef elementor-widget elementor-widget-spacer\" data-id=\"16cd2ef\" data-element_type=\"widget\" data-widget_type=\"spacer.default\">\n\t\t\t\t<div class=\"elementor-widget-container\">\n\t\t\t\t\t<div class=\"elementor-spacer\">\n\t\t\t<div class=\"elementor-spacer-inner\"><\/div>\n\t\t<\/div>\n\t\t\t\t<\/div>\n\t\t\t\t<\/div>\n\t\t\t\t<div class=\"elementor-element elementor-element-143c94b elementor-hidden-desktop elementor-hidden-tablet elementor-hidden-mobile elementor-widget elementor-widget-text-editor\" data-id=\"143c94b\" data-element_type=\"widget\" data-widget_type=\"text-editor.default\">\n\t\t\t\t<div class=\"elementor-widget-container\">\n\t\t\t<style>.elementor-element-143c94b{display:none !important}<\/style>\t\t<\/div>\n\t\t\t\t<\/div>\n\t\t\t\t<section class=\"elementor-section elementor-inner-section elementor-element elementor-element-316856d elementor-hidden-desktop elementor-hidden-tablet elementor-hidden-mobile elementor-section-boxed elementor-section-height-default elementor-section-height-default\" data-id=\"316856d\" data-element_type=\"section\">\n\t\t\t\t\t\t<div class=\"elementor-container elementor-column-gap-default\">\n\t\t\t\t\t<div class=\"elementor-column elementor-col-50 elementor-inner-column elementor-element elementor-element-ee618b9\" data-id=\"ee618b9\" data-element_type=\"column\">\n\t\t\t<div class=\"elementor-widget-wrap elementor-element-populated\">\n\t\t\t\t\t\t<div class=\"elementor-element elementor-element-29ade1e elementor-widget elementor-widget-image\" data-id=\"29ade1e\" data-element_type=\"widget\" data-widget_type=\"image.default\">\n\t\t\t\t<div class=\"elementor-widget-container\">\n\t\t\t\t\t\t\t\t\t\t\t\t\t<img loading=\"lazy\" decoding=\"async\" width=\"1024\" height=\"1024\" src=\"https:\/\/mudia.be\/wp-content\/uploads\/2023\/03\/Add-a-heading-3-1024x1024.png\" class=\"attachment-large size-large wp-image-7138\" alt=\"Mus\u00e9e Mudia - Art contemporain - Exposition\" srcset=\"https:\/\/mudia.be\/wp-content\/uploads\/2023\/03\/Add-a-heading-3-1024x1024.png 1024w, https:\/\/mudia.be\/wp-content\/uploads\/2023\/03\/Add-a-heading-3-300x300.png 300w, https:\/\/mudia.be\/wp-content\/uploads\/2023\/03\/Add-a-heading-3-768x768.png 768w, https:\/\/mudia.be\/wp-content\/uploads\/2023\/03\/Add-a-heading-3-12x12.png 12w, https:\/\/mudia.be\/wp-content\/uploads\/2023\/03\/Add-a-heading-3-100x100.png 100w, https:\/\/mudia.be\/wp-content\/uploads\/2023\/03\/Add-a-heading-3-350x350.png 350w, https:\/\/mudia.be\/wp-content\/uploads\/2023\/03\/Add-a-heading-3-650x650.png 650w, https:\/\/mudia.be\/wp-content\/uploads\/2023\/03\/Add-a-heading-3-500x500.png 500w, https:\/\/mudia.be\/wp-content\/uploads\/2023\/03\/Add-a-heading-3-415x415.png 415w, https:\/\/mudia.be\/wp-content\/uploads\/2023\/03\/Add-a-heading-3-250x250.png 250w, https:\/\/mudia.be\/wp-content\/uploads\/2023\/03\/Add-a-heading-3.png 1080w\" sizes=\"(max-width: 1024px) 100vw, 1024px\" \/>\t\t\t\t\t\t\t\t\t\t\t\t\t<\/div>\n\t\t\t\t<\/div>\n\t\t\t\t\t<\/div>\n\t\t<\/div>\n\t\t\t\t<div class=\"elementor-column elementor-col-50 elementor-inner-column elementor-element elementor-element-dba2d83\" data-id=\"dba2d83\" data-element_type=\"column\">\n\t\t\t<div class=\"elementor-widget-wrap elementor-element-populated\">\n\t\t\t\t\t\t<div class=\"elementor-element elementor-element-c0a2e06 elementor-widget elementor-widget-text-editor\" data-id=\"c0a2e06\" data-element_type=\"widget\" data-widget_type=\"text-editor.default\">\n\t\t\t\t<div class=\"elementor-widget-container\">\n\t\t\t\t\t\t\t<p><i>Le mercredi 8 mars 2023<\/i><\/p>\n<h4><span style=\"font-size: inherit; background-color: var(--gt-background-color);\">Nocturne et visite guid\u00e9e : <br>Les Femmes dans l&rsquo;Art<\/span><\/h4>\n<p>Au Mudia, nous c\u00e9l\u00e9brons les femmes sous toutes leurs facettes. Longtemps consid\u00e9r\u00e9es comme inspirations, la reconnaissance des femmes en tant qu&rsquo;artistes n&rsquo;est arriv\u00e9e que tardivement. \u00c0 l&rsquo;occasion de la Journ\u00e9e internationale pour les droits des femmes qui a lieu tous les 8 mars, <b>le mus\u00e9e vous invite pour une visite guid\u00e9e qui vient mettre en lumi\u00e8re les femmes dans l&rsquo;art.&nbsp;<\/b><\/p>\n<p><span style=\"color: var(--gt-heading-color); font-family: Marcellus; font-size: 1.5rem; background-color: var(--gt-background-color);\">Informations pratiques :<\/span><\/p>\n<ul>\n<li><strong>Dates et heure :<\/strong>\n<ul>\n<li>Le mercredi 8 mars de 19h00 \u00e0 20h45<\/li>\n<\/ul>\n<\/li>\n<li><strong>Dur\u00e9e<\/strong> : 1h45<\/li>\n<li><strong>Tarif<\/strong> : compris dans le prix de l&rsquo;entr\u00e9e<\/li>\n<li><strong>Inscriptions<\/strong> via <a href=\"mailto:info@mudia.be\">info@mudia.be<\/a> ou au +32(0)61 51 11 96<br><\/li>\n<\/ul>\t\t\t\t\t\t<\/div>\n\t\t\t\t<\/div>\n\t\t\t\t\t<\/div>\n\t\t<\/div>\n\t\t\t\t\t<\/div>\n\t\t<\/section>\n\t\t\t\t<section class=\"elementor-section elementor-inner-section elementor-element elementor-element-ca1123a elementor-hidden-desktop elementor-hidden-tablet elementor-hidden-mobile elementor-section-boxed elementor-section-height-default elementor-section-height-default\" data-id=\"ca1123a\" data-element_type=\"section\">\n\t\t\t\t\t\t<div class=\"elementor-container elementor-column-gap-default\">\n\t\t\t\t\t<div class=\"elementor-column elementor-col-50 elementor-inner-column elementor-element elementor-element-8258bf1\" data-id=\"8258bf1\" data-element_type=\"column\">\n\t\t\t<div class=\"elementor-widget-wrap elementor-element-populated\">\n\t\t\t\t\t\t<div class=\"elementor-element elementor-element-ec71ed4 elementor-widget elementor-widget-image\" data-id=\"ec71ed4\" data-element_type=\"widget\" data-widget_type=\"image.default\">\n\t\t\t\t<div class=\"elementor-widget-container\">\n\t\t\t\t\t\t\t\t\t\t\t\t\t<img loading=\"lazy\" decoding=\"async\" width=\"1024\" height=\"1024\" src=\"https:\/\/mudia.be\/wp-content\/uploads\/2023\/02\/ateliers-ludique-5-1024x1024.png\" class=\"attachment-large size-large wp-image-7113\" alt=\"Mus\u00e9e Mudia - Animations ludiques pour les enfants\" srcset=\"https:\/\/mudia.be\/wp-content\/uploads\/2023\/02\/ateliers-ludique-5-1024x1024.png 1024w, https:\/\/mudia.be\/wp-content\/uploads\/2023\/02\/ateliers-ludique-5-300x300.png 300w, https:\/\/mudia.be\/wp-content\/uploads\/2023\/02\/ateliers-ludique-5-768x768.png 768w, https:\/\/mudia.be\/wp-content\/uploads\/2023\/02\/ateliers-ludique-5-12x12.png 12w, https:\/\/mudia.be\/wp-content\/uploads\/2023\/02\/ateliers-ludique-5-100x100.png 100w, https:\/\/mudia.be\/wp-content\/uploads\/2023\/02\/ateliers-ludique-5-350x350.png 350w, https:\/\/mudia.be\/wp-content\/uploads\/2023\/02\/ateliers-ludique-5-650x650.png 650w, https:\/\/mudia.be\/wp-content\/uploads\/2023\/02\/ateliers-ludique-5-500x500.png 500w, https:\/\/mudia.be\/wp-content\/uploads\/2023\/02\/ateliers-ludique-5-415x415.png 415w, https:\/\/mudia.be\/wp-content\/uploads\/2023\/02\/ateliers-ludique-5-250x250.png 250w, https:\/\/mudia.be\/wp-content\/uploads\/2023\/02\/ateliers-ludique-5.png 1080w\" sizes=\"(max-width: 1024px) 100vw, 1024px\" \/>\t\t\t\t\t\t\t\t\t\t\t\t\t<\/div>\n\t\t\t\t<\/div>\n\t\t\t\t\t<\/div>\n\t\t<\/div>\n\t\t\t\t<div class=\"elementor-column elementor-col-50 elementor-inner-column elementor-element elementor-element-e1ba691\" data-id=\"e1ba691\" data-element_type=\"column\">\n\t\t\t<div class=\"elementor-widget-wrap elementor-element-populated\">\n\t\t\t\t\t\t<div class=\"elementor-element elementor-element-4d18b48 elementor-widget elementor-widget-text-editor\" data-id=\"4d18b48\" data-element_type=\"widget\" data-widget_type=\"text-editor.default\">\n\t\t\t\t<div class=\"elementor-widget-container\">\n\t\t\t\t\t\t\t<p><i>Du 20 au 26 f\u00e9vrier 2023<\/i><\/p>\n<h4><span style=\"font-size: inherit; background-color: var(--gt-background-color);\">Animations ludiques pour les enfants !<\/span><\/h4>\n<p>Le Mudia propose pour les vacances de Carnaval de nouvelles animations guid\u00e9es pour les enfants de 5 \u00e0 12 ans. \u00c0 l&rsquo;aide d&rsquo;un carnet d&rsquo;activit\u00e9s, e<span style=\"background-color: var(--gt-background-color); font-size: inherit;\">xplorez le mus\u00e9e de mani\u00e8re ludique dans le cadre d&rsquo;une activit\u00e9 cr\u00e9ative et fun !&nbsp; Devinettes, quiz, ateliers de coloriage&#8230; De quoi rythmer votre apr\u00e8s-midi au mus\u00e9e !<\/span><\/p>\n<p><span style=\"color: var(--gt-heading-color); font-family: Marcellus; font-size: 1.5rem; background-color: var(--gt-background-color);\">Informations pratiques :<\/span><\/p>\n<ul>\n<li><strong>Dates et heure :<\/strong>\n<ul>\n<li>Tous les jours du 20 au 26 f\u00e9vrier de 14h \u00e0 15h30<\/li>\n<\/ul>\n<\/li>\n<li><strong>Dur\u00e9e<\/strong> : 1h30<\/li>\n<li><strong>Tarif<\/strong> : compris dans le prix de l&rsquo;entr\u00e9e<\/li>\n<li><strong>Inscriptions<\/strong> via <a href=\"mailto:info@mudia.be\">info@mudia.be<\/a> ou au +32(0)61 51 11 96<\/li>\n<li><span style=\"color: #ff0000;\"><strong>Attention : places limit\u00e9es !<\/strong><\/span><\/li>\n<li><b>L&rsquo;activit\u00e9 est r\u00e9serv\u00e9e aux enfants<\/b>. Les adultes accompagnateurs sont invit\u00e9s \u00e0 profiter d&rsquo;une visite au mus\u00e9e ou d&rsquo;un moment de relaxation au Mudia Caf\u00e9 en attendant.<br><\/li>\n<\/ul>\t\t\t\t\t\t<\/div>\n\t\t\t\t<\/div>\n\t\t\t\t\t<\/div>\n\t\t<\/div>\n\t\t\t\t\t<\/div>\n\t\t<\/section>\n\t\t\t\t\t<\/div>\n\t\t<\/div>\n\t\t\t\t\t<\/div>\n\t\t<\/section>\n\t\t\t\t<section class=\"elementor-section elementor-top-section elementor-element elementor-element-e95270f elementor-hidden-desktop elementor-hidden-tablet elementor-hidden-mobile elementor-section-boxed elementor-section-height-default elementor-section-height-default\" data-id=\"e95270f\" data-element_type=\"section\">\n\t\t\t\t\t\t<div class=\"elementor-container elementor-column-gap-default\">\n\t\t\t\t\t<div class=\"elementor-column elementor-col-100 elementor-top-column elementor-element elementor-element-55a6576\" data-id=\"55a6576\" data-element_type=\"column\">\n\t\t\t<div class=\"elementor-widget-wrap elementor-element-populated\">\n\t\t\t\t\t\t<section class=\"elementor-section elementor-inner-section elementor-element elementor-element-42bee3f elementor-section-boxed elementor-section-height-default elementor-section-height-default\" data-id=\"42bee3f\" data-element_type=\"section\">\n\t\t\t\t\t\t<div class=\"elementor-container elementor-column-gap-default\">\n\t\t\t\t\t<div class=\"elementor-column elementor-col-50 elementor-inner-column elementor-element elementor-element-689c62f\" data-id=\"689c62f\" data-element_type=\"column\">\n\t\t\t<div class=\"elementor-widget-wrap elementor-element-populated\">\n\t\t\t\t\t\t<div class=\"elementor-element elementor-element-0bb7687 elementor-widget__width-initial elementor-widget elementor-widget-image\" data-id=\"0bb7687\" data-element_type=\"widget\" data-widget_type=\"image.default\">\n\t\t\t\t<div class=\"elementor-widget-container\">\n\t\t\t\t\t\t\t\t\t\t\t\t\t<img loading=\"lazy\" decoding=\"async\" width=\"862\" height=\"1024\" src=\"https:\/\/mudia.be\/wp-content\/uploads\/2022\/10\/visuel-final2c-e1683636636377-862x1024.jpg\" class=\"attachment-large size-large wp-image-6944\" alt=\"Mus\u00e9e Mudia - Expositions - Attractions interactives\" \/>\t\t\t\t\t\t\t\t\t\t\t\t\t<\/div>\n\t\t\t\t<\/div>\n\t\t\t\t\t<\/div>\n\t\t<\/div>\n\t\t\t\t<div class=\"elementor-column elementor-col-50 elementor-inner-column elementor-element elementor-element-b351267\" data-id=\"b351267\" data-element_type=\"column\">\n\t\t\t<div class=\"elementor-widget-wrap elementor-element-populated\">\n\t\t\t\t\t\t<div class=\"elementor-element elementor-element-7493464 elementor-widget elementor-widget-text-editor\" data-id=\"7493464\" data-element_type=\"widget\" data-widget_type=\"text-editor.default\">\n\t\t\t\t<div class=\"elementor-widget-container\">\n\t\t\t\t\t\t\t<p><em>4 &amp; 26 novembre, 7 janvier\u00a0<\/em><\/p><h4>Contes au Mus\u00e9e !<\/h4><p><strong>D\u00e9couvrez la magie du Mudia avec \u00ab Contes au Mus\u00e9e \u00bb.<\/strong><\/p><p>Suivez la conteuse V\u00e9ronique de Miomandre qui raconte un conte sp\u00e9cialement cr\u00e9\u00e9 pour plonger dans l&rsquo;univers fantastique du mus\u00e9e. Un voyage pour petits et grands, amusement garanti !<\/p><p>N&rsquo;attendez plus ! Faites partie du voyage men\u00e9 par cette conteuse.<\/p><h6>Informations pratiques :<\/h6><ul><li><strong>Dates et heure :<\/strong><ul><li>Le vendredi 4 novembre \u00e0 15h<\/li><li>Le samedi 26 novembre \u00e0 11h<\/li><li>Le samedi 7 janvier \u00e0 11h<\/li><\/ul><\/li><li><strong>Dur\u00e9e<\/strong> : 1h30<\/li><li><strong>Tarif<\/strong> : compris dans le prix de l&rsquo;entr\u00e9e<\/li><li><strong>Inscriptions<\/strong> via <a href=\"mailto:info@mudia.be\">info@mudia.be<\/a> ou au +32(0)61 51 11 96<br \/><span style=\"color: #ff0000;\"><strong>Attention : places limit\u00e9es !<\/strong><\/span><\/li><\/ul>\t\t\t\t\t\t<\/div>\n\t\t\t\t<\/div>\n\t\t\t\t\t<\/div>\n\t\t<\/div>\n\t\t\t\t\t<\/div>\n\t\t<\/section>\n\t\t\t\t\t<\/div>\n\t\t<\/div>\n\t\t\t\t\t<\/div>\n\t\t<\/section>\n\t\t\t\t<\/div>","protected":false},"excerpt":{"rendered":"<p>\u00c9v\u00e9nements \u00c0 venir&#8230; Informations pratiques sur la matin\u00e9e de pr\u00e9sentation : 9h : Petit-d\u00e9jeuner convivial au Mudia Caf\u00e9 9h30 : Pr\u00e9sentation de notre offre scolaire&#8230;<\/p>","protected":false},"author":3,"featured_media":0,"parent":0,"menu_order":0,"comment_status":"closed","ping_status":"closed","template":"elementor_header_footer","meta":{"footnotes":""},"class_list":["post-6937","page","type-page","status-publish","hentry"],"yoast_head":"<!-- This site is optimized with the Yoast SEO plugin v27.5 - https:\/\/yoast.com\/product\/yoast-seo-wordpress\/ -->\n<title>Animations ludiques , visite guid\u00e9e au mus\u00e9e - Mudia \u00e0 Redu - Belgique<\/title>\n<meta name=\"description\" content=\"D\u00e9couvrez l&#039;art autrement gr\u00e2ce aux animations ludiques pour enfants . Visite guid\u00e9e au mus\u00e9e Mudia . mus\u00e9e d&#039;art incontournable \u00e0 Redu, en Belgique.\" \/>\n<meta name=\"robots\" content=\"index, follow, max-snippet:-1, max-image-preview:large, max-video-preview:-1\" \/>\n<link rel=\"canonical\" href=\"https:\/\/mudia.be\/en\/mudia-musee-d-art-contemporain-ludique-en-belgique-exposition-attractions-interactives\/\" \/>\n<meta property=\"og:locale\" content=\"en_GB\" \/>\n<meta property=\"og:type\" content=\"article\" \/>\n<meta property=\"og:title\" content=\"Animations ludiques , visite guid\u00e9e au mus\u00e9e - Mudia \u00e0 Redu - Belgique\" \/>\n<meta property=\"og:description\" content=\"D\u00e9couvrez l&#039;art autrement gr\u00e2ce aux animations ludiques pour enfants . Visite guid\u00e9e au mus\u00e9e Mudia . mus\u00e9e d&#039;art incontournable \u00e0 Redu, en Belgique.\" \/>\n<meta property=\"og:url\" content=\"https:\/\/mudia.be\/en\/mudia-musee-d-art-contemporain-ludique-en-belgique-exposition-attractions-interactives\/\" \/>\n<meta property=\"og:site_name\" content=\"Mudia\" \/>\n<meta property=\"article:modified_time\" content=\"2026-03-31T14:09:09+00:00\" \/>\n<meta property=\"og:image\" content=\"https:\/\/mudia.be\/wp-content\/uploads\/2026\/03\/MUDIA-AD-11-3.png\" \/>\n\t<meta property=\"og:image:width\" content=\"1080\" \/>\n\t<meta property=\"og:image:height\" content=\"1080\" \/>\n\t<meta property=\"og:image:type\" content=\"image\/png\" \/>\n<meta name=\"twitter:card\" content=\"summary_large_image\" \/>\n<meta name=\"twitter:label1\" content=\"Estimated reading time\" \/>\n\t<meta name=\"twitter:data1\" content=\"26 minutes\" \/>\n<script type=\"application\/ld+json\" class=\"yoast-schema-graph\">{\"@context\":\"https:\\\/\\\/schema.org\",\"@graph\":[{\"@type\":\"WebPage\",\"@id\":\"https:\\\/\\\/mudia.be\\\/mudia-musee-d-art-contemporain-ludique-en-belgique-exposition-attractions-interactives\\\/\",\"url\":\"https:\\\/\\\/mudia.be\\\/mudia-musee-d-art-contemporain-ludique-en-belgique-exposition-attractions-interactives\\\/\",\"name\":\"Animations ludiques , visite guid\u00e9e au mus\u00e9e - Mudia \u00e0 Redu - Belgique\",\"isPartOf\":{\"@id\":\"https:\\\/\\\/mudia.be\\\/#website\"},\"primaryImageOfPage\":{\"@id\":\"https:\\\/\\\/mudia.be\\\/mudia-musee-d-art-contemporain-ludique-en-belgique-exposition-attractions-interactives\\\/#primaryimage\"},\"image\":{\"@id\":\"https:\\\/\\\/mudia.be\\\/mudia-musee-d-art-contemporain-ludique-en-belgique-exposition-attractions-interactives\\\/#primaryimage\"},\"thumbnailUrl\":\"https:\\\/\\\/mudia.be\\\/wp-content\\\/uploads\\\/2026\\\/03\\\/MUDIA-AD-11-3-1024x1024.png\",\"datePublished\":\"2022-10-27T15:16:19+00:00\",\"dateModified\":\"2026-03-31T14:09:09+00:00\",\"description\":\"D\u00e9couvrez l'art autrement gr\u00e2ce aux animations ludiques pour enfants . Visite guid\u00e9e au mus\u00e9e Mudia . mus\u00e9e d'art incontournable \u00e0 Redu, en Belgique.\",\"breadcrumb\":{\"@id\":\"https:\\\/\\\/mudia.be\\\/mudia-musee-d-art-contemporain-ludique-en-belgique-exposition-attractions-interactives\\\/#breadcrumb\"},\"inLanguage\":\"en-GB\",\"potentialAction\":[{\"@type\":\"ReadAction\",\"target\":[\"https:\\\/\\\/mudia.be\\\/mudia-musee-d-art-contemporain-ludique-en-belgique-exposition-attractions-interactives\\\/\"]}]},{\"@type\":\"ImageObject\",\"inLanguage\":\"en-GB\",\"@id\":\"https:\\\/\\\/mudia.be\\\/mudia-musee-d-art-contemporain-ludique-en-belgique-exposition-attractions-interactives\\\/#primaryimage\",\"url\":\"https:\\\/\\\/mudia.be\\\/wp-content\\\/uploads\\\/2026\\\/03\\\/MUDIA-AD-11-3-1024x1024.png\",\"contentUrl\":\"https:\\\/\\\/mudia.be\\\/wp-content\\\/uploads\\\/2026\\\/03\\\/MUDIA-AD-11-3-1024x1024.png\"},{\"@type\":\"BreadcrumbList\",\"@id\":\"https:\\\/\\\/mudia.be\\\/mudia-musee-d-art-contemporain-ludique-en-belgique-exposition-attractions-interactives\\\/#breadcrumb\",\"itemListElement\":[{\"@type\":\"ListItem\",\"position\":1,\"name\":\"Accueil\",\"item\":\"https:\\\/\\\/mudia.be\\\/\"},{\"@type\":\"ListItem\",\"position\":2,\"name\":\"\u00c9v\u00e9nements\"}]},{\"@type\":\"WebSite\",\"@id\":\"https:\\\/\\\/mudia.be\\\/#website\",\"url\":\"https:\\\/\\\/mudia.be\\\/\",\"name\":\"Mudia\",\"description\":\"L&#039;art autrement\",\"potentialAction\":[{\"@type\":\"SearchAction\",\"target\":{\"@type\":\"EntryPoint\",\"urlTemplate\":\"https:\\\/\\\/mudia.be\\\/?s={search_term_string}\"},\"query-input\":{\"@type\":\"PropertyValueSpecification\",\"valueRequired\":true,\"valueName\":\"search_term_string\"}}],\"inLanguage\":\"en-GB\"}]}<\/script>\n<!-- \/ Yoast SEO plugin. -->","yoast_head_json":{"title":"Animations ludiques , visite guid\u00e9e au mus\u00e9e - Mudia \u00e0 Redu - Belgique","description":"D\u00e9couvrez l'art autrement gr\u00e2ce aux animations ludiques pour enfants . Visite guid\u00e9e au mus\u00e9e Mudia . mus\u00e9e d'art incontournable \u00e0 Redu, en Belgique.","robots":{"index":"index","follow":"follow","max-snippet":"max-snippet:-1","max-image-preview":"max-image-preview:large","max-video-preview":"max-video-preview:-1"},"canonical":"https:\/\/mudia.be\/en\/mudia-musee-d-art-contemporain-ludique-en-belgique-exposition-attractions-interactives\/","og_locale":"en_GB","og_type":"article","og_title":"Animations ludiques , visite guid\u00e9e au mus\u00e9e - Mudia \u00e0 Redu - Belgique","og_description":"D\u00e9couvrez l'art autrement gr\u00e2ce aux animations ludiques pour enfants . Visite guid\u00e9e au mus\u00e9e Mudia . mus\u00e9e d'art incontournable \u00e0 Redu, en Belgique.","og_url":"https:\/\/mudia.be\/en\/mudia-musee-d-art-contemporain-ludique-en-belgique-exposition-attractions-interactives\/","og_site_name":"Mudia","article_modified_time":"2026-03-31T14:09:09+00:00","og_image":[{"width":1080,"height":1080,"url":"https:\/\/mudia.be\/wp-content\/uploads\/2026\/03\/MUDIA-AD-11-3.png","type":"image\/png"}],"twitter_card":"summary_large_image","twitter_misc":{"Estimated reading time":"26 minutes"},"schema":{"@context":"https:\/\/schema.org","@graph":[{"@type":"WebPage","@id":"https:\/\/mudia.be\/mudia-musee-d-art-contemporain-ludique-en-belgique-exposition-attractions-interactives\/","url":"https:\/\/mudia.be\/mudia-musee-d-art-contemporain-ludique-en-belgique-exposition-attractions-interactives\/","name":"Animations ludiques , visite guid\u00e9e au mus\u00e9e - Mudia \u00e0 Redu - Belgique","isPartOf":{"@id":"https:\/\/mudia.be\/#website"},"primaryImageOfPage":{"@id":"https:\/\/mudia.be\/mudia-musee-d-art-contemporain-ludique-en-belgique-exposition-attractions-interactives\/#primaryimage"},"image":{"@id":"https:\/\/mudia.be\/mudia-musee-d-art-contemporain-ludique-en-belgique-exposition-attractions-interactives\/#primaryimage"},"thumbnailUrl":"https:\/\/mudia.be\/wp-content\/uploads\/2026\/03\/MUDIA-AD-11-3-1024x1024.png","datePublished":"2022-10-27T15:16:19+00:00","dateModified":"2026-03-31T14:09:09+00:00","description":"D\u00e9couvrez l'art autrement gr\u00e2ce aux animations ludiques pour enfants . Visite guid\u00e9e au mus\u00e9e Mudia . mus\u00e9e d'art incontournable \u00e0 Redu, en Belgique.","breadcrumb":{"@id":"https:\/\/mudia.be\/mudia-musee-d-art-contemporain-ludique-en-belgique-exposition-attractions-interactives\/#breadcrumb"},"inLanguage":"en-GB","potentialAction":[{"@type":"ReadAction","target":["https:\/\/mudia.be\/mudia-musee-d-art-contemporain-ludique-en-belgique-exposition-attractions-interactives\/"]}]},{"@type":"ImageObject","inLanguage":"en-GB","@id":"https:\/\/mudia.be\/mudia-musee-d-art-contemporain-ludique-en-belgique-exposition-attractions-interactives\/#primaryimage","url":"https:\/\/mudia.be\/wp-content\/uploads\/2026\/03\/MUDIA-AD-11-3-1024x1024.png","contentUrl":"https:\/\/mudia.be\/wp-content\/uploads\/2026\/03\/MUDIA-AD-11-3-1024x1024.png"},{"@type":"BreadcrumbList","@id":"https:\/\/mudia.be\/mudia-musee-d-art-contemporain-ludique-en-belgique-exposition-attractions-interactives\/#breadcrumb","itemListElement":[{"@type":"ListItem","position":1,"name":"Accueil","item":"https:\/\/mudia.be\/"},{"@type":"ListItem","position":2,"name":"\u00c9v\u00e9nements"}]},{"@type":"WebSite","@id":"https:\/\/mudia.be\/#website","url":"https:\/\/mudia.be\/","name":"Mudia","description":"L&#039;art autrement","potentialAction":[{"@type":"SearchAction","target":{"@type":"EntryPoint","urlTemplate":"https:\/\/mudia.be\/?s={search_term_string}"},"query-input":{"@type":"PropertyValueSpecification","valueRequired":true,"valueName":"search_term_string"}}],"inLanguage":"en-GB"}]}},"_links":{"self":[{"href":"https:\/\/mudia.be\/en\/wp-json\/wp\/v2\/pages\/6937","targetHints":{"allow":["GET"]}}],"collection":[{"href":"https:\/\/mudia.be\/en\/wp-json\/wp\/v2\/pages"}],"about":[{"href":"https:\/\/mudia.be\/en\/wp-json\/wp\/v2\/types\/page"}],"author":[{"embeddable":true,"href":"https:\/\/mudia.be\/en\/wp-json\/wp\/v2\/users\/3"}],"replies":[{"embeddable":true,"href":"https:\/\/mudia.be\/en\/wp-json\/wp\/v2\/comments?post=6937"}],"version-history":[{"count":468,"href":"https:\/\/mudia.be\/en\/wp-json\/wp\/v2\/pages\/6937\/revisions"}],"predecessor-version":[{"id":9014,"href":"https:\/\/mudia.be\/en\/wp-json\/wp\/v2\/pages\/6937\/revisions\/9014"}],"wp:attachment":[{"href":"https:\/\/mudia.be\/en\/wp-json\/wp\/v2\/media?parent=6937"}],"curies":[{"name":"wp","href":"https:\/\/api.w.org\/{rel}","templated":true}]}}